{"id":19,"date":"2015-10-05T02:45:21","date_gmt":"2015-10-05T05:45:21","guid":{"rendered":"http:\/\/localhost\/fifv\/?page_id=19"},"modified":"2016-11-16T19:11:38","modified_gmt":"2016-11-16T22:11:38","slug":"portafolios","status":"publish","type":"page","link":"https:\/\/fifv.cl\/2016\/portafolios\/","title":{"rendered":"Portafolios"},"content":{"rendered":"<p style=\"text-align: justify;\">Destacando el envio y agradecimiento de los visionados de portafolios FIFV 2016, los cuales tuvieron exitosa convocatoria, se eligieron\u00a028 seleccionados.<\/p>\n<p style=\"text-align: justify;\">Los encargados de la revisi\u00f3n de estos trabajos fueron\u00a0Ana Casas Broda (Espa\u00f1a), Dario Colleti (Italia), Jos\u00e9 Mar\u00eda D\u00edaz-Maroto (Espa\u00f1a), Gilles Favier (Francia), Eric Facon (Francia), Javier Godoy (Chile), Romina Resuche (Argentina), Itala Schmelz (Mexico),\u00a0Juan Valbuena, Nophoto (Espa\u00f1a),\u00a0Nicol\u00e1s Wormull (Fot\u00f3grafo y director FIFV Ediciones).<\/p>\n<p style=\"text-align: justify;\"><strong>Premio Portafolio 2016<\/strong><\/p>\n<p style=\"text-align: justify;\">El premio se entreg\u00f3 en el evento de cierre del FIFV2016 el s\u00e1bado 5 de noviembre.\u00a0Cristian Ochoa obtuvo la Menci\u00f3n de Honor y finalmente Xavier Mart\u00edn sali\u00f3 elegido ganador. \u201cDecid\u00ed postular porque conoc\u00eda el Festival y coincidi\u00f3 con un momento en que estaba m\u00e1s seguro de mi trabajo y pens\u00e9 que era una buena instancia para mostrarlo. Cuando supe que hab\u00eda quedado seleccionado, estaba muy emocionado. Fue una experiencia buen\u00edsima venir, las revisiones de portafolio estuvieron todas muy buenas, todas las cr\u00edticas fueron bienvenidas. Estoy en proceso de hacer un libro con este material y me sirvieron mucho las cr\u00edticas para modificar la maqueta. Mi trabajo est\u00e1 m\u00e1s s\u00f3lido tras esta semana. El festival me encanta porque tiene un esp\u00edritu medio rockero, Valpara\u00edso tambi\u00e9n\u201d, relat\u00f3 Xavier Martin.<\/p>\n<p style=\"text-align: justify;\">Este premio consiste en una beca de estudio de 3 semanas en el Centro Internacional de Fotograf\u00eda y Cine\/EFTI que tendr\u00e1 lugar en el mes de marzo 2017, adem\u00e1s de una \u00a0tutor\u00eda a cargo de un profesor de la escuela para la realizaci\u00f3n de un trabajo fotogr\u00e1fico en Madrid.<\/p>\n<p style=\"text-align: justify;\">A continuaci\u00f3n, los portafolios seleccionados:<\/p>\n","protected":false},"excerpt":{"rendered":"<p>Destacando el envio y agradecimiento de los visionados de portafolios FIFV 2016, los cuales tuvieron exitosa convocatoria, se eligieron\u00a028 seleccionados. Los encargados de la revisi\u00f3n de estos trabajos fueron\u00a0Ana Casas [&hellip;]<\/p>\n","protected":false},"author":2,"featured_media":0,"parent":0,"menu_order":6,"comment_status":"closed","ping_status":"closed","template":"page-fifv-portafolios.php","meta":{"footnotes":""},"class_list":["post-19","page","type-page","status-publish","hentry"],"_links":{"self":[{"href":"https:\/\/fifv.cl\/2016\/wp-json\/wp\/v2\/pages\/19","targetHints":{"allow":["GET"]}}],"collection":[{"href":"https:\/\/fifv.cl\/2016\/wp-json\/wp\/v2\/pages"}],"about":[{"href":"https:\/\/fifv.cl\/2016\/wp-json\/wp\/v2\/types\/page"}],"author":[{"embeddable":true,"href":"https:\/\/fifv.cl\/2016\/wp-json\/wp\/v2\/users\/2"}],"replies":[{"embeddable":true,"href":"https:\/\/fifv.cl\/2016\/wp-json\/wp\/v2\/comments?post=19"}],"version-history":[{"count":26,"href":"https:\/\/fifv.cl\/2016\/wp-json\/wp\/v2\/pages\/19\/revisions"}],"predecessor-version":[{"id":5242,"href":"https:\/\/fifv.cl\/2016\/wp-json\/wp\/v2\/pages\/19\/revisions\/5242"}],"wp:attachment":[{"href":"https:\/\/fifv.cl\/2016\/wp-json\/wp\/v2\/media?parent=19"}],"curies":[{"name":"wp","href":"https:\/\/api.w.org\/{rel}","templated":true}]}}