{"id":21,"date":"2015-10-05T02:45:41","date_gmt":"2015-10-05T05:45:41","guid":{"rendered":"http:\/\/localhost\/fifv\/?page_id=21"},"modified":"2016-11-05T19:34:28","modified_gmt":"2016-11-05T22:34:28","slug":"galerias","status":"publish","type":"page","link":"https:\/\/fifv.cl\/2016\/galerias\/","title":{"rendered":"Fotos"},"content":{"rendered":"<h3 style=\"text-align: center;\">S\u00e1bado 5\u00a0de Noviembre<\/h3>\n<figure id=\"attachment_5061\" aria-describedby=\"caption-attachment-5061\" style=\"width: 2000px\" class=\"wp-caption alignnone\"><img loading=\"lazy\" decoding=\"async\" class=\"size-full wp-image-5061\" src=\"http:\/\/fifv.cl\/2016\/wp-content\/uploads\/2015\/10\/MG_7481.jpg\" alt=\"Se inaugura la exposici\u00f3n de los workshops y Brigadistas de la 7\u00aa edici\u00f3n del Festival Internacional de Fotograf\u00eda en Valpara\u00edso, FIFV 2016. \u00a9Daniel Villagran\" width=\"2000\" height=\"1334\" srcset=\"https:\/\/fifv.cl\/2016\/wp-content\/uploads\/2015\/10\/MG_7481.jpg 2000w, https:\/\/fifv.cl\/2016\/wp-content\/uploads\/2015\/10\/MG_7481-300x200.jpg 300w, https:\/\/fifv.cl\/2016\/wp-content\/uploads\/2015\/10\/MG_7481-768x512.jpg 768w, https:\/\/fifv.cl\/2016\/wp-content\/uploads\/2015\/10\/MG_7481-1024x683.jpg 1024w, https:\/\/fifv.cl\/2016\/wp-content\/uploads\/2015\/10\/MG_7481-750x500.jpg 750w\" sizes=\"auto, (max-width: 2000px) 100vw, 2000px\" \/><figcaption id=\"caption-attachment-5061\" class=\"wp-caption-text\">Se inaugura la exposici\u00f3n de los workshops y Brigadistas de la 7\u00aa edici\u00f3n del Festival Internacional de Fotograf\u00eda en Valpara\u00edso, FIFV 2016. \u00a9Daniel Villagran<\/figcaption><\/figure>\n<figure id=\"attachment_5062\" aria-describedby=\"caption-attachment-5062\" style=\"width: 2000px\" class=\"wp-caption alignnone\"><img loading=\"lazy\" decoding=\"async\" class=\"size-full wp-image-5062\" src=\"http:\/\/fifv.cl\/2016\/wp-content\/uploads\/2015\/10\/MG_7424.jpg\" alt=\"Se inaugura la exposici\u00f3n de los workshops y Brigadistas de la 7\u00aa edici\u00f3n del Festival Internacional de Fotograf\u00eda en Valpara\u00edso, FIFV 2016. \u00a9Daniel Villagran\" width=\"2000\" height=\"1334\" srcset=\"https:\/\/fifv.cl\/2016\/wp-content\/uploads\/2015\/10\/MG_7424.jpg 2000w, https:\/\/fifv.cl\/2016\/wp-content\/uploads\/2015\/10\/MG_7424-300x200.jpg 300w, https:\/\/fifv.cl\/2016\/wp-content\/uploads\/2015\/10\/MG_7424-768x512.jpg 768w, https:\/\/fifv.cl\/2016\/wp-content\/uploads\/2015\/10\/MG_7424-1024x683.jpg 1024w, https:\/\/fifv.cl\/2016\/wp-content\/uploads\/2015\/10\/MG_7424-750x500.jpg 750w\" sizes=\"auto, (max-width: 2000px) 100vw, 2000px\" \/><figcaption id=\"caption-attachment-5062\" class=\"wp-caption-text\">Se inaugura la exposici\u00f3n de los workshops y Brigadistas de la 7\u00aa edici\u00f3n del Festival Internacional de Fotograf\u00eda en Valpara\u00edso, FIFV 2016. \u00a9Daniel Villagran<\/figcaption><\/figure>\n<figure id=\"attachment_5063\" aria-describedby=\"caption-attachment-5063\" style=\"width: 1937px\" class=\"wp-caption alignnone\"><img loading=\"lazy\" decoding=\"async\" class=\"size-full wp-image-5063\" src=\"http:\/\/fifv.cl\/2016\/wp-content\/uploads\/2015\/10\/MG_7477.jpg\" alt=\"Se inaugura la exposici\u00f3n de los workshops y Brigadistas de la 7\u00aa edici\u00f3n del Festival Internacional de Fotograf\u00eda en Valpara\u00edso, FIFV 2016. \u00a9Daniel Villagran\" width=\"1937\" height=\"1292\" srcset=\"https:\/\/fifv.cl\/2016\/wp-content\/uploads\/2015\/10\/MG_7477.jpg 1937w, https:\/\/fifv.cl\/2016\/wp-content\/uploads\/2015\/10\/MG_7477-300x200.jpg 300w, https:\/\/fifv.cl\/2016\/wp-content\/uploads\/2015\/10\/MG_7477-768x512.jpg 768w, https:\/\/fifv.cl\/2016\/wp-content\/uploads\/2015\/10\/MG_7477-1024x683.jpg 1024w, https:\/\/fifv.cl\/2016\/wp-content\/uploads\/2015\/10\/MG_7477-750x500.jpg 750w\" sizes=\"auto, (max-width: 1937px) 100vw, 1937px\" \/><figcaption id=\"caption-attachment-5063\" class=\"wp-caption-text\">Se inaugura la exposici\u00f3n de los workshops y Brigadistas de la 7\u00aa edici\u00f3n del Festival Internacional de Fotograf\u00eda en Valpara\u00edso, FIFV 2016. \u00a9Daniel Villagran<\/figcaption><\/figure>\n<figure id=\"attachment_5057\" aria-describedby=\"caption-attachment-5057\" style=\"width: 2000px\" class=\"wp-caption alignnone\"><img loading=\"lazy\" decoding=\"async\" class=\"size-full wp-image-5057\" src=\"http:\/\/fifv.cl\/2016\/wp-content\/uploads\/2015\/10\/DSC_1947.jpg\" alt=\"Se inaugura la exposici\u00f3n de los workshops y Brigadistas de la 7\u00aa edici\u00f3n del Festival Internacional de Fotograf\u00eda en Valpara\u00edso, FIFV 2016. \u00a9Ignacio Lamas\" width=\"2000\" height=\"1335\" srcset=\"https:\/\/fifv.cl\/2016\/wp-content\/uploads\/2015\/10\/DSC_1947.jpg 2000w, https:\/\/fifv.cl\/2016\/wp-content\/uploads\/2015\/10\/DSC_1947-300x200.jpg 300w, https:\/\/fifv.cl\/2016\/wp-content\/uploads\/2015\/10\/DSC_1947-768x513.jpg 768w, https:\/\/fifv.cl\/2016\/wp-content\/uploads\/2015\/10\/DSC_1947-1024x684.jpg 1024w, https:\/\/fifv.cl\/2016\/wp-content\/uploads\/2015\/10\/DSC_1947-750x501.jpg 750w\" sizes=\"auto, (max-width: 2000px) 100vw, 2000px\" \/><figcaption id=\"caption-attachment-5057\" class=\"wp-caption-text\">Se inaugura la exposici\u00f3n de los workshops y Brigadistas de la 7\u00aa edici\u00f3n del Festival Internacional de Fotograf\u00eda en Valpara\u00edso, FIFV 2016. \u00a9Ignacio Lamas<\/figcaption><\/figure>\n<figure id=\"attachment_5058\" aria-describedby=\"caption-attachment-5058\" style=\"width: 2000px\" class=\"wp-caption alignnone\"><img loading=\"lazy\" decoding=\"async\" class=\"size-full wp-image-5058\" src=\"http:\/\/fifv.cl\/2016\/wp-content\/uploads\/2015\/10\/DSC_1901.jpg\" alt=\"(centro de izq. a der.) Rodrigo Gomez Rovira, Dario Coletti y Miguel A. Larrea participan de la inauguaci\u00f3n de la exposici\u00f3n de los workshops y Brigadistas en la 7\u00aa edici\u00f3n del Festival Internacional de Fotograf\u00eda en Valpara\u00edso, FIFV 2016. \u00a9Ignacio Lamas\" width=\"2000\" height=\"1335\" srcset=\"https:\/\/fifv.cl\/2016\/wp-content\/uploads\/2015\/10\/DSC_1901.jpg 2000w, https:\/\/fifv.cl\/2016\/wp-content\/uploads\/2015\/10\/DSC_1901-300x200.jpg 300w, https:\/\/fifv.cl\/2016\/wp-content\/uploads\/2015\/10\/DSC_1901-768x513.jpg 768w, https:\/\/fifv.cl\/2016\/wp-content\/uploads\/2015\/10\/DSC_1901-1024x684.jpg 1024w, https:\/\/fifv.cl\/2016\/wp-content\/uploads\/2015\/10\/DSC_1901-750x501.jpg 750w\" sizes=\"auto, (max-width: 2000px) 100vw, 2000px\" \/><figcaption id=\"caption-attachment-5058\" class=\"wp-caption-text\">(centro de izq. a der.) Rodrigo Gomez Rovira, Dario Coletti y Miguel A. Larrea participan de la inauguaci\u00f3n de la exposici\u00f3n de los workshops y Brigadistas en la 7\u00aa edici\u00f3n del Festival Internacional de Fotograf\u00eda en Valpara\u00edso, FIFV 2016. \u00a9Ignacio Lamas<\/figcaption><\/figure>\n<figure id=\"attachment_5059\" aria-describedby=\"caption-attachment-5059\" style=\"width: 2000px\" class=\"wp-caption alignnone\"><img loading=\"lazy\" decoding=\"async\" class=\"size-full wp-image-5059\" src=\"http:\/\/fifv.cl\/2016\/wp-content\/uploads\/2015\/10\/DSC_1904.jpg\" alt=\"Dario Coletti (C) participa de la inaugura la exposici\u00f3n de workshops y Brigadistas de la 7\u00aa edici\u00f3n del Festival Internacional de Fotograf\u00eda en Valpara\u00edso, FIFV 2016. \u00a9Ignacio Lamas\" width=\"2000\" height=\"1335\" srcset=\"https:\/\/fifv.cl\/2016\/wp-content\/uploads\/2015\/10\/DSC_1904.jpg 2000w, https:\/\/fifv.cl\/2016\/wp-content\/uploads\/2015\/10\/DSC_1904-300x200.jpg 300w, https:\/\/fifv.cl\/2016\/wp-content\/uploads\/2015\/10\/DSC_1904-768x513.jpg 768w, https:\/\/fifv.cl\/2016\/wp-content\/uploads\/2015\/10\/DSC_1904-1024x684.jpg 1024w, https:\/\/fifv.cl\/2016\/wp-content\/uploads\/2015\/10\/DSC_1904-750x501.jpg 750w\" sizes=\"auto, (max-width: 2000px) 100vw, 2000px\" \/><figcaption id=\"caption-attachment-5059\" class=\"wp-caption-text\">Dario Coletti (C) participa de la inaugura la exposici\u00f3n de workshops y Brigadistas de la 7\u00aa edici\u00f3n del Festival Internacional de Fotograf\u00eda en Valpara\u00edso, FIFV 2016. \u00a9Ignacio Lamas<\/figcaption><\/figure>\n<figure id=\"attachment_5060\" aria-describedby=\"caption-attachment-5060\" style=\"width: 2000px\" class=\"wp-caption alignnone\"><img loading=\"lazy\" decoding=\"async\" class=\"size-full wp-image-5060\" src=\"http:\/\/fifv.cl\/2016\/wp-content\/uploads\/2015\/10\/DSC_1919.jpg\" alt=\"Se inaugura la exposici\u00f3n de los workshops y Brigadistas de la 7\u00aa edici\u00f3n del Festival Internacional de Fotograf\u00eda en Valpara\u00edso, FIFV 2016. \u00a9Ignacio Lamas\" width=\"2000\" height=\"1335\" srcset=\"https:\/\/fifv.cl\/2016\/wp-content\/uploads\/2015\/10\/DSC_1919.jpg 2000w, https:\/\/fifv.cl\/2016\/wp-content\/uploads\/2015\/10\/DSC_1919-300x200.jpg 300w, https:\/\/fifv.cl\/2016\/wp-content\/uploads\/2015\/10\/DSC_1919-768x513.jpg 768w, https:\/\/fifv.cl\/2016\/wp-content\/uploads\/2015\/10\/DSC_1919-1024x684.jpg 1024w, https:\/\/fifv.cl\/2016\/wp-content\/uploads\/2015\/10\/DSC_1919-750x501.jpg 750w\" sizes=\"auto, (max-width: 2000px) 100vw, 2000px\" \/><figcaption id=\"caption-attachment-5060\" class=\"wp-caption-text\">Se inaugura la exposici\u00f3n de los workshops y Brigadistas de la 7\u00aa edici\u00f3n del Festival Internacional de Fotograf\u00eda en Valpara\u00edso, FIFV 2016. \u00a9Ignacio Lamas<\/figcaption><\/figure>\n<figure id=\"attachment_5042\" aria-describedby=\"caption-attachment-5042\" style=\"width: 2000px\" class=\"wp-caption alignnone\"><img loading=\"lazy\" decoding=\"async\" class=\"size-full wp-image-5042\" src=\"http:\/\/fifv.cl\/2016\/wp-content\/uploads\/2015\/10\/VRC0227.jpg\" alt=\"Se inaugura la exposici\u00f3n de los workshops y Brigadistas de la 7\u00aa edici\u00f3n del Festival Internacional de Fotograf\u00eda en Valpara\u00edso, FIFV 2016. \u00a9Victor Ruiz Caballero\" width=\"2000\" height=\"1331\" srcset=\"https:\/\/fifv.cl\/2016\/wp-content\/uploads\/2015\/10\/VRC0227.jpg 2000w, https:\/\/fifv.cl\/2016\/wp-content\/uploads\/2015\/10\/VRC0227-300x200.jpg 300w, https:\/\/fifv.cl\/2016\/wp-content\/uploads\/2015\/10\/VRC0227-768x511.jpg 768w, https:\/\/fifv.cl\/2016\/wp-content\/uploads\/2015\/10\/VRC0227-1024x681.jpg 1024w, https:\/\/fifv.cl\/2016\/wp-content\/uploads\/2015\/10\/VRC0227-750x499.jpg 750w\" sizes=\"auto, (max-width: 2000px) 100vw, 2000px\" \/><figcaption id=\"caption-attachment-5042\" class=\"wp-caption-text\">Se inaugura la exposici\u00f3n de los workshops y Brigadistas de la 7\u00aa edici\u00f3n del Festival Internacional de Fotograf\u00eda en Valpara\u00edso, FIFV 2016. \u00a9Victor Ruiz Caballero<\/figcaption><\/figure>\n<figure id=\"attachment_5043\" aria-describedby=\"caption-attachment-5043\" style=\"width: 2000px\" class=\"wp-caption alignnone\"><img loading=\"lazy\" decoding=\"async\" class=\"size-full wp-image-5043\" src=\"http:\/\/fifv.cl\/2016\/wp-content\/uploads\/2015\/10\/VRC0167.jpg\" alt=\"Se inaugura la exposici\u00f3n de los workshops y Brigadistas de la 7\u00aa edici\u00f3n del Festival Internacional de Fotograf\u00eda en Valpara\u00edso, FIFV 2016. \u00a9Victor Ruiz Caballero\" width=\"2000\" height=\"1331\" srcset=\"https:\/\/fifv.cl\/2016\/wp-content\/uploads\/2015\/10\/VRC0167.jpg 2000w, https:\/\/fifv.cl\/2016\/wp-content\/uploads\/2015\/10\/VRC0167-300x200.jpg 300w, https:\/\/fifv.cl\/2016\/wp-content\/uploads\/2015\/10\/VRC0167-768x511.jpg 768w, https:\/\/fifv.cl\/2016\/wp-content\/uploads\/2015\/10\/VRC0167-1024x681.jpg 1024w, https:\/\/fifv.cl\/2016\/wp-content\/uploads\/2015\/10\/VRC0167-750x499.jpg 750w\" sizes=\"auto, (max-width: 2000px) 100vw, 2000px\" \/><figcaption id=\"caption-attachment-5043\" class=\"wp-caption-text\">Se inaugura la exposici\u00f3n de los workshops y Brigadistas de la 7\u00aa edici\u00f3n del Festival Internacional de Fotograf\u00eda en Valpara\u00edso, FIFV 2016. \u00a9Victor Ruiz Caballero<\/figcaption><\/figure>\n<figure id=\"attachment_5044\" aria-describedby=\"caption-attachment-5044\" style=\"width: 2000px\" class=\"wp-caption alignnone\"><img loading=\"lazy\" decoding=\"async\" class=\"size-full wp-image-5044\" src=\"http:\/\/fifv.cl\/2016\/wp-content\/uploads\/2015\/10\/VRC0170.jpg\" alt=\"Se inaugura la exposici\u00f3n de los workshops y Brigadistas de la 7\u00aa edici\u00f3n del Festival Internacional de Fotograf\u00eda en Valpara\u00edso, FIFV 2016. \u00a9Victor Ruiz Caballero\" width=\"2000\" height=\"1331\" srcset=\"https:\/\/fifv.cl\/2016\/wp-content\/uploads\/2015\/10\/VRC0170.jpg 2000w, https:\/\/fifv.cl\/2016\/wp-content\/uploads\/2015\/10\/VRC0170-300x200.jpg 300w, https:\/\/fifv.cl\/2016\/wp-content\/uploads\/2015\/10\/VRC0170-768x511.jpg 768w, https:\/\/fifv.cl\/2016\/wp-content\/uploads\/2015\/10\/VRC0170-1024x681.jpg 1024w, https:\/\/fifv.cl\/2016\/wp-content\/uploads\/2015\/10\/VRC0170-750x499.jpg 750w\" sizes=\"auto, (max-width: 2000px) 100vw, 2000px\" \/><figcaption id=\"caption-attachment-5044\" class=\"wp-caption-text\">Se inaugura la exposici\u00f3n de los workshops y Brigadistas de la 7\u00aa edici\u00f3n del Festival Internacional de Fotograf\u00eda en Valpara\u00edso, FIFV 2016. \u00a9Victor Ruiz Caballero<\/figcaption><\/figure>\n<figure id=\"attachment_5045\" aria-describedby=\"caption-attachment-5045\" style=\"width: 2000px\" class=\"wp-caption alignnone\"><img loading=\"lazy\" decoding=\"async\" class=\"size-full wp-image-5045\" src=\"http:\/\/fifv.cl\/2016\/wp-content\/uploads\/2015\/10\/VRC0195.jpg\" alt=\"Se inaugura la exposici\u00f3n de los workshops y Brigadistas de la 7\u00aa edici\u00f3n del Festival Internacional de Fotograf\u00eda en Valpara\u00edso, FIFV 2016. \u00a9Victor Ruiz Caballero\" width=\"2000\" height=\"1331\" srcset=\"https:\/\/fifv.cl\/2016\/wp-content\/uploads\/2015\/10\/VRC0195.jpg 2000w, https:\/\/fifv.cl\/2016\/wp-content\/uploads\/2015\/10\/VRC0195-300x200.jpg 300w, https:\/\/fifv.cl\/2016\/wp-content\/uploads\/2015\/10\/VRC0195-768x511.jpg 768w, https:\/\/fifv.cl\/2016\/wp-content\/uploads\/2015\/10\/VRC0195-1024x681.jpg 1024w, https:\/\/fifv.cl\/2016\/wp-content\/uploads\/2015\/10\/VRC0195-750x499.jpg 750w\" sizes=\"auto, (max-width: 2000px) 100vw, 2000px\" \/><figcaption id=\"caption-attachment-5045\" class=\"wp-caption-text\">Se inaugura la exposici\u00f3n de los workshops y Brigadistas de la 7\u00aa edici\u00f3n del Festival Internacional de Fotograf\u00eda en Valpara\u00edso, FIFV 2016. \u00a9Victor Ruiz Caballero<\/figcaption><\/figure>\n<figure id=\"attachment_5046\" aria-describedby=\"caption-attachment-5046\" style=\"width: 2000px\" class=\"wp-caption alignnone\"><img loading=\"lazy\" decoding=\"async\" class=\"size-full wp-image-5046\" src=\"http:\/\/fifv.cl\/2016\/wp-content\/uploads\/2015\/10\/VRC0212.jpg\" alt=\"Se inaugura la exposici\u00f3n de los workshops y Brigadistas de la 7\u00aa edici\u00f3n del Festival Internacional de Fotograf\u00eda en Valpara\u00edso, FIFV 2016. \u00a9Victor Ruiz Caballero\" width=\"2000\" height=\"1331\" srcset=\"https:\/\/fifv.cl\/2016\/wp-content\/uploads\/2015\/10\/VRC0212.jpg 2000w, https:\/\/fifv.cl\/2016\/wp-content\/uploads\/2015\/10\/VRC0212-300x200.jpg 300w, https:\/\/fifv.cl\/2016\/wp-content\/uploads\/2015\/10\/VRC0212-768x511.jpg 768w, https:\/\/fifv.cl\/2016\/wp-content\/uploads\/2015\/10\/VRC0212-1024x681.jpg 1024w, https:\/\/fifv.cl\/2016\/wp-content\/uploads\/2015\/10\/VRC0212-750x499.jpg 750w\" sizes=\"auto, (max-width: 2000px) 100vw, 2000px\" \/><figcaption id=\"caption-attachment-5046\" class=\"wp-caption-text\">Se inaugura la exposici\u00f3n de los workshops y Brigadistas de la 7\u00aa edici\u00f3n del Festival Internacional de Fotograf\u00eda en Valpara\u00edso, FIFV 2016. \u00a9Victor Ruiz Caballero<\/figcaption><\/figure>\n<figure id=\"attachment_5047\" aria-describedby=\"caption-attachment-5047\" style=\"width: 2000px\" class=\"wp-caption alignnone\"><img loading=\"lazy\" decoding=\"async\" class=\"size-full wp-image-5047\" src=\"http:\/\/fifv.cl\/2016\/wp-content\/uploads\/2015\/10\/VRC0090.jpg\" alt=\"Se inaugura la exposici\u00f3n de los workshops y Brigadistas de la 7\u00aa edici\u00f3n del Festival Internacional de Fotograf\u00eda en Valpara\u00edso, FIFV 2016. \u00a9Victor Ruiz Caballero\" width=\"2000\" height=\"1331\" srcset=\"https:\/\/fifv.cl\/2016\/wp-content\/uploads\/2015\/10\/VRC0090.jpg 2000w, https:\/\/fifv.cl\/2016\/wp-content\/uploads\/2015\/10\/VRC0090-300x200.jpg 300w, https:\/\/fifv.cl\/2016\/wp-content\/uploads\/2015\/10\/VRC0090-768x511.jpg 768w, https:\/\/fifv.cl\/2016\/wp-content\/uploads\/2015\/10\/VRC0090-1024x681.jpg 1024w, https:\/\/fifv.cl\/2016\/wp-content\/uploads\/2015\/10\/VRC0090-750x499.jpg 750w\" sizes=\"auto, (max-width: 2000px) 100vw, 2000px\" \/><figcaption id=\"caption-attachment-5047\" class=\"wp-caption-text\">Se inaugura la exposici\u00f3n de los workshops y Brigadistas de la 7\u00aa edici\u00f3n del Festival Internacional de Fotograf\u00eda en Valpara\u00edso, FIFV 2016. \u00a9Victor Ruiz Caballero<\/figcaption><\/figure>\n<figure id=\"attachment_5048\" aria-describedby=\"caption-attachment-5048\" style=\"width: 1929px\" class=\"wp-caption alignnone\"><img loading=\"lazy\" decoding=\"async\" class=\"size-full wp-image-5048\" src=\"http:\/\/fifv.cl\/2016\/wp-content\/uploads\/2015\/10\/VRC0149.jpg\" alt=\"Se inaugura la exposici\u00f3n de los workshops y Brigadistas de la 7\u00aa edici\u00f3n del Festival Internacional de Fotograf\u00eda en Valpara\u00edso, FIFV 2016. \u00a9Victor Ruiz Caballero\" width=\"1929\" height=\"1284\" srcset=\"https:\/\/fifv.cl\/2016\/wp-content\/uploads\/2015\/10\/VRC0149.jpg 1929w, https:\/\/fifv.cl\/2016\/wp-content\/uploads\/2015\/10\/VRC0149-300x200.jpg 300w, https:\/\/fifv.cl\/2016\/wp-content\/uploads\/2015\/10\/VRC0149-768x511.jpg 768w, https:\/\/fifv.cl\/2016\/wp-content\/uploads\/2015\/10\/VRC0149-1024x682.jpg 1024w, https:\/\/fifv.cl\/2016\/wp-content\/uploads\/2015\/10\/VRC0149-750x499.jpg 750w\" sizes=\"auto, (max-width: 1929px) 100vw, 1929px\" \/><figcaption id=\"caption-attachment-5048\" class=\"wp-caption-text\">Se inaugura la exposici\u00f3n de los workshops y Brigadistas de la 7\u00aa edici\u00f3n del Festival Internacional de Fotograf\u00eda en Valpara\u00edso, FIFV 2016. \u00a9Victor Ruiz Caballero<\/figcaption><\/figure>\n<figure id=\"attachment_5049\" aria-describedby=\"caption-attachment-5049\" style=\"width: 1886px\" class=\"wp-caption alignnone\"><img loading=\"lazy\" decoding=\"async\" class=\"size-full wp-image-5049\" src=\"http:\/\/fifv.cl\/2016\/wp-content\/uploads\/2015\/10\/VRC0152.jpg\" alt=\"Se inaugura la exposici\u00f3n de los workshops y Brigadistas de la 7\u00aa edici\u00f3n del Festival Internacional de Fotograf\u00eda en Valpara\u00edso, FIFV 2016. \u00a9Victor Ruiz Caballero\" width=\"1886\" height=\"1255\" srcset=\"https:\/\/fifv.cl\/2016\/wp-content\/uploads\/2015\/10\/VRC0152.jpg 1886w, https:\/\/fifv.cl\/2016\/wp-content\/uploads\/2015\/10\/VRC0152-300x200.jpg 300w, https:\/\/fifv.cl\/2016\/wp-content\/uploads\/2015\/10\/VRC0152-768x511.jpg 768w, https:\/\/fifv.cl\/2016\/wp-content\/uploads\/2015\/10\/VRC0152-1024x681.jpg 1024w, https:\/\/fifv.cl\/2016\/wp-content\/uploads\/2015\/10\/VRC0152-750x499.jpg 750w\" sizes=\"auto, (max-width: 1886px) 100vw, 1886px\" \/><figcaption id=\"caption-attachment-5049\" class=\"wp-caption-text\">Se inaugura la exposici\u00f3n de los workshops y Brigadistas de la 7\u00aa edici\u00f3n del Festival Internacional de Fotograf\u00eda en Valpara\u00edso, FIFV 2016. \u00a9Victor Ruiz Caballero<\/figcaption><\/figure>\n<figure id=\"attachment_5050\" aria-describedby=\"caption-attachment-5050\" style=\"width: 2000px\" class=\"wp-caption alignnone\"><img loading=\"lazy\" decoding=\"async\" class=\"size-full wp-image-5050\" src=\"http:\/\/fifv.cl\/2016\/wp-content\/uploads\/2015\/10\/VRC0071.jpg\" alt=\"Se inaugura la exposici\u00f3n de los workshops y Brigadistas de la 7\u00aa edici\u00f3n del Festival Internacional de Fotograf\u00eda en Valpara\u00edso, FIFV 2016. \u00a9Victor Ruiz Caballero\" width=\"2000\" height=\"1331\" srcset=\"https:\/\/fifv.cl\/2016\/wp-content\/uploads\/2015\/10\/VRC0071.jpg 2000w, https:\/\/fifv.cl\/2016\/wp-content\/uploads\/2015\/10\/VRC0071-300x200.jpg 300w, https:\/\/fifv.cl\/2016\/wp-content\/uploads\/2015\/10\/VRC0071-768x511.jpg 768w, https:\/\/fifv.cl\/2016\/wp-content\/uploads\/2015\/10\/VRC0071-1024x681.jpg 1024w, https:\/\/fifv.cl\/2016\/wp-content\/uploads\/2015\/10\/VRC0071-750x499.jpg 750w\" sizes=\"auto, (max-width: 2000px) 100vw, 2000px\" \/><figcaption id=\"caption-attachment-5050\" class=\"wp-caption-text\">Se inaugura la exposici\u00f3n de los workshops y Brigadistas de la 7\u00aa edici\u00f3n del Festival Internacional de Fotograf\u00eda en Valpara\u00edso, FIFV 2016. \u00a9Victor Ruiz Caballero<\/figcaption><\/figure>\n<h3 style=\"text-align: center;\">Viernes 4\u00a0de Noviembre<\/h3>\n<figure id=\"attachment_5034\" aria-describedby=\"caption-attachment-5034\" style=\"width: 2000px\" class=\"wp-caption alignnone\"><img loading=\"lazy\" decoding=\"async\" class=\"size-full wp-image-5034\" src=\"http:\/\/fifv.cl\/2016\/wp-content\/uploads\/2015\/10\/DSC_1875.jpg\" alt=\"Di\u00e1logo con la fot\u00f3grafa Julia Toro en FIFV 2016. \u00a9Ignacio Lamas\" width=\"2000\" height=\"1335\" srcset=\"https:\/\/fifv.cl\/2016\/wp-content\/uploads\/2015\/10\/DSC_1875.jpg 2000w, https:\/\/fifv.cl\/2016\/wp-content\/uploads\/2015\/10\/DSC_1875-300x200.jpg 300w, https:\/\/fifv.cl\/2016\/wp-content\/uploads\/2015\/10\/DSC_1875-768x513.jpg 768w, https:\/\/fifv.cl\/2016\/wp-content\/uploads\/2015\/10\/DSC_1875-1024x684.jpg 1024w, https:\/\/fifv.cl\/2016\/wp-content\/uploads\/2015\/10\/DSC_1875-750x501.jpg 750w\" sizes=\"auto, (max-width: 2000px) 100vw, 2000px\" \/><figcaption id=\"caption-attachment-5034\" class=\"wp-caption-text\">Di\u00e1logo con la fot\u00f3grafa Julia Toro en FIFV 2016. \u00a9Ignacio Lamas<\/figcaption><\/figure>\n<figure id=\"attachment_5030\" aria-describedby=\"caption-attachment-5030\" style=\"width: 1863px\" class=\"wp-caption alignnone\"><img loading=\"lazy\" decoding=\"async\" class=\"wp-image-5030 size-full\" src=\"http:\/\/fifv.cl\/2016\/wp-content\/uploads\/2015\/10\/DSC_1867.jpg\" alt=\"dsc_1867\" width=\"1863\" height=\"1244\" srcset=\"https:\/\/fifv.cl\/2016\/wp-content\/uploads\/2015\/10\/DSC_1867.jpg 1863w, https:\/\/fifv.cl\/2016\/wp-content\/uploads\/2015\/10\/DSC_1867-300x200.jpg 300w, https:\/\/fifv.cl\/2016\/wp-content\/uploads\/2015\/10\/DSC_1867-768x513.jpg 768w, https:\/\/fifv.cl\/2016\/wp-content\/uploads\/2015\/10\/DSC_1867-1024x684.jpg 1024w, https:\/\/fifv.cl\/2016\/wp-content\/uploads\/2015\/10\/DSC_1867-750x501.jpg 750w\" sizes=\"auto, (max-width: 1863px) 100vw, 1863px\" \/><figcaption id=\"caption-attachment-5030\" class=\"wp-caption-text\">Di\u00e1logo con la fot\u00f3grafa Julia Toro en FIFV 2016. \u00a9Ignacio Lamas<\/figcaption><\/figure>\n<figure id=\"attachment_5031\" aria-describedby=\"caption-attachment-5031\" style=\"width: 2000px\" class=\"wp-caption alignnone\"><img loading=\"lazy\" decoding=\"async\" class=\"wp-image-5031 size-full\" src=\"http:\/\/fifv.cl\/2016\/wp-content\/uploads\/2015\/10\/DSC_1871.jpg\" alt=\"dsc_1871\" width=\"2000\" height=\"1335\" srcset=\"https:\/\/fifv.cl\/2016\/wp-content\/uploads\/2015\/10\/DSC_1871.jpg 2000w, https:\/\/fifv.cl\/2016\/wp-content\/uploads\/2015\/10\/DSC_1871-300x200.jpg 300w, https:\/\/fifv.cl\/2016\/wp-content\/uploads\/2015\/10\/DSC_1871-768x513.jpg 768w, https:\/\/fifv.cl\/2016\/wp-content\/uploads\/2015\/10\/DSC_1871-1024x684.jpg 1024w, https:\/\/fifv.cl\/2016\/wp-content\/uploads\/2015\/10\/DSC_1871-750x501.jpg 750w\" sizes=\"auto, (max-width: 2000px) 100vw, 2000px\" \/><figcaption id=\"caption-attachment-5031\" class=\"wp-caption-text\">Di\u00e1logo con la fot\u00f3grafa Julia Toro en FIFV 2016. \u00a9Ignacio Lamas<\/figcaption><\/figure>\n<figure id=\"attachment_5032\" aria-describedby=\"caption-attachment-5032\" style=\"width: 1945px\" class=\"wp-caption alignnone\"><img loading=\"lazy\" decoding=\"async\" class=\"wp-image-5032 size-full\" src=\"http:\/\/fifv.cl\/2016\/wp-content\/uploads\/2015\/10\/DSC_1857.jpg\" alt=\"dsc_1857\" width=\"1945\" height=\"1299\" srcset=\"https:\/\/fifv.cl\/2016\/wp-content\/uploads\/2015\/10\/DSC_1857.jpg 1945w, https:\/\/fifv.cl\/2016\/wp-content\/uploads\/2015\/10\/DSC_1857-300x200.jpg 300w, https:\/\/fifv.cl\/2016\/wp-content\/uploads\/2015\/10\/DSC_1857-768x513.jpg 768w, https:\/\/fifv.cl\/2016\/wp-content\/uploads\/2015\/10\/DSC_1857-1024x684.jpg 1024w, https:\/\/fifv.cl\/2016\/wp-content\/uploads\/2015\/10\/DSC_1857-750x501.jpg 750w\" sizes=\"auto, (max-width: 1945px) 100vw, 1945px\" \/><figcaption id=\"caption-attachment-5032\" class=\"wp-caption-text\">Di\u00e1logo con la fot\u00f3grafa Julia Toro en FIFV 2016. \u00a9Ignacio Lamas<\/figcaption><\/figure>\n<figure id=\"attachment_5025\" aria-describedby=\"caption-attachment-5025\" style=\"width: 2000px\" class=\"wp-caption alignnone\"><img loading=\"lazy\" decoding=\"async\" class=\"size-full wp-image-5025\" src=\"http:\/\/fifv.cl\/2016\/wp-content\/uploads\/2015\/10\/DSC_1790.jpg\" alt=\"Di\u00e1logo con Silvia Omedes, directora del DOCFIELD de Barcelona en FIFV 2016. \u00a9Ignacio Lamas\" width=\"2000\" height=\"1335\" srcset=\"https:\/\/fifv.cl\/2016\/wp-content\/uploads\/2015\/10\/DSC_1790.jpg 2000w, https:\/\/fifv.cl\/2016\/wp-content\/uploads\/2015\/10\/DSC_1790-300x200.jpg 300w, https:\/\/fifv.cl\/2016\/wp-content\/uploads\/2015\/10\/DSC_1790-768x513.jpg 768w, https:\/\/fifv.cl\/2016\/wp-content\/uploads\/2015\/10\/DSC_1790-1024x684.jpg 1024w, https:\/\/fifv.cl\/2016\/wp-content\/uploads\/2015\/10\/DSC_1790-750x501.jpg 750w\" sizes=\"auto, (max-width: 2000px) 100vw, 2000px\" \/><figcaption id=\"caption-attachment-5025\" class=\"wp-caption-text\">Di\u00e1logo con Silvia Omedes, directora del DOCFIELD de Barcelona en FIFV 2016. \u00a9Ignacio Lamas<\/figcaption><\/figure>\n<figure id=\"attachment_5026\" aria-describedby=\"caption-attachment-5026\" style=\"width: 2000px\" class=\"wp-caption alignnone\"><img loading=\"lazy\" decoding=\"async\" class=\"size-full wp-image-5026\" src=\"http:\/\/fifv.cl\/2016\/wp-content\/uploads\/2015\/10\/DSC_1781.jpg\" alt=\"Di\u00e1logo con Silvia Omedes, directora del DOCFIELD de Barcelona en FIFV 2016. \u00a9Ignacio Lamas\" width=\"2000\" height=\"1335\" srcset=\"https:\/\/fifv.cl\/2016\/wp-content\/uploads\/2015\/10\/DSC_1781.jpg 2000w, https:\/\/fifv.cl\/2016\/wp-content\/uploads\/2015\/10\/DSC_1781-300x200.jpg 300w, https:\/\/fifv.cl\/2016\/wp-content\/uploads\/2015\/10\/DSC_1781-768x513.jpg 768w, https:\/\/fifv.cl\/2016\/wp-content\/uploads\/2015\/10\/DSC_1781-1024x684.jpg 1024w, https:\/\/fifv.cl\/2016\/wp-content\/uploads\/2015\/10\/DSC_1781-750x501.jpg 750w\" sizes=\"auto, (max-width: 2000px) 100vw, 2000px\" \/><figcaption id=\"caption-attachment-5026\" class=\"wp-caption-text\">Di\u00e1logo con Silvia Omedes, directora del DOCFIELD de Barcelona en FIFV 2016. \u00a9Ignacio Lamas<\/figcaption><\/figure>\n<figure id=\"attachment_5027\" aria-describedby=\"caption-attachment-5027\" style=\"width: 2000px\" class=\"wp-caption alignnone\"><img loading=\"lazy\" decoding=\"async\" class=\"size-full wp-image-5027\" src=\"http:\/\/fifv.cl\/2016\/wp-content\/uploads\/2015\/10\/DSC_1830.jpg\" alt=\"Di\u00e1logo con Pepe Guzm\u00e1n en FIFV 2016. \u00a9Ignacio Lamas\" width=\"2000\" height=\"1335\" srcset=\"https:\/\/fifv.cl\/2016\/wp-content\/uploads\/2015\/10\/DSC_1830.jpg 2000w, https:\/\/fifv.cl\/2016\/wp-content\/uploads\/2015\/10\/DSC_1830-300x200.jpg 300w, https:\/\/fifv.cl\/2016\/wp-content\/uploads\/2015\/10\/DSC_1830-768x513.jpg 768w, https:\/\/fifv.cl\/2016\/wp-content\/uploads\/2015\/10\/DSC_1830-1024x684.jpg 1024w, https:\/\/fifv.cl\/2016\/wp-content\/uploads\/2015\/10\/DSC_1830-750x501.jpg 750w\" sizes=\"auto, (max-width: 2000px) 100vw, 2000px\" \/><figcaption id=\"caption-attachment-5027\" class=\"wp-caption-text\">Di\u00e1logo con Pepe Guzm\u00e1n en FIFV 2016. \u00a9Ignacio Lamas<\/figcaption><\/figure>\n<figure id=\"attachment_5028\" aria-describedby=\"caption-attachment-5028\" style=\"width: 2000px\" class=\"wp-caption alignnone\"><img loading=\"lazy\" decoding=\"async\" class=\"size-full wp-image-5028\" src=\"http:\/\/fifv.cl\/2016\/wp-content\/uploads\/2015\/10\/DSC_1819.jpg\" alt=\"Di\u00e1logo con Pepe Guzm\u00e1n en FIFV 2016. \u00a9Ignacio Lamas\" width=\"2000\" height=\"1335\" srcset=\"https:\/\/fifv.cl\/2016\/wp-content\/uploads\/2015\/10\/DSC_1819.jpg 2000w, https:\/\/fifv.cl\/2016\/wp-content\/uploads\/2015\/10\/DSC_1819-300x200.jpg 300w, https:\/\/fifv.cl\/2016\/wp-content\/uploads\/2015\/10\/DSC_1819-768x513.jpg 768w, https:\/\/fifv.cl\/2016\/wp-content\/uploads\/2015\/10\/DSC_1819-1024x684.jpg 1024w, https:\/\/fifv.cl\/2016\/wp-content\/uploads\/2015\/10\/DSC_1819-750x501.jpg 750w\" sizes=\"auto, (max-width: 2000px) 100vw, 2000px\" \/><figcaption id=\"caption-attachment-5028\" class=\"wp-caption-text\">Di\u00e1logo con Pepe Guzm\u00e1n en FIFV 2016. \u00a9Ignacio Lamas<\/figcaption><\/figure>\n<figure id=\"attachment_5013\" aria-describedby=\"caption-attachment-5013\" style=\"width: 1917px\" class=\"wp-caption alignnone\"><img loading=\"lazy\" decoding=\"async\" class=\"size-full wp-image-5013\" src=\"http:\/\/fifv.cl\/2016\/wp-content\/uploads\/2015\/10\/VRC9926.jpg\" alt=\"Trabajadores imprimen la Revista FIFV 2016. \u00a9Victor Ruiz Caballero\" width=\"1917\" height=\"1276\" srcset=\"https:\/\/fifv.cl\/2016\/wp-content\/uploads\/2015\/10\/VRC9926.jpg 1917w, https:\/\/fifv.cl\/2016\/wp-content\/uploads\/2015\/10\/VRC9926-300x200.jpg 300w, https:\/\/fifv.cl\/2016\/wp-content\/uploads\/2015\/10\/VRC9926-768x511.jpg 768w, https:\/\/fifv.cl\/2016\/wp-content\/uploads\/2015\/10\/VRC9926-1024x682.jpg 1024w, https:\/\/fifv.cl\/2016\/wp-content\/uploads\/2015\/10\/VRC9926-750x499.jpg 750w\" sizes=\"auto, (max-width: 1917px) 100vw, 1917px\" \/><figcaption id=\"caption-attachment-5013\" class=\"wp-caption-text\">Trabajadores imprimen la Revista FIFV 2016. \u00a9Victor Ruiz Caballero<\/figcaption><\/figure>\n<figure id=\"attachment_5014\" aria-describedby=\"caption-attachment-5014\" style=\"width: 2000px\" class=\"wp-caption alignnone\"><img loading=\"lazy\" decoding=\"async\" class=\"size-full wp-image-5014\" src=\"http:\/\/fifv.cl\/2016\/wp-content\/uploads\/2015\/10\/VRC9885.jpg\" alt=\"Trabajadores imprimen la Revista FIFV 2016. \u00a9Victor Ruiz Caballero\" width=\"2000\" height=\"1331\" srcset=\"https:\/\/fifv.cl\/2016\/wp-content\/uploads\/2015\/10\/VRC9885.jpg 2000w, https:\/\/fifv.cl\/2016\/wp-content\/uploads\/2015\/10\/VRC9885-300x200.jpg 300w, https:\/\/fifv.cl\/2016\/wp-content\/uploads\/2015\/10\/VRC9885-768x511.jpg 768w, https:\/\/fifv.cl\/2016\/wp-content\/uploads\/2015\/10\/VRC9885-1024x681.jpg 1024w, https:\/\/fifv.cl\/2016\/wp-content\/uploads\/2015\/10\/VRC9885-750x499.jpg 750w\" sizes=\"auto, (max-width: 2000px) 100vw, 2000px\" \/><figcaption id=\"caption-attachment-5014\" class=\"wp-caption-text\">Trabajadores imprimen la Revista FIFV 2016. \u00a9Victor Ruiz Caballero<\/figcaption><\/figure>\n<figure id=\"attachment_5016\" aria-describedby=\"caption-attachment-5016\" style=\"width: 2000px\" class=\"wp-caption alignnone\"><img loading=\"lazy\" decoding=\"async\" class=\"size-full wp-image-5016\" src=\"http:\/\/fifv.cl\/2016\/wp-content\/uploads\/2015\/10\/VRC9804.jpg\" alt=\"Trabajadores imprimen la Revista FIFV 2016. \u00a9Victor Ruiz Caballero\" width=\"2000\" height=\"1331\" srcset=\"https:\/\/fifv.cl\/2016\/wp-content\/uploads\/2015\/10\/VRC9804.jpg 2000w, https:\/\/fifv.cl\/2016\/wp-content\/uploads\/2015\/10\/VRC9804-300x200.jpg 300w, https:\/\/fifv.cl\/2016\/wp-content\/uploads\/2015\/10\/VRC9804-768x511.jpg 768w, https:\/\/fifv.cl\/2016\/wp-content\/uploads\/2015\/10\/VRC9804-1024x681.jpg 1024w, https:\/\/fifv.cl\/2016\/wp-content\/uploads\/2015\/10\/VRC9804-750x499.jpg 750w\" sizes=\"auto, (max-width: 2000px) 100vw, 2000px\" \/><figcaption id=\"caption-attachment-5016\" class=\"wp-caption-text\">Trabajadores imprimen la Revista FIFV 2016. \u00a9Victor Ruiz Caballero<\/figcaption><\/figure>\n<figure id=\"attachment_5009\" aria-describedby=\"caption-attachment-5009\" style=\"width: 1904px\" class=\"wp-caption alignnone\"><img loading=\"lazy\" decoding=\"async\" class=\"wp-image-5009 size-full\" src=\"http:\/\/fifv.cl\/2016\/wp-content\/uploads\/2015\/10\/VRC9991.jpg\" alt=\"_vrc9991\" width=\"1904\" height=\"1267\" srcset=\"https:\/\/fifv.cl\/2016\/wp-content\/uploads\/2015\/10\/VRC9991.jpg 1904w, https:\/\/fifv.cl\/2016\/wp-content\/uploads\/2015\/10\/VRC9991-300x200.jpg 300w, https:\/\/fifv.cl\/2016\/wp-content\/uploads\/2015\/10\/VRC9991-768x511.jpg 768w, https:\/\/fifv.cl\/2016\/wp-content\/uploads\/2015\/10\/VRC9991-1024x681.jpg 1024w, https:\/\/fifv.cl\/2016\/wp-content\/uploads\/2015\/10\/VRC9991-750x499.jpg 750w\" sizes=\"auto, (max-width: 1904px) 100vw, 1904px\" \/><figcaption id=\"caption-attachment-5009\" class=\"wp-caption-text\">Miembros del workshops supervisan \u00a0im\u00e1genes expuestas en Plaza Victoria, FIFV 2016. FIFV 2016. \u00a9V\u00edctor Ruiz Caballero<\/figcaption><\/figure>\n<figure id=\"attachment_5010\" aria-describedby=\"caption-attachment-5010\" style=\"width: 1909px\" class=\"wp-caption alignnone\"><img loading=\"lazy\" decoding=\"async\" class=\"wp-image-5010 size-full\" src=\"http:\/\/fifv.cl\/2016\/wp-content\/uploads\/2015\/10\/VRC9982.jpg\" alt=\"_vrc9982\" width=\"1909\" height=\"1271\" srcset=\"https:\/\/fifv.cl\/2016\/wp-content\/uploads\/2015\/10\/VRC9982.jpg 1909w, https:\/\/fifv.cl\/2016\/wp-content\/uploads\/2015\/10\/VRC9982-300x200.jpg 300w, https:\/\/fifv.cl\/2016\/wp-content\/uploads\/2015\/10\/VRC9982-768x511.jpg 768w, https:\/\/fifv.cl\/2016\/wp-content\/uploads\/2015\/10\/VRC9982-1024x682.jpg 1024w, https:\/\/fifv.cl\/2016\/wp-content\/uploads\/2015\/10\/VRC9982-750x499.jpg 750w\" sizes=\"auto, (max-width: 1909px) 100vw, 1909px\" \/><figcaption id=\"caption-attachment-5010\" class=\"wp-caption-text\">Exposici\u00f3n \u00a0de workshops y Brigadistas se inaugura ma\u00f1ana en Plaza Victoria, FIFV 2016. FIFV 2016. \u00a9V\u00edctor Ruiz Caballero<\/figcaption><\/figure>\n<figure id=\"attachment_5011\" aria-describedby=\"caption-attachment-5011\" style=\"width: 1879px\" class=\"wp-caption alignnone\"><img loading=\"lazy\" decoding=\"async\" class=\"wp-image-5011 size-full\" src=\"http:\/\/fifv.cl\/2016\/wp-content\/uploads\/2015\/10\/VRC0051.jpg\" alt=\"_vrc0051\" width=\"1879\" height=\"1250\" srcset=\"https:\/\/fifv.cl\/2016\/wp-content\/uploads\/2015\/10\/VRC0051.jpg 1879w, https:\/\/fifv.cl\/2016\/wp-content\/uploads\/2015\/10\/VRC0051-300x200.jpg 300w, https:\/\/fifv.cl\/2016\/wp-content\/uploads\/2015\/10\/VRC0051-768x511.jpg 768w, https:\/\/fifv.cl\/2016\/wp-content\/uploads\/2015\/10\/VRC0051-1024x681.jpg 1024w, https:\/\/fifv.cl\/2016\/wp-content\/uploads\/2015\/10\/VRC0051-750x499.jpg 750w\" sizes=\"auto, (max-width: 1879px) 100vw, 1879px\" \/><figcaption id=\"caption-attachment-5011\" class=\"wp-caption-text\">Miembros del workshops supervisan sus im\u00e1genes expuestas en Plaza Victoria, FIFV 2016. FIFV 2016. \u00a9<\/figcaption><\/figure>\n<figure id=\"attachment_5012\" aria-describedby=\"caption-attachment-5012\" style=\"width: 2000px\" class=\"wp-caption alignnone\"><img loading=\"lazy\" decoding=\"async\" class=\"wp-image-5012 size-full\" src=\"http:\/\/fifv.cl\/2016\/wp-content\/uploads\/2015\/10\/VRC0029.jpg\" alt=\"_vrc0029\" width=\"2000\" height=\"1331\" srcset=\"https:\/\/fifv.cl\/2016\/wp-content\/uploads\/2015\/10\/VRC0029.jpg 2000w, https:\/\/fifv.cl\/2016\/wp-content\/uploads\/2015\/10\/VRC0029-300x200.jpg 300w, https:\/\/fifv.cl\/2016\/wp-content\/uploads\/2015\/10\/VRC0029-768x511.jpg 768w, https:\/\/fifv.cl\/2016\/wp-content\/uploads\/2015\/10\/VRC0029-1024x681.jpg 1024w, https:\/\/fifv.cl\/2016\/wp-content\/uploads\/2015\/10\/VRC0029-750x499.jpg 750w\" sizes=\"auto, (max-width: 2000px) 100vw, 2000px\" \/><figcaption id=\"caption-attachment-5012\" class=\"wp-caption-text\">Exposici\u00f3n \u00a0de workshops y Brigadistas se inagura ma\u00f1ana en Plaza Victoria, FIFV 2016. FIFV 2016. \u00a9V\u00edctor Ruiz Caballero<\/figcaption><\/figure>\n<figure id=\"attachment_5006\" aria-describedby=\"caption-attachment-5006\" style=\"width: 2000px\" class=\"wp-caption alignnone\"><img loading=\"lazy\" decoding=\"async\" class=\"size-full wp-image-5006\" src=\"http:\/\/fifv.cl\/2016\/wp-content\/uploads\/2015\/10\/MG_7275.jpg\" alt=\"Miembros del workshops supervisan sus im\u00e1genes expuestas en Plaza Victoria, FIFV 2016. FIFV 2016. \u00a9Daniel Villagran\" width=\"2000\" height=\"1334\" srcset=\"https:\/\/fifv.cl\/2016\/wp-content\/uploads\/2015\/10\/MG_7275.jpg 2000w, https:\/\/fifv.cl\/2016\/wp-content\/uploads\/2015\/10\/MG_7275-300x200.jpg 300w, https:\/\/fifv.cl\/2016\/wp-content\/uploads\/2015\/10\/MG_7275-768x512.jpg 768w, https:\/\/fifv.cl\/2016\/wp-content\/uploads\/2015\/10\/MG_7275-1024x683.jpg 1024w, https:\/\/fifv.cl\/2016\/wp-content\/uploads\/2015\/10\/MG_7275-750x500.jpg 750w\" sizes=\"auto, (max-width: 2000px) 100vw, 2000px\" \/><figcaption id=\"caption-attachment-5006\" class=\"wp-caption-text\">Miembros del workshops supervisan sus im\u00e1genes expuestas en Plaza Victoria, FIFV 2016. FIFV 2016. \u00a9Daniel Villagran<\/figcaption><\/figure>\n<figure id=\"attachment_5007\" aria-describedby=\"caption-attachment-5007\" style=\"width: 2000px\" class=\"wp-caption alignnone\"><img loading=\"lazy\" decoding=\"async\" class=\"size-full wp-image-5007\" src=\"http:\/\/fifv.cl\/2016\/wp-content\/uploads\/2015\/10\/MG_7285.jpg\" alt=\"Miembros del workshops supervisan sus im\u00e1genes expuestas en Plaza Victoria, FIFV 2016. FIFV 2016. \u00a9Daniel Villagran\" width=\"2000\" height=\"1302\" srcset=\"https:\/\/fifv.cl\/2016\/wp-content\/uploads\/2015\/10\/MG_7285.jpg 2000w, https:\/\/fifv.cl\/2016\/wp-content\/uploads\/2015\/10\/MG_7285-300x195.jpg 300w, https:\/\/fifv.cl\/2016\/wp-content\/uploads\/2015\/10\/MG_7285-768x500.jpg 768w, https:\/\/fifv.cl\/2016\/wp-content\/uploads\/2015\/10\/MG_7285-1024x667.jpg 1024w, https:\/\/fifv.cl\/2016\/wp-content\/uploads\/2015\/10\/MG_7285-750x488.jpg 750w\" sizes=\"auto, (max-width: 2000px) 100vw, 2000px\" \/><figcaption id=\"caption-attachment-5007\" class=\"wp-caption-text\">Miembros del workshops supervisan sus im\u00e1genes expuestas en Plaza Victoria, FIFV 2016. FIFV 2016. \u00a9Daniel Villagran<\/figcaption><\/figure>\n<figure id=\"attachment_5002\" aria-describedby=\"caption-attachment-5002\" style=\"width: 2000px\" class=\"wp-caption alignnone\"><img loading=\"lazy\" decoding=\"async\" class=\"size-full wp-image-5002\" src=\"http:\/\/fifv.cl\/2016\/wp-content\/uploads\/2015\/10\/DSC_1657.jpg\" alt=\"Montaje de fotograf\u00edas de la exposici\u00f3n al aire libre de las Brigadas Fotogr\u00e1ficas en la Plaza Victoria, FIFV 2016. \u00a9Ignacio Lamas\" width=\"2000\" height=\"1335\" srcset=\"https:\/\/fifv.cl\/2016\/wp-content\/uploads\/2015\/10\/DSC_1657.jpg 2000w, https:\/\/fifv.cl\/2016\/wp-content\/uploads\/2015\/10\/DSC_1657-300x200.jpg 300w, https:\/\/fifv.cl\/2016\/wp-content\/uploads\/2015\/10\/DSC_1657-768x513.jpg 768w, https:\/\/fifv.cl\/2016\/wp-content\/uploads\/2015\/10\/DSC_1657-1024x684.jpg 1024w, https:\/\/fifv.cl\/2016\/wp-content\/uploads\/2015\/10\/DSC_1657-750x501.jpg 750w\" sizes=\"auto, (max-width: 2000px) 100vw, 2000px\" \/><figcaption id=\"caption-attachment-5002\" class=\"wp-caption-text\">Montaje de fotograf\u00edas de la exposici\u00f3n al aire libre de las Brigadas Fotogr\u00e1ficas en la Plaza Victoria, FIFV 2016. \u00a9Ignacio Lamas<\/figcaption><\/figure>\n<figure id=\"attachment_5003\" aria-describedby=\"caption-attachment-5003\" style=\"width: 2000px\" class=\"wp-caption alignnone\"><img loading=\"lazy\" decoding=\"async\" class=\"size-full wp-image-5003\" src=\"http:\/\/fifv.cl\/2016\/wp-content\/uploads\/2015\/10\/DSC_1631.jpg\" alt=\"Montaje de fotograf\u00edas de la exposici\u00f3n al aire libre de las Brigadas Fotogr\u00e1ficas en la Plaza Victoria, FIFV 2016. \u00a9Ignacio Lamas\" width=\"2000\" height=\"1335\" srcset=\"https:\/\/fifv.cl\/2016\/wp-content\/uploads\/2015\/10\/DSC_1631.jpg 2000w, https:\/\/fifv.cl\/2016\/wp-content\/uploads\/2015\/10\/DSC_1631-300x200.jpg 300w, https:\/\/fifv.cl\/2016\/wp-content\/uploads\/2015\/10\/DSC_1631-768x513.jpg 768w, https:\/\/fifv.cl\/2016\/wp-content\/uploads\/2015\/10\/DSC_1631-1024x684.jpg 1024w, https:\/\/fifv.cl\/2016\/wp-content\/uploads\/2015\/10\/DSC_1631-750x501.jpg 750w\" sizes=\"auto, (max-width: 2000px) 100vw, 2000px\" \/><figcaption id=\"caption-attachment-5003\" class=\"wp-caption-text\">Montaje de fotograf\u00edas de la exposici\u00f3n al aire libre de las Brigadas Fotogr\u00e1ficas en la Plaza Victoria, FIFV 2016. \u00a9Ignacio Lamas<\/figcaption><\/figure>\n<figure id=\"attachment_5004\" aria-describedby=\"caption-attachment-5004\" style=\"width: 2000px\" class=\"wp-caption alignnone\"><img loading=\"lazy\" decoding=\"async\" class=\"size-full wp-image-5004\" src=\"http:\/\/fifv.cl\/2016\/wp-content\/uploads\/2015\/10\/DSC_1650.jpg\" alt=\"Montaje de fotograf\u00edas de la exposici\u00f3n al aire libre de las Brigadas Fotogr\u00e1ficas en la Plaza Victoria, FIFV 2016. \u00a9Ignacio Lamas\" width=\"2000\" height=\"1335\" srcset=\"https:\/\/fifv.cl\/2016\/wp-content\/uploads\/2015\/10\/DSC_1650.jpg 2000w, https:\/\/fifv.cl\/2016\/wp-content\/uploads\/2015\/10\/DSC_1650-300x200.jpg 300w, https:\/\/fifv.cl\/2016\/wp-content\/uploads\/2015\/10\/DSC_1650-768x513.jpg 768w, https:\/\/fifv.cl\/2016\/wp-content\/uploads\/2015\/10\/DSC_1650-1024x684.jpg 1024w, https:\/\/fifv.cl\/2016\/wp-content\/uploads\/2015\/10\/DSC_1650-750x501.jpg 750w\" sizes=\"auto, (max-width: 2000px) 100vw, 2000px\" \/><figcaption id=\"caption-attachment-5004\" class=\"wp-caption-text\">Montaje de fotograf\u00edas de la exposici\u00f3n al aire libre de las Brigadas Fotogr\u00e1ficas en la Plaza Victoria, FIFV 2016. \u00a9Ignacio Lamas<\/figcaption><\/figure>\n<figure id=\"attachment_5000\" aria-describedby=\"caption-attachment-5000\" style=\"width: 2000px\" class=\"wp-caption alignnone\"><img loading=\"lazy\" decoding=\"async\" class=\"size-full wp-image-5000\" src=\"http:\/\/fifv.cl\/2016\/wp-content\/uploads\/2015\/10\/MG_7223.jpg\" alt=\"El fot\u00f3grafo espa\u00f1ol Juan Valbuena trabaja en edici\u00f3n en el workshops en FIFV 2016. \u00a9Daniel Villagran\" width=\"2000\" height=\"1334\" srcset=\"https:\/\/fifv.cl\/2016\/wp-content\/uploads\/2015\/10\/MG_7223.jpg 2000w, https:\/\/fifv.cl\/2016\/wp-content\/uploads\/2015\/10\/MG_7223-300x200.jpg 300w, https:\/\/fifv.cl\/2016\/wp-content\/uploads\/2015\/10\/MG_7223-768x512.jpg 768w, https:\/\/fifv.cl\/2016\/wp-content\/uploads\/2015\/10\/MG_7223-1024x683.jpg 1024w, https:\/\/fifv.cl\/2016\/wp-content\/uploads\/2015\/10\/MG_7223-750x500.jpg 750w\" sizes=\"auto, (max-width: 2000px) 100vw, 2000px\" \/><figcaption id=\"caption-attachment-5000\" class=\"wp-caption-text\">El fot\u00f3grafo espa\u00f1ol Juan Valbuena trabaja en edici\u00f3n en el workshops en FIFV 2016. \u00a9Daniel Villagran<\/figcaption><\/figure>\n<figure id=\"attachment_5001\" aria-describedby=\"caption-attachment-5001\" style=\"width: 2000px\" class=\"wp-caption alignnone\"><img loading=\"lazy\" decoding=\"async\" class=\"size-full wp-image-5001\" src=\"http:\/\/fifv.cl\/2016\/wp-content\/uploads\/2015\/10\/MG_7232.jpg\" alt=\"Detalles del workshops de Juan Valbuena, FIFV 2016. \u00a9Daniel Villagran\" width=\"2000\" height=\"1334\" srcset=\"https:\/\/fifv.cl\/2016\/wp-content\/uploads\/2015\/10\/MG_7232.jpg 2000w, https:\/\/fifv.cl\/2016\/wp-content\/uploads\/2015\/10\/MG_7232-300x200.jpg 300w, https:\/\/fifv.cl\/2016\/wp-content\/uploads\/2015\/10\/MG_7232-768x512.jpg 768w, https:\/\/fifv.cl\/2016\/wp-content\/uploads\/2015\/10\/MG_7232-1024x683.jpg 1024w, https:\/\/fifv.cl\/2016\/wp-content\/uploads\/2015\/10\/MG_7232-750x500.jpg 750w\" sizes=\"auto, (max-width: 2000px) 100vw, 2000px\" \/><figcaption id=\"caption-attachment-5001\" class=\"wp-caption-text\">Detalles del workshops de Juan Valbuena, FIFV 2016. \u00a9Daniel Villagran<\/figcaption><\/figure>\n<p><img loading=\"lazy\" decoding=\"async\" class=\"alignnone size-full wp-image-4998\" src=\"http:\/\/fifv.cl\/2016\/wp-content\/uploads\/2015\/10\/VRC9750.jpg\" alt=\"_vrc9750\" width=\"1855\" height=\"1234\" srcset=\"https:\/\/fifv.cl\/2016\/wp-content\/uploads\/2015\/10\/VRC9750.jpg 1855w, https:\/\/fifv.cl\/2016\/wp-content\/uploads\/2015\/10\/VRC9750-300x200.jpg 300w, https:\/\/fifv.cl\/2016\/wp-content\/uploads\/2015\/10\/VRC9750-768x511.jpg 768w, https:\/\/fifv.cl\/2016\/wp-content\/uploads\/2015\/10\/VRC9750-1024x681.jpg 1024w, https:\/\/fifv.cl\/2016\/wp-content\/uploads\/2015\/10\/VRC9750-750x499.jpg 750w\" sizes=\"auto, (max-width: 1855px) 100vw, 1855px\" \/><\/p>\n<p>El montajista Felipe Matus traslada los rollos de im\u00e1genes para ser expuestas en Plaza V\u00edctoria, FIFV 2016. \u00a9Victor Ruiz Caballero<\/p>\n<figure id=\"attachment_4999\" aria-describedby=\"caption-attachment-4999\" style=\"width: 1940px\" class=\"wp-caption alignnone\"><img loading=\"lazy\" decoding=\"async\" class=\"size-full wp-image-4999\" src=\"http:\/\/fifv.cl\/2016\/wp-content\/uploads\/2015\/10\/VRC9735.jpg\" alt=\"El montajista Felipe Matus lleva los rollos de im\u00e1genes para ser expuestas en Plaza V\u00edctoria, FIFV 2016. \u00a9Victor Ruiz Caballero\" width=\"1940\" height=\"1296\" srcset=\"https:\/\/fifv.cl\/2016\/wp-content\/uploads\/2015\/10\/VRC9735.jpg 1940w, https:\/\/fifv.cl\/2016\/wp-content\/uploads\/2015\/10\/VRC9735-300x200.jpg 300w, https:\/\/fifv.cl\/2016\/wp-content\/uploads\/2015\/10\/VRC9735-768x513.jpg 768w, https:\/\/fifv.cl\/2016\/wp-content\/uploads\/2015\/10\/VRC9735-1024x684.jpg 1024w, https:\/\/fifv.cl\/2016\/wp-content\/uploads\/2015\/10\/VRC9735-750x501.jpg 750w\" sizes=\"auto, (max-width: 1940px) 100vw, 1940px\" \/><figcaption id=\"caption-attachment-4999\" class=\"wp-caption-text\">El montajista Felipe Matus traslada los rollos de im\u00e1genes para ser expuestas en Plaza V\u00edctoria, FIFV 2016. \u00a9Victor Ruiz Caballero<\/figcaption><\/figure>\n<h3 style=\"text-align: center;\">Jueves 3 de Noviembre<\/h3>\n<figure id=\"attachment_4992\" aria-describedby=\"caption-attachment-4992\" style=\"width: 2000px\" class=\"wp-caption alignnone\"><img loading=\"lazy\" decoding=\"async\" class=\"wp-image-4992 size-full\" src=\"http:\/\/fifv.cl\/2016\/wp-content\/uploads\/2015\/10\/MG_7157.jpg\" alt=\"DJ Book de Eric Facon , FIFV 2016. \u00a9Daniel Villagran\" width=\"2000\" height=\"1334\" srcset=\"https:\/\/fifv.cl\/2016\/wp-content\/uploads\/2015\/10\/MG_7157.jpg 2000w, https:\/\/fifv.cl\/2016\/wp-content\/uploads\/2015\/10\/MG_7157-300x200.jpg 300w, https:\/\/fifv.cl\/2016\/wp-content\/uploads\/2015\/10\/MG_7157-768x512.jpg 768w, https:\/\/fifv.cl\/2016\/wp-content\/uploads\/2015\/10\/MG_7157-1024x683.jpg 1024w, https:\/\/fifv.cl\/2016\/wp-content\/uploads\/2015\/10\/MG_7157-750x500.jpg 750w\" sizes=\"auto, (max-width: 2000px) 100vw, 2000px\" \/><figcaption id=\"caption-attachment-4992\" class=\"wp-caption-text\">DJ Book de Eric Facon , FIFV 2016. \u00a9Daniel Villagran<\/figcaption><\/figure>\n<figure id=\"attachment_4991\" aria-describedby=\"caption-attachment-4991\" style=\"width: 2000px\" class=\"wp-caption alignnone\"><img loading=\"lazy\" decoding=\"async\" class=\"size-full wp-image-4991\" src=\"http:\/\/fifv.cl\/2016\/wp-content\/uploads\/2015\/10\/MG_7120.jpg\" alt=\"Encuentro v\u00eda skype con el fot\u00f3grafo Santiago Escobar-Jaramillo (Colombia), FIFV 2016. \u00a9Daniel Villagran\" width=\"2000\" height=\"1334\" srcset=\"https:\/\/fifv.cl\/2016\/wp-content\/uploads\/2015\/10\/MG_7120.jpg 2000w, https:\/\/fifv.cl\/2016\/wp-content\/uploads\/2015\/10\/MG_7120-300x200.jpg 300w, https:\/\/fifv.cl\/2016\/wp-content\/uploads\/2015\/10\/MG_7120-768x512.jpg 768w, https:\/\/fifv.cl\/2016\/wp-content\/uploads\/2015\/10\/MG_7120-1024x683.jpg 1024w, https:\/\/fifv.cl\/2016\/wp-content\/uploads\/2015\/10\/MG_7120-750x500.jpg 750w\" sizes=\"auto, (max-width: 2000px) 100vw, 2000px\" \/><figcaption id=\"caption-attachment-4991\" class=\"wp-caption-text\">Encuentro v\u00eda skype con el fot\u00f3grafo Santiago Escobar-Jaramillo (Colombia), FIFV 2016. \u00a9Daniel Villagran<\/figcaption><\/figure>\n<figure id=\"attachment_4987\" aria-describedby=\"caption-attachment-4987\" style=\"width: 2000px\" class=\"wp-caption alignnone\"><img loading=\"lazy\" decoding=\"async\" class=\"size-full wp-image-4987\" src=\"http:\/\/fifv.cl\/2016\/wp-content\/uploads\/2015\/10\/VRC9729.jpg\" alt=\"Ana Casas Broda(C) participa del lanzamiento del libro colectivo &quot;S\u00e8te 16&quot; de los fot\u00f3grafos Nicol\u00e1s Wormull, Paula Lopez, Cristobal Olivares y Tom\u00e1s Quiroga presentan , FIFV 2016. \u00a9Victor Ruiz Caballero\" width=\"2000\" height=\"1331\" srcset=\"https:\/\/fifv.cl\/2016\/wp-content\/uploads\/2015\/10\/VRC9729.jpg 2000w, https:\/\/fifv.cl\/2016\/wp-content\/uploads\/2015\/10\/VRC9729-300x200.jpg 300w, https:\/\/fifv.cl\/2016\/wp-content\/uploads\/2015\/10\/VRC9729-768x511.jpg 768w, https:\/\/fifv.cl\/2016\/wp-content\/uploads\/2015\/10\/VRC9729-1024x681.jpg 1024w, https:\/\/fifv.cl\/2016\/wp-content\/uploads\/2015\/10\/VRC9729-750x499.jpg 750w\" sizes=\"auto, (max-width: 2000px) 100vw, 2000px\" \/><figcaption id=\"caption-attachment-4987\" class=\"wp-caption-text\">Ana Casas Broda(C) participa del lanzamiento del libro colectivo \u00abS\u00e8te 16\u00bb de los fot\u00f3grafos Nicol\u00e1s Wormull, Paula Lopez, Cristobal Olivares y Tom\u00e1s Quiroga, FIFV 2016. \u00a9Victor Ruiz Caballero<\/figcaption><\/figure>\n<figure id=\"attachment_4988\" aria-describedby=\"caption-attachment-4988\" style=\"width: 2000px\" class=\"wp-caption alignnone\"><img loading=\"lazy\" decoding=\"async\" class=\"size-full wp-image-4988\" src=\"http:\/\/fifv.cl\/2016\/wp-content\/uploads\/2015\/10\/VRC9727.jpg\" alt=\"Los fot\u00f3grafos Nicol\u00e1s Wormull, Paula Lopez, Cristobal Olivares y Tom\u00e1s Quiroga presentan el libro colectivo &quot;S\u00e8te 16&quot;, FIFV 2016. \u00a9Victor Ruiz Caballero\" width=\"2000\" height=\"1331\" srcset=\"https:\/\/fifv.cl\/2016\/wp-content\/uploads\/2015\/10\/VRC9727.jpg 2000w, https:\/\/fifv.cl\/2016\/wp-content\/uploads\/2015\/10\/VRC9727-300x200.jpg 300w, https:\/\/fifv.cl\/2016\/wp-content\/uploads\/2015\/10\/VRC9727-768x511.jpg 768w, https:\/\/fifv.cl\/2016\/wp-content\/uploads\/2015\/10\/VRC9727-1024x681.jpg 1024w, https:\/\/fifv.cl\/2016\/wp-content\/uploads\/2015\/10\/VRC9727-750x499.jpg 750w\" sizes=\"auto, (max-width: 2000px) 100vw, 2000px\" \/><figcaption id=\"caption-attachment-4988\" class=\"wp-caption-text\">Los fot\u00f3grafos Nicol\u00e1s Wormull, Paula Lopez, Cristobal Olivares y Tom\u00e1s Quiroga presentan el libro colectivo \u00abS\u00e8te 16\u00bb, FIFV 2016. \u00a9Victor Ruiz Caballero<\/figcaption><\/figure>\n<figure id=\"attachment_4989\" aria-describedby=\"caption-attachment-4989\" style=\"width: 2000px\" class=\"wp-caption alignnone\"><img loading=\"lazy\" decoding=\"async\" class=\"size-full wp-image-4989\" src=\"http:\/\/fifv.cl\/2016\/wp-content\/uploads\/2015\/10\/VRC9720.jpg\" alt=\"Los fot\u00f3grafos Nicol\u00e1s Wormull, Paula Lopez, Cristobal Olivares y Tom\u00e1s Quiroga presentan el libro colectivo &quot;S\u00e8te 16&quot;, FIFV 2016. \u00a9Victor Ruiz Caballero\" width=\"2000\" height=\"1331\" srcset=\"https:\/\/fifv.cl\/2016\/wp-content\/uploads\/2015\/10\/VRC9720.jpg 2000w, https:\/\/fifv.cl\/2016\/wp-content\/uploads\/2015\/10\/VRC9720-300x200.jpg 300w, https:\/\/fifv.cl\/2016\/wp-content\/uploads\/2015\/10\/VRC9720-768x511.jpg 768w, https:\/\/fifv.cl\/2016\/wp-content\/uploads\/2015\/10\/VRC9720-1024x681.jpg 1024w, https:\/\/fifv.cl\/2016\/wp-content\/uploads\/2015\/10\/VRC9720-750x499.jpg 750w\" sizes=\"auto, (max-width: 2000px) 100vw, 2000px\" \/><figcaption id=\"caption-attachment-4989\" class=\"wp-caption-text\">Los fot\u00f3grafos Nicol\u00e1s Wormull, Paula Lopez, Cristobal Olivares y Tom\u00e1s Quiroga presentan el libro colectivo \u00abS\u00e8te 16\u00bb, FIFV 2016. \u00a9Victor Ruiz Caballero<\/figcaption><\/figure>\n<figure id=\"attachment_4959\" aria-describedby=\"caption-attachment-4959\" style=\"width: 2000px\" class=\"wp-caption alignnone\"><img loading=\"lazy\" decoding=\"async\" class=\"size-full wp-image-4959\" src=\"http:\/\/fifv.cl\/2016\/wp-content\/uploads\/2015\/10\/VRC9588.jpg\" alt=\"Paneles de madera son limpiados para la pr\u00f3xima exposici\u00f3n en Plaza V\u00edctoria, FIFV 2016. \u00a9Victor Ruiz Caballero\" width=\"2000\" height=\"1331\" srcset=\"https:\/\/fifv.cl\/2016\/wp-content\/uploads\/2015\/10\/VRC9588.jpg 2000w, https:\/\/fifv.cl\/2016\/wp-content\/uploads\/2015\/10\/VRC9588-300x200.jpg 300w, https:\/\/fifv.cl\/2016\/wp-content\/uploads\/2015\/10\/VRC9588-768x511.jpg 768w, https:\/\/fifv.cl\/2016\/wp-content\/uploads\/2015\/10\/VRC9588-1024x681.jpg 1024w, https:\/\/fifv.cl\/2016\/wp-content\/uploads\/2015\/10\/VRC9588-750x499.jpg 750w\" sizes=\"auto, (max-width: 2000px) 100vw, 2000px\" \/><figcaption id=\"caption-attachment-4959\" class=\"wp-caption-text\">Paneles de madera son limpiados para la pr\u00f3xima exposici\u00f3n en Plaza V\u00edctoria, FIFV 2016. \u00a9Victor Ruiz Caballero<\/figcaption><\/figure>\n<figure id=\"attachment_4960\" aria-describedby=\"caption-attachment-4960\" style=\"width: 1868px\" class=\"wp-caption alignnone\"><img loading=\"lazy\" decoding=\"async\" class=\"size-full wp-image-4960\" src=\"http:\/\/fifv.cl\/2016\/wp-content\/uploads\/2015\/10\/VRC9362.jpg\" alt=\"Paneles de madera son limpiados para la pr\u00f3xima exposici\u00f3n en Plaza V\u00edctoria, FIFV 2016. \u00a9Victor Ruiz Caballero\" width=\"1868\" height=\"1243\" srcset=\"https:\/\/fifv.cl\/2016\/wp-content\/uploads\/2015\/10\/VRC9362.jpg 1868w, https:\/\/fifv.cl\/2016\/wp-content\/uploads\/2015\/10\/VRC9362-300x200.jpg 300w, https:\/\/fifv.cl\/2016\/wp-content\/uploads\/2015\/10\/VRC9362-768x511.jpg 768w, https:\/\/fifv.cl\/2016\/wp-content\/uploads\/2015\/10\/VRC9362-1024x681.jpg 1024w, https:\/\/fifv.cl\/2016\/wp-content\/uploads\/2015\/10\/VRC9362-750x499.jpg 750w\" sizes=\"auto, (max-width: 1868px) 100vw, 1868px\" \/><figcaption id=\"caption-attachment-4960\" class=\"wp-caption-text\">Paneles de madera son puestos para la pr\u00f3xima exposici\u00f3n fotogr\u00e1fica en Plaza V\u00edctoria, FIFV 2016. \u00a9Victor Ruiz Caballero<\/figcaption><\/figure>\n<figure id=\"attachment_4961\" aria-describedby=\"caption-attachment-4961\" style=\"width: 1919px\" class=\"wp-caption alignnone\"><img loading=\"lazy\" decoding=\"async\" class=\"size-full wp-image-4961\" src=\"http:\/\/fifv.cl\/2016\/wp-content\/uploads\/2015\/10\/VRC9332.jpg\" alt=\"Paneles de madera son limpiados para la pr\u00f3xima exposici\u00f3n en Plaza V\u00edctoria, FIFV 2016. \u00a9Victor Ruiz Caballero\" width=\"1919\" height=\"1277\" srcset=\"https:\/\/fifv.cl\/2016\/wp-content\/uploads\/2015\/10\/VRC9332.jpg 1919w, https:\/\/fifv.cl\/2016\/wp-content\/uploads\/2015\/10\/VRC9332-300x200.jpg 300w, https:\/\/fifv.cl\/2016\/wp-content\/uploads\/2015\/10\/VRC9332-768x511.jpg 768w, https:\/\/fifv.cl\/2016\/wp-content\/uploads\/2015\/10\/VRC9332-1024x681.jpg 1024w, https:\/\/fifv.cl\/2016\/wp-content\/uploads\/2015\/10\/VRC9332-750x499.jpg 750w\" sizes=\"auto, (max-width: 1919px) 100vw, 1919px\" \/><figcaption id=\"caption-attachment-4961\" class=\"wp-caption-text\">Paneles de madera son limpiados para la pr\u00f3xima exposici\u00f3n fotogr\u00e1fica en Plaza V\u00edctoria, FIFV 2016. \u00a9Victor Ruiz Caballero<\/figcaption><\/figure>\n<figure id=\"attachment_4956\" aria-describedby=\"caption-attachment-4956\" style=\"width: 2000px\" class=\"wp-caption alignnone\"><img loading=\"lazy\" decoding=\"async\" class=\"size-full wp-image-4956\" src=\"http:\/\/fifv.cl\/2016\/wp-content\/uploads\/2015\/10\/VRC9327.jpg\" alt=\"Fot\u00f3grafos Trabajan en la impresi\u00f3n de sus im\u00e1genes, FIFV 2016. \u00a9Victor Ruiz Caballero\" width=\"2000\" height=\"1331\" srcset=\"https:\/\/fifv.cl\/2016\/wp-content\/uploads\/2015\/10\/VRC9327.jpg 2000w, https:\/\/fifv.cl\/2016\/wp-content\/uploads\/2015\/10\/VRC9327-300x200.jpg 300w, https:\/\/fifv.cl\/2016\/wp-content\/uploads\/2015\/10\/VRC9327-768x511.jpg 768w, https:\/\/fifv.cl\/2016\/wp-content\/uploads\/2015\/10\/VRC9327-1024x681.jpg 1024w, https:\/\/fifv.cl\/2016\/wp-content\/uploads\/2015\/10\/VRC9327-750x499.jpg 750w\" sizes=\"auto, (max-width: 2000px) 100vw, 2000px\" \/><figcaption id=\"caption-attachment-4956\" class=\"wp-caption-text\">Fot\u00f3grafos Trabajan en la impresi\u00f3n de sus im\u00e1genes, FIFV 2016. \u00a9Victor Ruiz Caballero<\/figcaption><\/figure>\n<figure id=\"attachment_4957\" aria-describedby=\"caption-attachment-4957\" style=\"width: 1898px\" class=\"wp-caption alignnone\"><img loading=\"lazy\" decoding=\"async\" class=\"size-full wp-image-4957\" src=\"http:\/\/fifv.cl\/2016\/wp-content\/uploads\/2015\/10\/VRC9293.jpg\" alt=\"Fot\u00f3grafos Trabajan en la impresi\u00f3n de sus im\u00e1genes, FIFV 2016. \u00a9Victor Ruiz Caballero\" width=\"1898\" height=\"1264\" srcset=\"https:\/\/fifv.cl\/2016\/wp-content\/uploads\/2015\/10\/VRC9293.jpg 1898w, https:\/\/fifv.cl\/2016\/wp-content\/uploads\/2015\/10\/VRC9293-300x200.jpg 300w, https:\/\/fifv.cl\/2016\/wp-content\/uploads\/2015\/10\/VRC9293-768x511.jpg 768w, https:\/\/fifv.cl\/2016\/wp-content\/uploads\/2015\/10\/VRC9293-1024x682.jpg 1024w, https:\/\/fifv.cl\/2016\/wp-content\/uploads\/2015\/10\/VRC9293-750x499.jpg 750w\" sizes=\"auto, (max-width: 1898px) 100vw, 1898px\" \/><figcaption id=\"caption-attachment-4957\" class=\"wp-caption-text\">Fot\u00f3grafos Trabajan en la impresi\u00f3n de sus im\u00e1genes, FIFV 2016. \u00a9Victor Ruiz Caballero<\/figcaption><\/figure>\n<figure id=\"attachment_4958\" aria-describedby=\"caption-attachment-4958\" style=\"width: 1774px\" class=\"wp-caption alignnone\"><img loading=\"lazy\" decoding=\"async\" class=\"size-full wp-image-4958\" src=\"http:\/\/fifv.cl\/2016\/wp-content\/uploads\/2015\/10\/VRC9271.jpg\" alt=\"Fot\u00f3grafos Trabajan en la impresi\u00f3n de sus im\u00e1genes, FIFV 2016. \u00a9Victor Ruiz Caballero\" width=\"1774\" height=\"1181\" srcset=\"https:\/\/fifv.cl\/2016\/wp-content\/uploads\/2015\/10\/VRC9271.jpg 1774w, https:\/\/fifv.cl\/2016\/wp-content\/uploads\/2015\/10\/VRC9271-300x200.jpg 300w, https:\/\/fifv.cl\/2016\/wp-content\/uploads\/2015\/10\/VRC9271-768x511.jpg 768w, https:\/\/fifv.cl\/2016\/wp-content\/uploads\/2015\/10\/VRC9271-1024x682.jpg 1024w, https:\/\/fifv.cl\/2016\/wp-content\/uploads\/2015\/10\/VRC9271-750x499.jpg 750w\" sizes=\"auto, (max-width: 1774px) 100vw, 1774px\" \/><figcaption id=\"caption-attachment-4958\" class=\"wp-caption-text\">Fot\u00f3grafos Trabajan en la impresi\u00f3n de sus im\u00e1genes, FIFV 2016. \u00a9Victor Ruiz Caballero<\/figcaption><\/figure>\n<figure id=\"attachment_4808\" aria-describedby=\"caption-attachment-4808\" style=\"width: 2000px\" class=\"wp-caption alignnone\"><img loading=\"lazy\" decoding=\"async\" class=\"size-full wp-image-4808\" src=\"http:\/\/fifv.cl\/2016\/wp-content\/uploads\/2015\/10\/Visitas-Guiadas001-1.jpg\" alt=\"Visitas guiadas en la exposici\u00f3n Valpara\u00edso, FIFV 2016. \u00a9Victor Ruiz Caballero\" width=\"2000\" height=\"1331\" srcset=\"https:\/\/fifv.cl\/2016\/wp-content\/uploads\/2015\/10\/Visitas-Guiadas001-1.jpg 2000w, https:\/\/fifv.cl\/2016\/wp-content\/uploads\/2015\/10\/Visitas-Guiadas001-1-300x200.jpg 300w, https:\/\/fifv.cl\/2016\/wp-content\/uploads\/2015\/10\/Visitas-Guiadas001-1-768x511.jpg 768w, https:\/\/fifv.cl\/2016\/wp-content\/uploads\/2015\/10\/Visitas-Guiadas001-1-1024x681.jpg 1024w, https:\/\/fifv.cl\/2016\/wp-content\/uploads\/2015\/10\/Visitas-Guiadas001-1-750x499.jpg 750w\" sizes=\"auto, (max-width: 2000px) 100vw, 2000px\" \/><figcaption id=\"caption-attachment-4808\" class=\"wp-caption-text\">Visitas guiadas en la exposici\u00f3n Valpara\u00edso, FIFV 2016. \u00a9Victor Ruiz Caballero<\/figcaption><\/figure>\n<figure id=\"attachment_4809\" aria-describedby=\"caption-attachment-4809\" style=\"width: 1971px\" class=\"wp-caption alignnone\"><img loading=\"lazy\" decoding=\"async\" class=\"size-full wp-image-4809\" src=\"http:\/\/fifv.cl\/2016\/wp-content\/uploads\/2015\/10\/Lectura001.jpg\" alt=\"Sala de lectura en la exposici\u00f3n Valpara\u00edso, FIFV 2016. \u00a9Victor Ruiz Caballero\" width=\"1971\" height=\"1149\" srcset=\"https:\/\/fifv.cl\/2016\/wp-content\/uploads\/2015\/10\/Lectura001.jpg 1971w, https:\/\/fifv.cl\/2016\/wp-content\/uploads\/2015\/10\/Lectura001-300x175.jpg 300w, https:\/\/fifv.cl\/2016\/wp-content\/uploads\/2015\/10\/Lectura001-768x448.jpg 768w, https:\/\/fifv.cl\/2016\/wp-content\/uploads\/2015\/10\/Lectura001-1024x597.jpg 1024w, https:\/\/fifv.cl\/2016\/wp-content\/uploads\/2015\/10\/Lectura001-750x437.jpg 750w\" sizes=\"auto, (max-width: 1971px) 100vw, 1971px\" \/><figcaption id=\"caption-attachment-4809\" class=\"wp-caption-text\">Sala de lectura en la exposici\u00f3n Valpara\u00edso, FIFV 2016. \u00a9Victor Ruiz Caballero<\/figcaption><\/figure>\n<figure id=\"attachment_4810\" aria-describedby=\"caption-attachment-4810\" style=\"width: 2000px\" class=\"wp-caption alignnone\"><img loading=\"lazy\" decoding=\"async\" class=\"size-full wp-image-4810\" src=\"http:\/\/fifv.cl\/2016\/wp-content\/uploads\/2015\/10\/Libreria001.jpg\" alt=\"Estudiantes visitan la librer\u00eda del FIFV 2016. \u00a9Victor Ruiz Caballero\" width=\"2000\" height=\"1331\" srcset=\"https:\/\/fifv.cl\/2016\/wp-content\/uploads\/2015\/10\/Libreria001.jpg 2000w, https:\/\/fifv.cl\/2016\/wp-content\/uploads\/2015\/10\/Libreria001-300x200.jpg 300w, https:\/\/fifv.cl\/2016\/wp-content\/uploads\/2015\/10\/Libreria001-768x511.jpg 768w, https:\/\/fifv.cl\/2016\/wp-content\/uploads\/2015\/10\/Libreria001-1024x681.jpg 1024w, https:\/\/fifv.cl\/2016\/wp-content\/uploads\/2015\/10\/Libreria001-750x499.jpg 750w\" sizes=\"auto, (max-width: 2000px) 100vw, 2000px\" \/><figcaption id=\"caption-attachment-4810\" class=\"wp-caption-text\">Estudiantes visitan la librer\u00eda del FIFV 2016. \u00a9Victor Ruiz Caballero<\/figcaption><\/figure>\n<figure id=\"attachment_4811\" aria-describedby=\"caption-attachment-4811\" style=\"width: 1956px\" class=\"wp-caption alignnone\"><img loading=\"lazy\" decoding=\"async\" class=\"size-full wp-image-4811\" src=\"http:\/\/fifv.cl\/2016\/wp-content\/uploads\/2015\/10\/Laboratorio001.jpg\" alt=\"Laboratorio Editorial en impresion de fotograf\u00edas FIFV 2016. \u00a9Victor Ruiz Caballero\" width=\"1956\" height=\"1302\" srcset=\"https:\/\/fifv.cl\/2016\/wp-content\/uploads\/2015\/10\/Laboratorio001.jpg 1956w, https:\/\/fifv.cl\/2016\/wp-content\/uploads\/2015\/10\/Laboratorio001-300x200.jpg 300w, https:\/\/fifv.cl\/2016\/wp-content\/uploads\/2015\/10\/Laboratorio001-768x511.jpg 768w, https:\/\/fifv.cl\/2016\/wp-content\/uploads\/2015\/10\/Laboratorio001-1024x682.jpg 1024w, https:\/\/fifv.cl\/2016\/wp-content\/uploads\/2015\/10\/Laboratorio001-750x499.jpg 750w\" sizes=\"auto, (max-width: 1956px) 100vw, 1956px\" \/><figcaption id=\"caption-attachment-4811\" class=\"wp-caption-text\">Laboratorio Editorial en impresion de fotograf\u00edas FIFV 2016. \u00a9Victor Ruiz Caballero<\/figcaption><\/figure>\n<figure id=\"attachment_4812\" aria-describedby=\"caption-attachment-4812\" style=\"width: 2000px\" class=\"wp-caption alignnone\"><img loading=\"lazy\" decoding=\"async\" class=\"size-full wp-image-4812\" src=\"http:\/\/fifv.cl\/2016\/wp-content\/uploads\/2015\/10\/Brigadistas001.jpg\" alt=\"Brigadistas trabajan en edici\u00f3n, FIFV 2016. \u00a9Victor Ruiz Caballero\" width=\"2000\" height=\"1331\" srcset=\"https:\/\/fifv.cl\/2016\/wp-content\/uploads\/2015\/10\/Brigadistas001.jpg 2000w, https:\/\/fifv.cl\/2016\/wp-content\/uploads\/2015\/10\/Brigadistas001-300x200.jpg 300w, https:\/\/fifv.cl\/2016\/wp-content\/uploads\/2015\/10\/Brigadistas001-768x511.jpg 768w, https:\/\/fifv.cl\/2016\/wp-content\/uploads\/2015\/10\/Brigadistas001-1024x681.jpg 1024w, https:\/\/fifv.cl\/2016\/wp-content\/uploads\/2015\/10\/Brigadistas001-750x499.jpg 750w\" sizes=\"auto, (max-width: 2000px) 100vw, 2000px\" \/><figcaption id=\"caption-attachment-4812\" class=\"wp-caption-text\">Brigadistas trabajan en edici\u00f3n, FIFV 2016. \u00a9Victor Ruiz Caballero<\/figcaption><\/figure>\n<figure id=\"attachment_4813\" aria-describedby=\"caption-attachment-4813\" style=\"width: 2000px\" class=\"wp-caption alignnone\"><img loading=\"lazy\" decoding=\"async\" class=\"size-full wp-image-4813\" src=\"http:\/\/fifv.cl\/2016\/wp-content\/uploads\/2015\/10\/Romina-Resuche001.jpg\" alt=\"Romina Resuche trabaja con los brigadistas, FIFV 2016. \u00a9Victor Ruiz Caballero\" width=\"2000\" height=\"1331\" srcset=\"https:\/\/fifv.cl\/2016\/wp-content\/uploads\/2015\/10\/Romina-Resuche001.jpg 2000w, https:\/\/fifv.cl\/2016\/wp-content\/uploads\/2015\/10\/Romina-Resuche001-300x200.jpg 300w, https:\/\/fifv.cl\/2016\/wp-content\/uploads\/2015\/10\/Romina-Resuche001-768x511.jpg 768w, https:\/\/fifv.cl\/2016\/wp-content\/uploads\/2015\/10\/Romina-Resuche001-1024x681.jpg 1024w, https:\/\/fifv.cl\/2016\/wp-content\/uploads\/2015\/10\/Romina-Resuche001-750x499.jpg 750w\" sizes=\"auto, (max-width: 2000px) 100vw, 2000px\" \/><figcaption id=\"caption-attachment-4813\" class=\"wp-caption-text\">Romina Resuche trabaja con los brigadistas,\u00a0FIFV 2016. \u00a9Victor Ruiz Caballero<\/figcaption><\/figure>\n<figure id=\"attachment_4814\" aria-describedby=\"caption-attachment-4814\" style=\"width: 1932px\" class=\"wp-caption alignnone\"><img loading=\"lazy\" decoding=\"async\" class=\"wp-image-4814 size-full\" src=\"http:\/\/fifv.cl\/2016\/wp-content\/uploads\/2015\/10\/EdicionesFIFV001.jpg\" alt=\"Estudiantes visitan exposici\u00f3n de Ediciones FIFV 2016. \u00a9Victor Ruiz Caballero\" width=\"1932\" height=\"1286\" srcset=\"https:\/\/fifv.cl\/2016\/wp-content\/uploads\/2015\/10\/EdicionesFIFV001.jpg 1932w, https:\/\/fifv.cl\/2016\/wp-content\/uploads\/2015\/10\/EdicionesFIFV001-300x200.jpg 300w, https:\/\/fifv.cl\/2016\/wp-content\/uploads\/2015\/10\/EdicionesFIFV001-768x511.jpg 768w, https:\/\/fifv.cl\/2016\/wp-content\/uploads\/2015\/10\/EdicionesFIFV001-1024x682.jpg 1024w, https:\/\/fifv.cl\/2016\/wp-content\/uploads\/2015\/10\/EdicionesFIFV001-750x499.jpg 750w\" sizes=\"auto, (max-width: 1932px) 100vw, 1932px\" \/><figcaption id=\"caption-attachment-4814\" class=\"wp-caption-text\">Estudiantes visitan exposici\u00f3n de Ediciones FIFV 2016. \u00a9Victor Ruiz Caballero<\/figcaption><\/figure>\n<h3 style=\"text-align: center;\">Mi\u00e9rcoles 2 de Noviembre<\/h3>\n<figure id=\"attachment_4804\" aria-describedby=\"caption-attachment-4804\" style=\"width: 2000px\" class=\"wp-caption alignnone\"><img loading=\"lazy\" decoding=\"async\" class=\"size-full wp-image-4804\" src=\"http:\/\/fifv.cl\/2016\/wp-content\/uploads\/2015\/10\/Dia\u0301logosFotogra\u0301ficosNOV2007.jpg\" alt=\"Dialogo con el pintor Jose Basso (D) y el publicista Lucas Urenda, FIFV 2016. \u00a9Daniel Villagran\" width=\"2000\" height=\"1333\" srcset=\"https:\/\/fifv.cl\/2016\/wp-content\/uploads\/2015\/10\/Dia\u0301logosFotogra\u0301ficosNOV2007.jpg 2000w, https:\/\/fifv.cl\/2016\/wp-content\/uploads\/2015\/10\/Dia\u0301logosFotogra\u0301ficosNOV2007-300x200.jpg 300w, https:\/\/fifv.cl\/2016\/wp-content\/uploads\/2015\/10\/Dia\u0301logosFotogra\u0301ficosNOV2007-768x512.jpg 768w, https:\/\/fifv.cl\/2016\/wp-content\/uploads\/2015\/10\/Dia\u0301logosFotogra\u0301ficosNOV2007-1024x682.jpg 1024w, https:\/\/fifv.cl\/2016\/wp-content\/uploads\/2015\/10\/Dia\u0301logosFotogra\u0301ficosNOV2007-750x500.jpg 750w\" sizes=\"auto, (max-width: 2000px) 100vw, 2000px\" \/><figcaption id=\"caption-attachment-4804\" class=\"wp-caption-text\">Dialogo con el pintor Jose Basso (D) y el publicista Lucas Urenda, FIFV 2016. \u00a9Daniel Villagran<\/figcaption><\/figure>\n<figure id=\"attachment_4798\" aria-describedby=\"caption-attachment-4798\" style=\"width: 2000px\" class=\"wp-caption alignnone\"><img loading=\"lazy\" decoding=\"async\" class=\"size-full wp-image-4798\" src=\"http:\/\/fifv.cl\/2016\/wp-content\/uploads\/2015\/10\/Dia\u0301logosFotogra\u0301ficosNOV2005.jpg\" alt=\"P\u00fablico escucha los Di\u00e1logos con Circuito Espacios Dom\u00e9sticos, FIFV 2016. \u00a9Victor Ruiz Caballero\" width=\"2000\" height=\"1331\" srcset=\"https:\/\/fifv.cl\/2016\/wp-content\/uploads\/2015\/10\/Dia\u0301logosFotogra\u0301ficosNOV2005.jpg 2000w, https:\/\/fifv.cl\/2016\/wp-content\/uploads\/2015\/10\/Dia\u0301logosFotogra\u0301ficosNOV2005-300x200.jpg 300w, https:\/\/fifv.cl\/2016\/wp-content\/uploads\/2015\/10\/Dia\u0301logosFotogra\u0301ficosNOV2005-768x511.jpg 768w, https:\/\/fifv.cl\/2016\/wp-content\/uploads\/2015\/10\/Dia\u0301logosFotogra\u0301ficosNOV2005-1024x681.jpg 1024w, https:\/\/fifv.cl\/2016\/wp-content\/uploads\/2015\/10\/Dia\u0301logosFotogra\u0301ficosNOV2005-750x499.jpg 750w\" sizes=\"auto, (max-width: 2000px) 100vw, 2000px\" \/><figcaption id=\"caption-attachment-4798\" class=\"wp-caption-text\">P\u00fablico escucha los Di\u00e1logos con Circuito Espacios Dom\u00e9sticos, FIFV 2016. \u00a9Victor Ruiz Caballero<\/figcaption><\/figure>\n<figure id=\"attachment_4799\" aria-describedby=\"caption-attachment-4799\" style=\"width: 1937px\" class=\"wp-caption alignnone\"><img loading=\"lazy\" decoding=\"async\" class=\"size-full wp-image-4799\" src=\"http:\/\/fifv.cl\/2016\/wp-content\/uploads\/2015\/10\/Dia\u0301logosFotogra\u0301ficosNOV2006.jpg\" alt=\"Di\u00e1logos Fotogr\u00e1ficos con Romina Resuche, FIFV 2016. \u00a9Victor Ruiz Caballero\" width=\"1937\" height=\"1289\" srcset=\"https:\/\/fifv.cl\/2016\/wp-content\/uploads\/2015\/10\/Dia\u0301logosFotogra\u0301ficosNOV2006.jpg 1937w, https:\/\/fifv.cl\/2016\/wp-content\/uploads\/2015\/10\/Dia\u0301logosFotogra\u0301ficosNOV2006-300x200.jpg 300w, https:\/\/fifv.cl\/2016\/wp-content\/uploads\/2015\/10\/Dia\u0301logosFotogra\u0301ficosNOV2006-768x511.jpg 768w, https:\/\/fifv.cl\/2016\/wp-content\/uploads\/2015\/10\/Dia\u0301logosFotogra\u0301ficosNOV2006-1024x681.jpg 1024w, https:\/\/fifv.cl\/2016\/wp-content\/uploads\/2015\/10\/Dia\u0301logosFotogra\u0301ficosNOV2006-750x499.jpg 750w\" sizes=\"auto, (max-width: 1937px) 100vw, 1937px\" \/><figcaption id=\"caption-attachment-4799\" class=\"wp-caption-text\">Di\u00e1logos Fotogr\u00e1ficos con Romina Resuche, FIFV 2016. \u00a9Victor Ruiz Caballero<\/figcaption><\/figure>\n<figure id=\"attachment_4795\" aria-describedby=\"caption-attachment-4795\" style=\"width: 1907px\" class=\"wp-caption alignnone\"><img loading=\"lazy\" decoding=\"async\" class=\"size-full wp-image-4795\" src=\"http:\/\/fifv.cl\/2016\/wp-content\/uploads\/2015\/10\/Dia\u0301logosFotogra\u0301ficosNOV2004.jpg\" alt=\"Di\u00e1logo con Circuito Espacios Dom\u00e9sticos , FIFV 2016. \u00a9Daniel Villagran\" width=\"1907\" height=\"1271\" srcset=\"https:\/\/fifv.cl\/2016\/wp-content\/uploads\/2015\/10\/Dia\u0301logosFotogra\u0301ficosNOV2004.jpg 1907w, https:\/\/fifv.cl\/2016\/wp-content\/uploads\/2015\/10\/Dia\u0301logosFotogra\u0301ficosNOV2004-300x200.jpg 300w, https:\/\/fifv.cl\/2016\/wp-content\/uploads\/2015\/10\/Dia\u0301logosFotogra\u0301ficosNOV2004-768x512.jpg 768w, https:\/\/fifv.cl\/2016\/wp-content\/uploads\/2015\/10\/Dia\u0301logosFotogra\u0301ficosNOV2004-1024x682.jpg 1024w, https:\/\/fifv.cl\/2016\/wp-content\/uploads\/2015\/10\/Dia\u0301logosFotogra\u0301ficosNOV2004-750x500.jpg 750w\" sizes=\"auto, (max-width: 1907px) 100vw, 1907px\" \/><figcaption id=\"caption-attachment-4795\" class=\"wp-caption-text\">Di\u00e1logo con el colectivo Circuito Espacios Dom\u00e9sticos , FIFV 2016. \u00a9Daniel Villagran<\/figcaption><\/figure>\n<figure id=\"attachment_4796\" aria-describedby=\"caption-attachment-4796\" style=\"width: 2000px\" class=\"wp-caption alignnone\"><img loading=\"lazy\" decoding=\"async\" class=\"size-full wp-image-4796\" src=\"http:\/\/fifv.cl\/2016\/wp-content\/uploads\/2015\/10\/Dia\u0301logosFotogra\u0301ficosNOV2003.jpg\" alt=\"P\u00fablico escucha los Di\u00e1logos con Circuito Espacios Dom\u00e9sticos, FIFV 2016. \u00a9Victor Ruiz Caballero\" width=\"2000\" height=\"1331\" srcset=\"https:\/\/fifv.cl\/2016\/wp-content\/uploads\/2015\/10\/Dia\u0301logosFotogra\u0301ficosNOV2003.jpg 2000w, https:\/\/fifv.cl\/2016\/wp-content\/uploads\/2015\/10\/Dia\u0301logosFotogra\u0301ficosNOV2003-300x200.jpg 300w, https:\/\/fifv.cl\/2016\/wp-content\/uploads\/2015\/10\/Dia\u0301logosFotogra\u0301ficosNOV2003-768x511.jpg 768w, https:\/\/fifv.cl\/2016\/wp-content\/uploads\/2015\/10\/Dia\u0301logosFotogra\u0301ficosNOV2003-1024x681.jpg 1024w, https:\/\/fifv.cl\/2016\/wp-content\/uploads\/2015\/10\/Dia\u0301logosFotogra\u0301ficosNOV2003-750x499.jpg 750w\" sizes=\"auto, (max-width: 2000px) 100vw, 2000px\" \/><figcaption id=\"caption-attachment-4796\" class=\"wp-caption-text\">P\u00fablico escucha los Di\u00e1logos del colectivo Circuito Espacios Dom\u00e9sticos, FIFV 2016. \u00a9Victor Ruiz Caballero<\/figcaption><\/figure>\n<figure id=\"attachment_4788\" aria-describedby=\"caption-attachment-4788\" style=\"width: 1947px\" class=\"wp-caption alignnone\"><img loading=\"lazy\" decoding=\"async\" class=\"size-full wp-image-4788\" src=\"http:\/\/fifv.cl\/2016\/wp-content\/uploads\/2015\/10\/Lab.Digital001.jpg\" alt=\"Brigadistas trabajan en la impresi\u00f3n de sus im\u00e1genes, FIFV 2016. \u00a9Victor Ruiz Caballero\" width=\"1947\" height=\"1296\" srcset=\"https:\/\/fifv.cl\/2016\/wp-content\/uploads\/2015\/10\/Lab.Digital001.jpg 1947w, https:\/\/fifv.cl\/2016\/wp-content\/uploads\/2015\/10\/Lab.Digital001-300x200.jpg 300w, https:\/\/fifv.cl\/2016\/wp-content\/uploads\/2015\/10\/Lab.Digital001-768x511.jpg 768w, https:\/\/fifv.cl\/2016\/wp-content\/uploads\/2015\/10\/Lab.Digital001-1024x682.jpg 1024w, https:\/\/fifv.cl\/2016\/wp-content\/uploads\/2015\/10\/Lab.Digital001-750x499.jpg 750w\" sizes=\"auto, (max-width: 1947px) 100vw, 1947px\" \/><figcaption id=\"caption-attachment-4788\" class=\"wp-caption-text\">Brigadistas trabajan en la impresi\u00f3n de sus im\u00e1genes, FIFV 2016. \u00a9Victor Ruiz Caballero<\/figcaption><\/figure>\n<figure id=\"attachment_4786\" aria-describedby=\"caption-attachment-4786\" style=\"width: 2000px\" class=\"wp-caption alignnone\"><img loading=\"lazy\" decoding=\"async\" class=\"size-full wp-image-4786\" src=\"http:\/\/fifv.cl\/2016\/wp-content\/uploads\/2015\/10\/Dia\u0301logosFotogra\u0301ficosNOV2002.jpg\" alt=\"Di\u00e1logo con fot\u00f3grafos y gestores culturales de regiones, FIFV 2016. \u00a9Victor Ruiz Caballero\" width=\"2000\" height=\"1331\" srcset=\"https:\/\/fifv.cl\/2016\/wp-content\/uploads\/2015\/10\/Dia\u0301logosFotogra\u0301ficosNOV2002.jpg 2000w, https:\/\/fifv.cl\/2016\/wp-content\/uploads\/2015\/10\/Dia\u0301logosFotogra\u0301ficosNOV2002-300x200.jpg 300w, https:\/\/fifv.cl\/2016\/wp-content\/uploads\/2015\/10\/Dia\u0301logosFotogra\u0301ficosNOV2002-768x511.jpg 768w, https:\/\/fifv.cl\/2016\/wp-content\/uploads\/2015\/10\/Dia\u0301logosFotogra\u0301ficosNOV2002-1024x681.jpg 1024w, https:\/\/fifv.cl\/2016\/wp-content\/uploads\/2015\/10\/Dia\u0301logosFotogra\u0301ficosNOV2002-750x499.jpg 750w\" sizes=\"auto, (max-width: 2000px) 100vw, 2000px\" \/><figcaption id=\"caption-attachment-4786\" class=\"wp-caption-text\">Di\u00e1logo con fot\u00f3grafos y gestores culturales de regiones, FIFV 2016. \u00a9Victor Ruiz Caballero<\/figcaption><\/figure>\n<figure id=\"attachment_4763\" aria-describedby=\"caption-attachment-4763\" style=\"width: 2000px\" class=\"wp-caption alignnone\"><img loading=\"lazy\" decoding=\"async\" class=\"size-full wp-image-4763\" src=\"http:\/\/fifv.cl\/2016\/wp-content\/uploads\/2015\/10\/BrigadistasNov2-009.jpg\" alt=\"Brigadas fotograficas recorriedo los entornos de Valpara\u00edso, FIFV 2016. \u00a9Daniel Villagran\" width=\"2000\" height=\"1334\" srcset=\"https:\/\/fifv.cl\/2016\/wp-content\/uploads\/2015\/10\/BrigadistasNov2-009.jpg 2000w, https:\/\/fifv.cl\/2016\/wp-content\/uploads\/2015\/10\/BrigadistasNov2-009-300x200.jpg 300w, https:\/\/fifv.cl\/2016\/wp-content\/uploads\/2015\/10\/BrigadistasNov2-009-768x512.jpg 768w, https:\/\/fifv.cl\/2016\/wp-content\/uploads\/2015\/10\/BrigadistasNov2-009-1024x683.jpg 1024w, https:\/\/fifv.cl\/2016\/wp-content\/uploads\/2015\/10\/BrigadistasNov2-009-750x500.jpg 750w\" sizes=\"auto, (max-width: 2000px) 100vw, 2000px\" \/><figcaption id=\"caption-attachment-4763\" class=\"wp-caption-text\">Brigadas fotograficas recorriedo los entornos de Valpara\u00edso, FIFV 2016. \u00a9Daniel Villagran<\/figcaption><\/figure>\n<figure id=\"attachment_4764\" aria-describedby=\"caption-attachment-4764\" style=\"width: 2000px\" class=\"wp-caption alignnone\"><img loading=\"lazy\" decoding=\"async\" class=\"size-full wp-image-4764\" src=\"http:\/\/fifv.cl\/2016\/wp-content\/uploads\/2015\/10\/BrigadistasNov2-007.jpg\" alt=\"Brigadas fotograficas recorriedo los entornos de Valpara\u00edso, FIFV 2016. \u00a9Daniel Villagran\" width=\"2000\" height=\"1333\" srcset=\"https:\/\/fifv.cl\/2016\/wp-content\/uploads\/2015\/10\/BrigadistasNov2-007.jpg 2000w, https:\/\/fifv.cl\/2016\/wp-content\/uploads\/2015\/10\/BrigadistasNov2-007-300x200.jpg 300w, https:\/\/fifv.cl\/2016\/wp-content\/uploads\/2015\/10\/BrigadistasNov2-007-768x512.jpg 768w, https:\/\/fifv.cl\/2016\/wp-content\/uploads\/2015\/10\/BrigadistasNov2-007-1024x682.jpg 1024w, https:\/\/fifv.cl\/2016\/wp-content\/uploads\/2015\/10\/BrigadistasNov2-007-750x500.jpg 750w\" sizes=\"auto, (max-width: 2000px) 100vw, 2000px\" \/><figcaption id=\"caption-attachment-4764\" class=\"wp-caption-text\">Brigadas fotograficas recorriedo los entornos de Valpara\u00edso, FIFV 2016. \u00a9Daniel Villagran<\/figcaption><\/figure>\n<figure id=\"attachment_4765\" aria-describedby=\"caption-attachment-4765\" style=\"width: 2000px\" class=\"wp-caption alignnone\"><img loading=\"lazy\" decoding=\"async\" class=\"size-full wp-image-4765\" src=\"http:\/\/fifv.cl\/2016\/wp-content\/uploads\/2015\/10\/BrigadistasNov2-008.jpg\" alt=\"Brigadas fotograficas recorriedo los entornos de Valpara\u00edso, FIFV 2016. \u00a9Daniel Villagran\" width=\"2000\" height=\"1333\" srcset=\"https:\/\/fifv.cl\/2016\/wp-content\/uploads\/2015\/10\/BrigadistasNov2-008.jpg 2000w, https:\/\/fifv.cl\/2016\/wp-content\/uploads\/2015\/10\/BrigadistasNov2-008-300x200.jpg 300w, https:\/\/fifv.cl\/2016\/wp-content\/uploads\/2015\/10\/BrigadistasNov2-008-768x512.jpg 768w, https:\/\/fifv.cl\/2016\/wp-content\/uploads\/2015\/10\/BrigadistasNov2-008-1024x682.jpg 1024w, https:\/\/fifv.cl\/2016\/wp-content\/uploads\/2015\/10\/BrigadistasNov2-008-750x500.jpg 750w\" sizes=\"auto, (max-width: 2000px) 100vw, 2000px\" \/><figcaption id=\"caption-attachment-4765\" class=\"wp-caption-text\">Brigadas fotograficas recorriedo los entornos de Valpara\u00edso, FIFV 2016. \u00a9Daniel Villagran<\/figcaption><\/figure>\n<figure id=\"attachment_4758\" aria-describedby=\"caption-attachment-4758\" style=\"width: 1809px\" class=\"wp-caption alignnone\"><img loading=\"lazy\" decoding=\"async\" class=\"wp-image-4758 size-full\" src=\"http:\/\/fifv.cl\/2016\/wp-content\/uploads\/2015\/10\/BrigadistasNov2-002.jpg\" alt=\"brigadistasnov2-002\" width=\"1809\" height=\"1204\" srcset=\"https:\/\/fifv.cl\/2016\/wp-content\/uploads\/2015\/10\/BrigadistasNov2-002.jpg 1809w, https:\/\/fifv.cl\/2016\/wp-content\/uploads\/2015\/10\/BrigadistasNov2-002-300x200.jpg 300w, https:\/\/fifv.cl\/2016\/wp-content\/uploads\/2015\/10\/BrigadistasNov2-002-768x511.jpg 768w, https:\/\/fifv.cl\/2016\/wp-content\/uploads\/2015\/10\/BrigadistasNov2-002-1024x682.jpg 1024w, https:\/\/fifv.cl\/2016\/wp-content\/uploads\/2015\/10\/BrigadistasNov2-002-750x499.jpg 750w\" sizes=\"auto, (max-width: 1809px) 100vw, 1809px\" \/><figcaption id=\"caption-attachment-4758\" class=\"wp-caption-text\">Brigadistas trabajan en edici\u00f3n fotogr\u00e1fica junto a Romina Resuche en FIFV 2016. \u00a9Victor Ruiz Caballero.<\/figcaption><\/figure>\n<figure id=\"attachment_4759\" aria-describedby=\"caption-attachment-4759\" style=\"width: 2000px\" class=\"wp-caption alignnone\"><img loading=\"lazy\" decoding=\"async\" class=\"wp-image-4759 size-full\" src=\"http:\/\/fifv.cl\/2016\/wp-content\/uploads\/2015\/10\/BrigadistasNov2-001.jpg\" alt=\"brigadistasnov2-001\" width=\"2000\" height=\"1331\" srcset=\"https:\/\/fifv.cl\/2016\/wp-content\/uploads\/2015\/10\/BrigadistasNov2-001.jpg 2000w, https:\/\/fifv.cl\/2016\/wp-content\/uploads\/2015\/10\/BrigadistasNov2-001-300x200.jpg 300w, https:\/\/fifv.cl\/2016\/wp-content\/uploads\/2015\/10\/BrigadistasNov2-001-768x511.jpg 768w, https:\/\/fifv.cl\/2016\/wp-content\/uploads\/2015\/10\/BrigadistasNov2-001-1024x681.jpg 1024w, https:\/\/fifv.cl\/2016\/wp-content\/uploads\/2015\/10\/BrigadistasNov2-001-750x499.jpg 750w\" sizes=\"auto, (max-width: 2000px) 100vw, 2000px\" \/><figcaption id=\"caption-attachment-4759\" class=\"wp-caption-text\">Brigadistas trabajan en edici\u00f3n fotogr\u00e1fica junto a Romina Resuche en FIFV 2016. \u00a9Victor Ruiz Caballero<\/figcaption><\/figure>\n<figure id=\"attachment_4754\" aria-describedby=\"caption-attachment-4754\" style=\"width: 2000px\" class=\"wp-caption alignnone\"><img loading=\"lazy\" decoding=\"async\" class=\"size-full wp-image-4754\" src=\"http:\/\/fifv.cl\/2016\/wp-content\/uploads\/2015\/10\/DSC_1173.jpg\" alt=\"Visitas guiadas en la exposici\u00f3n, Valpara\u00edso FIFV 2016. \u00a9Ignacio Lamas\" width=\"2000\" height=\"1335\" srcset=\"https:\/\/fifv.cl\/2016\/wp-content\/uploads\/2015\/10\/DSC_1173.jpg 2000w, https:\/\/fifv.cl\/2016\/wp-content\/uploads\/2015\/10\/DSC_1173-300x200.jpg 300w, https:\/\/fifv.cl\/2016\/wp-content\/uploads\/2015\/10\/DSC_1173-768x513.jpg 768w, https:\/\/fifv.cl\/2016\/wp-content\/uploads\/2015\/10\/DSC_1173-1024x684.jpg 1024w, https:\/\/fifv.cl\/2016\/wp-content\/uploads\/2015\/10\/DSC_1173-750x501.jpg 750w\" sizes=\"auto, (max-width: 2000px) 100vw, 2000px\" \/><figcaption id=\"caption-attachment-4754\" class=\"wp-caption-text\">Visitas guiadas en la exposici\u00f3n, Valpara\u00edso FIFV 2016. \u00a9Ignacio Lamas<\/figcaption><\/figure>\n<figure id=\"attachment_4755\" aria-describedby=\"caption-attachment-4755\" style=\"width: 2000px\" class=\"wp-caption alignnone\"><img loading=\"lazy\" decoding=\"async\" class=\"size-full wp-image-4755\" src=\"http:\/\/fifv.cl\/2016\/wp-content\/uploads\/2015\/10\/DSC_1233.jpg\" alt=\"Visitas guiadas en la exposici\u00f3n, Valpara\u00edso FIFV 2016. \u00a9Ignacio Lamas\" width=\"2000\" height=\"1335\" srcset=\"https:\/\/fifv.cl\/2016\/wp-content\/uploads\/2015\/10\/DSC_1233.jpg 2000w, https:\/\/fifv.cl\/2016\/wp-content\/uploads\/2015\/10\/DSC_1233-300x200.jpg 300w, https:\/\/fifv.cl\/2016\/wp-content\/uploads\/2015\/10\/DSC_1233-768x513.jpg 768w, https:\/\/fifv.cl\/2016\/wp-content\/uploads\/2015\/10\/DSC_1233-1024x684.jpg 1024w, https:\/\/fifv.cl\/2016\/wp-content\/uploads\/2015\/10\/DSC_1233-750x501.jpg 750w\" sizes=\"auto, (max-width: 2000px) 100vw, 2000px\" \/><figcaption id=\"caption-attachment-4755\" class=\"wp-caption-text\">Visitas guiadas en la exposici\u00f3n, Valpara\u00edso FIFV 2016. \u00a9Ignacio Lamas<\/figcaption><\/figure>\n<figure id=\"attachment_4756\" aria-describedby=\"caption-attachment-4756\" style=\"width: 2000px\" class=\"wp-caption alignnone\"><img loading=\"lazy\" decoding=\"async\" class=\"size-full wp-image-4756\" src=\"http:\/\/fifv.cl\/2016\/wp-content\/uploads\/2015\/10\/DSC_1252.jpg\" alt=\"Visitas guiadas en la exposici\u00f3n, Valpara\u00edso FIFV 2016. \u00a9Ignacio Lamas\" width=\"2000\" height=\"1335\" srcset=\"https:\/\/fifv.cl\/2016\/wp-content\/uploads\/2015\/10\/DSC_1252.jpg 2000w, https:\/\/fifv.cl\/2016\/wp-content\/uploads\/2015\/10\/DSC_1252-300x200.jpg 300w, https:\/\/fifv.cl\/2016\/wp-content\/uploads\/2015\/10\/DSC_1252-768x513.jpg 768w, https:\/\/fifv.cl\/2016\/wp-content\/uploads\/2015\/10\/DSC_1252-1024x684.jpg 1024w, https:\/\/fifv.cl\/2016\/wp-content\/uploads\/2015\/10\/DSC_1252-750x501.jpg 750w\" sizes=\"auto, (max-width: 2000px) 100vw, 2000px\" \/><figcaption id=\"caption-attachment-4756\" class=\"wp-caption-text\">Visitas guiadas en la exposici\u00f3n, Valpara\u00edso FIFV 2016. \u00a9Ignacio Lamas<\/figcaption><\/figure>\n<figure id=\"attachment_4753\" aria-describedby=\"caption-attachment-4753\" style=\"width: 1918px\" class=\"wp-caption alignnone\"><img loading=\"lazy\" decoding=\"async\" class=\"size-full wp-image-4753\" src=\"http:\/\/fifv.cl\/2016\/wp-content\/uploads\/2015\/10\/Visitas-Guiadas001.jpg\" alt=\"Visitas guiadas observan las fotograf\u00edas de la exposici\u00f3n Valpara\u00edso, FIFV 2016. \u00a9Victor Ruiz Caballero\" width=\"1918\" height=\"1276\" srcset=\"https:\/\/fifv.cl\/2016\/wp-content\/uploads\/2015\/10\/Visitas-Guiadas001.jpg 1918w, https:\/\/fifv.cl\/2016\/wp-content\/uploads\/2015\/10\/Visitas-Guiadas001-300x200.jpg 300w, https:\/\/fifv.cl\/2016\/wp-content\/uploads\/2015\/10\/Visitas-Guiadas001-768x511.jpg 768w, https:\/\/fifv.cl\/2016\/wp-content\/uploads\/2015\/10\/Visitas-Guiadas001-1024x681.jpg 1024w, https:\/\/fifv.cl\/2016\/wp-content\/uploads\/2015\/10\/Visitas-Guiadas001-750x499.jpg 750w\" sizes=\"auto, (max-width: 1918px) 100vw, 1918px\" \/><figcaption id=\"caption-attachment-4753\" class=\"wp-caption-text\">Visitas guiadas observan las fotograf\u00edas de la exposici\u00f3n Valpara\u00edso, FIFV 2016. \u00a9Victor Ruiz Caballero<\/figcaption><\/figure>\n<figure id=\"attachment_4749\" aria-describedby=\"caption-attachment-4749\" style=\"width: 2000px\" class=\"wp-caption alignnone\"><img loading=\"lazy\" decoding=\"async\" class=\"size-full wp-image-4749\" src=\"http:\/\/fifv.cl\/2016\/wp-content\/uploads\/2015\/10\/Libreri\u0301a003.jpg\" alt=\"Visitantes observan los libros de fotograf\u00eda en la librer\u00eda del FIFV 2016. \u00a9Victor Ruiz Caballero\" width=\"2000\" height=\"1331\" srcset=\"https:\/\/fifv.cl\/2016\/wp-content\/uploads\/2015\/10\/Libreri\u0301a003.jpg 2000w, https:\/\/fifv.cl\/2016\/wp-content\/uploads\/2015\/10\/Libreri\u0301a003-300x200.jpg 300w, https:\/\/fifv.cl\/2016\/wp-content\/uploads\/2015\/10\/Libreri\u0301a003-768x511.jpg 768w, https:\/\/fifv.cl\/2016\/wp-content\/uploads\/2015\/10\/Libreri\u0301a003-1024x681.jpg 1024w, https:\/\/fifv.cl\/2016\/wp-content\/uploads\/2015\/10\/Libreri\u0301a003-750x499.jpg 750w\" sizes=\"auto, (max-width: 2000px) 100vw, 2000px\" \/><figcaption id=\"caption-attachment-4749\" class=\"wp-caption-text\">La libreria del FIFV 2016 contiene mas de 100 t\u00edtulos de autores. \u00a9Victor Ruiz Caballero<\/figcaption><\/figure>\n<figure id=\"attachment_4750\" aria-describedby=\"caption-attachment-4750\" style=\"width: 2000px\" class=\"wp-caption alignnone\"><img loading=\"lazy\" decoding=\"async\" class=\"size-full wp-image-4750\" src=\"http:\/\/fifv.cl\/2016\/wp-content\/uploads\/2015\/10\/Libreri\u0301a002.jpg\" alt=\"Visitantes observan los libros de fotograf\u00eda en la librer\u00eda del FIFV 2016. \u00a9Victor Ruiz Caballero\" width=\"2000\" height=\"1331\" srcset=\"https:\/\/fifv.cl\/2016\/wp-content\/uploads\/2015\/10\/Libreri\u0301a002.jpg 2000w, https:\/\/fifv.cl\/2016\/wp-content\/uploads\/2015\/10\/Libreri\u0301a002-300x200.jpg 300w, https:\/\/fifv.cl\/2016\/wp-content\/uploads\/2015\/10\/Libreri\u0301a002-768x511.jpg 768w, https:\/\/fifv.cl\/2016\/wp-content\/uploads\/2015\/10\/Libreri\u0301a002-1024x681.jpg 1024w, https:\/\/fifv.cl\/2016\/wp-content\/uploads\/2015\/10\/Libreri\u0301a002-750x499.jpg 750w\" sizes=\"auto, (max-width: 2000px) 100vw, 2000px\" \/><figcaption id=\"caption-attachment-4750\" class=\"wp-caption-text\">Visitantes observan los libros de fotograf\u00eda en la librer\u00eda del FIFV 2016. \u00a9Victor Ruiz Caballero<\/figcaption><\/figure>\n<figure id=\"attachment_4751\" aria-describedby=\"caption-attachment-4751\" style=\"width: 2000px\" class=\"wp-caption alignnone\"><img loading=\"lazy\" decoding=\"async\" class=\"size-full wp-image-4751\" src=\"http:\/\/fifv.cl\/2016\/wp-content\/uploads\/2015\/10\/Libreri\u0301a001.jpg\" alt=\"Visitantes observan los libros de fotograf\u00eda en la librer\u00eda del FIFV 2016. \u00a9Victor Ruiz Caballero\" width=\"2000\" height=\"1331\" srcset=\"https:\/\/fifv.cl\/2016\/wp-content\/uploads\/2015\/10\/Libreri\u0301a001.jpg 2000w, https:\/\/fifv.cl\/2016\/wp-content\/uploads\/2015\/10\/Libreri\u0301a001-300x200.jpg 300w, https:\/\/fifv.cl\/2016\/wp-content\/uploads\/2015\/10\/Libreri\u0301a001-768x511.jpg 768w, https:\/\/fifv.cl\/2016\/wp-content\/uploads\/2015\/10\/Libreri\u0301a001-1024x681.jpg 1024w, https:\/\/fifv.cl\/2016\/wp-content\/uploads\/2015\/10\/Libreri\u0301a001-750x499.jpg 750w\" sizes=\"auto, (max-width: 2000px) 100vw, 2000px\" \/><figcaption id=\"caption-attachment-4751\" class=\"wp-caption-text\">La libreria del FIFV 2016 contiene mas de 100 t\u00edtulos de autores. \u00a9Victor Ruiz Caballero<\/figcaption><\/figure>\n<h3 style=\"text-align: center;\">Martes 1 de Noviembre<\/h3>\n<figure id=\"attachment_4729\" aria-describedby=\"caption-attachment-4729\" style=\"width: 1500px\" class=\"wp-caption alignnone\"><img loading=\"lazy\" decoding=\"async\" class=\"size-full wp-image-4729\" src=\"http:\/\/fifv.cl\/2016\/wp-content\/uploads\/2015\/10\/VRC8652.jpg\" alt=\"P\u00fablico asistente participa en el DJ Books de Javier Godoy(Chile),FIFV 2016. \u00a9Victor Ruiz Caballero\" width=\"1500\" height=\"998\" srcset=\"https:\/\/fifv.cl\/2016\/wp-content\/uploads\/2015\/10\/VRC8652.jpg 1500w, https:\/\/fifv.cl\/2016\/wp-content\/uploads\/2015\/10\/VRC8652-300x200.jpg 300w, https:\/\/fifv.cl\/2016\/wp-content\/uploads\/2015\/10\/VRC8652-768x511.jpg 768w, https:\/\/fifv.cl\/2016\/wp-content\/uploads\/2015\/10\/VRC8652-1024x681.jpg 1024w, https:\/\/fifv.cl\/2016\/wp-content\/uploads\/2015\/10\/VRC8652-750x499.jpg 750w\" sizes=\"auto, (max-width: 1500px) 100vw, 1500px\" \/><figcaption id=\"caption-attachment-4729\" class=\"wp-caption-text\">P\u00fablico participa en el DJ Books de Javier Godoy(Chile),FIFV 2016. \u00a9Victor Ruiz Caballero<\/figcaption><\/figure>\n<figure id=\"attachment_4730\" aria-describedby=\"caption-attachment-4730\" style=\"width: 1500px\" class=\"wp-caption alignnone\"><img loading=\"lazy\" decoding=\"async\" class=\"size-full wp-image-4730\" src=\"http:\/\/fifv.cl\/2016\/wp-content\/uploads\/2015\/10\/DJBooks-1Nov.037.jpg\" alt=\"Emiliano Valenzuela(Chile) presenta el libro Savanna, FIFV 2016. \u00a9Victor Ruiz Caballero\" width=\"1500\" height=\"998\" srcset=\"https:\/\/fifv.cl\/2016\/wp-content\/uploads\/2015\/10\/DJBooks-1Nov.037.jpg 1500w, https:\/\/fifv.cl\/2016\/wp-content\/uploads\/2015\/10\/DJBooks-1Nov.037-300x200.jpg 300w, https:\/\/fifv.cl\/2016\/wp-content\/uploads\/2015\/10\/DJBooks-1Nov.037-768x511.jpg 768w, https:\/\/fifv.cl\/2016\/wp-content\/uploads\/2015\/10\/DJBooks-1Nov.037-1024x681.jpg 1024w, https:\/\/fifv.cl\/2016\/wp-content\/uploads\/2015\/10\/DJBooks-1Nov.037-750x499.jpg 750w\" sizes=\"auto, (max-width: 1500px) 100vw, 1500px\" \/><figcaption id=\"caption-attachment-4730\" class=\"wp-caption-text\">Emiliano Valenzuela(Chile) presenta el libro Savanna, FIFV 2016. \u00a9Victor Ruiz Caballero<\/figcaption><\/figure>\n<figure id=\"attachment_4731\" aria-describedby=\"caption-attachment-4731\" style=\"width: 1500px\" class=\"wp-caption alignnone\"><img loading=\"lazy\" decoding=\"async\" class=\"wp-image-4731 size-full\" src=\"http:\/\/fifv.cl\/2016\/wp-content\/uploads\/2015\/10\/DSC_1090.jpg\" alt=\"dsc_1090\" width=\"1500\" height=\"1001\" srcset=\"https:\/\/fifv.cl\/2016\/wp-content\/uploads\/2015\/10\/DSC_1090.jpg 1500w, https:\/\/fifv.cl\/2016\/wp-content\/uploads\/2015\/10\/DSC_1090-300x200.jpg 300w, https:\/\/fifv.cl\/2016\/wp-content\/uploads\/2015\/10\/DSC_1090-768x513.jpg 768w, https:\/\/fifv.cl\/2016\/wp-content\/uploads\/2015\/10\/DSC_1090-1024x683.jpg 1024w, https:\/\/fifv.cl\/2016\/wp-content\/uploads\/2015\/10\/DSC_1090-750x501.jpg 750w\" sizes=\"auto, (max-width: 1500px) 100vw, 1500px\" \/><figcaption id=\"caption-attachment-4731\" class=\"wp-caption-text\">Carlos Avello (Chile) presenta el libro Ciudad de un d\u00eda,FIFV 2016. \u00a9Ignacio Lamas<\/figcaption><\/figure>\n<figure id=\"attachment_4733\" aria-describedby=\"caption-attachment-4733\" style=\"width: 1458px\" class=\"wp-caption alignnone\"><img loading=\"lazy\" decoding=\"async\" class=\"wp-image-4733 size-full\" src=\"http:\/\/fifv.cl\/2016\/wp-content\/uploads\/2015\/10\/DJBooks-1Nov.042.jpg\" alt=\"djbooks-1nov-042\" width=\"1458\" height=\"970\" srcset=\"https:\/\/fifv.cl\/2016\/wp-content\/uploads\/2015\/10\/DJBooks-1Nov.042.jpg 1458w, https:\/\/fifv.cl\/2016\/wp-content\/uploads\/2015\/10\/DJBooks-1Nov.042-300x200.jpg 300w, https:\/\/fifv.cl\/2016\/wp-content\/uploads\/2015\/10\/DJBooks-1Nov.042-768x511.jpg 768w, https:\/\/fifv.cl\/2016\/wp-content\/uploads\/2015\/10\/DJBooks-1Nov.042-1024x681.jpg 1024w, https:\/\/fifv.cl\/2016\/wp-content\/uploads\/2015\/10\/DJBooks-1Nov.042-750x499.jpg 750w\" sizes=\"auto, (max-width: 1458px) 100vw, 1458px\" \/><figcaption id=\"caption-attachment-4733\" class=\"wp-caption-text\">Emiliano Valenzuela(Chile) presenta el libro Savanna, FIFV 2016. \u00a9Victor Ruiz Caballero<\/figcaption><\/figure>\n<figure id=\"attachment_4716\" aria-describedby=\"caption-attachment-4716\" style=\"width: 2000px\" class=\"wp-caption alignnone\"><img loading=\"lazy\" decoding=\"async\" class=\"size-full wp-image-4716\" src=\"http:\/\/fifv.cl\/2016\/wp-content\/uploads\/2016\/11\/DJBooks-1Nov.033.jpg\" alt=\"Javier Godoy (Chile) presenta los libros que han sido importantes en su profesi\u00f3n,FIFV 2016. \u00a9Victor Ruiz Caballero\" width=\"2000\" height=\"1331\" srcset=\"https:\/\/fifv.cl\/2016\/wp-content\/uploads\/2016\/11\/DJBooks-1Nov.033.jpg 2000w, https:\/\/fifv.cl\/2016\/wp-content\/uploads\/2016\/11\/DJBooks-1Nov.033-300x200.jpg 300w, https:\/\/fifv.cl\/2016\/wp-content\/uploads\/2016\/11\/DJBooks-1Nov.033-768x511.jpg 768w, https:\/\/fifv.cl\/2016\/wp-content\/uploads\/2016\/11\/DJBooks-1Nov.033-1024x681.jpg 1024w, https:\/\/fifv.cl\/2016\/wp-content\/uploads\/2016\/11\/DJBooks-1Nov.033-750x499.jpg 750w\" sizes=\"auto, (max-width: 2000px) 100vw, 2000px\" \/><figcaption id=\"caption-attachment-4716\" class=\"wp-caption-text\">Javier Godoy (Chile) presenta los libros que han sido importantes en su profesi\u00f3n, FIFV 2016. \u00a9Victor Ruiz Caballero<\/figcaption><\/figure>\n<figure id=\"attachment_4728\" aria-describedby=\"caption-attachment-4728\" style=\"width: 1500px\" class=\"wp-caption alignnone\"><img loading=\"lazy\" decoding=\"async\" class=\"size-full wp-image-4728\" src=\"http:\/\/fifv.cl\/2016\/wp-content\/uploads\/2015\/10\/VRC8654.jpg\" alt=\"Javier Godoy (Chile) presenta los libros que han sido importantes en su profesi\u00f3n, FIFV 2016. \u00a9Victor Ruiz Caballero\" width=\"1500\" height=\"998\" srcset=\"https:\/\/fifv.cl\/2016\/wp-content\/uploads\/2015\/10\/VRC8654.jpg 1500w, https:\/\/fifv.cl\/2016\/wp-content\/uploads\/2015\/10\/VRC8654-300x200.jpg 300w, https:\/\/fifv.cl\/2016\/wp-content\/uploads\/2015\/10\/VRC8654-768x511.jpg 768w, https:\/\/fifv.cl\/2016\/wp-content\/uploads\/2015\/10\/VRC8654-1024x681.jpg 1024w, https:\/\/fifv.cl\/2016\/wp-content\/uploads\/2015\/10\/VRC8654-750x499.jpg 750w\" sizes=\"auto, (max-width: 1500px) 100vw, 1500px\" \/><figcaption id=\"caption-attachment-4728\" class=\"wp-caption-text\">Javier Godoy (Chile) presenta los libros que han sido importantes en su profesi\u00f3n, FIFV 2016. \u00a9Victor Ruiz Caballero<\/figcaption><\/figure>\n<figure id=\"attachment_4735\" aria-describedby=\"caption-attachment-4735\" style=\"width: 1500px\" class=\"wp-caption alignnone\"><img loading=\"lazy\" decoding=\"async\" class=\"size-full wp-image-4735\" src=\"http:\/\/fifv.cl\/2016\/wp-content\/uploads\/2015\/10\/DJBooks-1Nov.029-1.jpg\" alt=\"Isabel Fern\u00e1ndez y Catalina de la Cruz (Chile), participan en DJ Book con su proyecto \u201cLibro FotoQu\u00edmico\u201d,FIFV 2016. \u00a9Ignacio Lamas\" width=\"1500\" height=\"1001\" srcset=\"https:\/\/fifv.cl\/2016\/wp-content\/uploads\/2015\/10\/DJBooks-1Nov.029-1.jpg 1500w, https:\/\/fifv.cl\/2016\/wp-content\/uploads\/2015\/10\/DJBooks-1Nov.029-1-300x200.jpg 300w, https:\/\/fifv.cl\/2016\/wp-content\/uploads\/2015\/10\/DJBooks-1Nov.029-1-768x513.jpg 768w, https:\/\/fifv.cl\/2016\/wp-content\/uploads\/2015\/10\/DJBooks-1Nov.029-1-1024x683.jpg 1024w, https:\/\/fifv.cl\/2016\/wp-content\/uploads\/2015\/10\/DJBooks-1Nov.029-1-750x501.jpg 750w\" sizes=\"auto, (max-width: 1500px) 100vw, 1500px\" \/><figcaption id=\"caption-attachment-4735\" class=\"wp-caption-text\">Isabel Fern\u00e1ndez y Catalina de la Cruz (Chile), participan en DJ Book con su proyecto \u201cLibro FotoQu\u00edmico\u201d,FIFV 2016. \u00a9Ignacio Lamas<\/figcaption><\/figure>\n<figure id=\"attachment_4712\" aria-describedby=\"caption-attachment-4712\" style=\"width: 2000px\" class=\"wp-caption alignnone\"><img loading=\"lazy\" decoding=\"async\" class=\"size-full wp-image-4712\" src=\"http:\/\/fifv.cl\/2016\/wp-content\/uploads\/2016\/11\/DJBooks-1Nov.035.jpg\" alt=\"Carlos Avello (Chile) presenta el libro Ciudad de un d\u00eda,FIFV 2016. \u00a9Victor Ruiz Caballero\" width=\"2000\" height=\"1331\" srcset=\"https:\/\/fifv.cl\/2016\/wp-content\/uploads\/2016\/11\/DJBooks-1Nov.035.jpg 2000w, https:\/\/fifv.cl\/2016\/wp-content\/uploads\/2016\/11\/DJBooks-1Nov.035-300x200.jpg 300w, https:\/\/fifv.cl\/2016\/wp-content\/uploads\/2016\/11\/DJBooks-1Nov.035-768x511.jpg 768w, https:\/\/fifv.cl\/2016\/wp-content\/uploads\/2016\/11\/DJBooks-1Nov.035-1024x681.jpg 1024w, https:\/\/fifv.cl\/2016\/wp-content\/uploads\/2016\/11\/DJBooks-1Nov.035-750x499.jpg 750w\" sizes=\"auto, (max-width: 2000px) 100vw, 2000px\" \/><figcaption id=\"caption-attachment-4712\" class=\"wp-caption-text\">Carlos Avello (Chile) presenta el libro Ciudad de un d\u00eda,FIFV 2016. \u00a9Victor Ruiz Caballero<\/figcaption><\/figure>\n<figure id=\"attachment_4710\" aria-describedby=\"caption-attachment-4710\" style=\"width: 2000px\" class=\"wp-caption alignnone\"><img loading=\"lazy\" decoding=\"async\" class=\"size-full wp-image-4710\" src=\"http:\/\/fifv.cl\/2016\/wp-content\/uploads\/2016\/11\/DJBooks-1Nov.036.jpg\" alt=\"Carlos Avello (Chile) presenta el libro Ciudad de un d\u00eda ,FIFV 2016. \u00a9Victor Ruiz Caballero\" width=\"2000\" height=\"1331\" srcset=\"https:\/\/fifv.cl\/2016\/wp-content\/uploads\/2016\/11\/DJBooks-1Nov.036.jpg 2000w, https:\/\/fifv.cl\/2016\/wp-content\/uploads\/2016\/11\/DJBooks-1Nov.036-300x200.jpg 300w, https:\/\/fifv.cl\/2016\/wp-content\/uploads\/2016\/11\/DJBooks-1Nov.036-768x511.jpg 768w, https:\/\/fifv.cl\/2016\/wp-content\/uploads\/2016\/11\/DJBooks-1Nov.036-1024x681.jpg 1024w, https:\/\/fifv.cl\/2016\/wp-content\/uploads\/2016\/11\/DJBooks-1Nov.036-750x499.jpg 750w\" sizes=\"auto, (max-width: 2000px) 100vw, 2000px\" \/><figcaption id=\"caption-attachment-4710\" class=\"wp-caption-text\">Carlos Avello (Chile) presenta el libro Ciudad de un d\u00eda ,FIFV 2016. \u00a9Victor Ruiz Caballero<\/figcaption><\/figure>\n<figure id=\"attachment_4641\" aria-describedby=\"caption-attachment-4641\" style=\"width: 1500px\" class=\"wp-caption alignnone\"><img loading=\"lazy\" decoding=\"async\" class=\"size-full wp-image-4641\" src=\"http:\/\/fifv.cl\/2016\/wp-content\/uploads\/2015\/10\/DJBooks-1Nov.031.jpg\" alt=\"Asistentes observan los \u201cLibros FotoQu\u00edmico\u201d de Isabel Fern\u00e1ndez y Catalina de la Cruz (Chile) en DJ Book, FIFV 2016. \u00a9Victor Ruiz Caballero\" width=\"1500\" height=\"998\" srcset=\"https:\/\/fifv.cl\/2016\/wp-content\/uploads\/2015\/10\/DJBooks-1Nov.031.jpg 1500w, https:\/\/fifv.cl\/2016\/wp-content\/uploads\/2015\/10\/DJBooks-1Nov.031-300x200.jpg 300w, https:\/\/fifv.cl\/2016\/wp-content\/uploads\/2015\/10\/DJBooks-1Nov.031-768x511.jpg 768w, https:\/\/fifv.cl\/2016\/wp-content\/uploads\/2015\/10\/DJBooks-1Nov.031-1024x681.jpg 1024w, https:\/\/fifv.cl\/2016\/wp-content\/uploads\/2015\/10\/DJBooks-1Nov.031-750x499.jpg 750w\" sizes=\"auto, (max-width: 1500px) 100vw, 1500px\" \/><figcaption id=\"caption-attachment-4641\" class=\"wp-caption-text\">Asistentes observan los \u201cLibros FotoQu\u00edmico\u201d de Isabel Fern\u00e1ndez y Catalina de la Cruz (Chile) en DJ Book, FIFV 2016. \u00a9Victor Ruiz Caballero<\/figcaption><\/figure>\n<figure id=\"attachment_4642\" aria-describedby=\"caption-attachment-4642\" style=\"width: 1500px\" class=\"wp-caption alignnone\"><img loading=\"lazy\" decoding=\"async\" class=\"size-full wp-image-4642\" src=\"http:\/\/fifv.cl\/2016\/wp-content\/uploads\/2015\/10\/DJBooks-1Nov.030.jpg\" alt=\"Isabel Fern\u00e1ndez y Catalina de la Cruz (Chile), participan en DJ Book con su proyecto \u201cLibro FotoQu\u00edmico\u201d,FIFV 2016. \u00a9Ignacio Lamas\" width=\"1500\" height=\"1001\" srcset=\"https:\/\/fifv.cl\/2016\/wp-content\/uploads\/2015\/10\/DJBooks-1Nov.030.jpg 1500w, https:\/\/fifv.cl\/2016\/wp-content\/uploads\/2015\/10\/DJBooks-1Nov.030-300x200.jpg 300w, https:\/\/fifv.cl\/2016\/wp-content\/uploads\/2015\/10\/DJBooks-1Nov.030-768x513.jpg 768w, https:\/\/fifv.cl\/2016\/wp-content\/uploads\/2015\/10\/DJBooks-1Nov.030-1024x683.jpg 1024w, https:\/\/fifv.cl\/2016\/wp-content\/uploads\/2015\/10\/DJBooks-1Nov.030-750x501.jpg 750w\" sizes=\"auto, (max-width: 1500px) 100vw, 1500px\" \/><figcaption id=\"caption-attachment-4642\" class=\"wp-caption-text\">Isabel Fern\u00e1ndez y Catalina de la Cruz (Chile), participan en DJ Book con su proyecto \u201cLibro FotoQu\u00edmico\u201d,FIFV 2016. \u00a9Ignacio Lamas<\/figcaption><\/figure>\n<figure id=\"attachment_4737\" aria-describedby=\"caption-attachment-4737\" style=\"width: 1500px\" class=\"wp-caption alignnone\"><img loading=\"lazy\" decoding=\"async\" class=\"size-full wp-image-4737\" src=\"http:\/\/fifv.cl\/2016\/wp-content\/uploads\/2015\/10\/DJBooks-1Nov.032-1.jpg\" alt=\"Asistentes observan los \u201cLibros FotoQu\u00edmico\u201d de Isabel Fern\u00e1ndez y Catalina de la Cruz (Chile) en DJ Book, FIFV 2016. \u00a9Victor Ruiz Caballero\" width=\"1500\" height=\"998\" srcset=\"https:\/\/fifv.cl\/2016\/wp-content\/uploads\/2015\/10\/DJBooks-1Nov.032-1.jpg 1500w, https:\/\/fifv.cl\/2016\/wp-content\/uploads\/2015\/10\/DJBooks-1Nov.032-1-300x200.jpg 300w, https:\/\/fifv.cl\/2016\/wp-content\/uploads\/2015\/10\/DJBooks-1Nov.032-1-768x511.jpg 768w, https:\/\/fifv.cl\/2016\/wp-content\/uploads\/2015\/10\/DJBooks-1Nov.032-1-1024x681.jpg 1024w, https:\/\/fifv.cl\/2016\/wp-content\/uploads\/2015\/10\/DJBooks-1Nov.032-1-750x499.jpg 750w\" sizes=\"auto, (max-width: 1500px) 100vw, 1500px\" \/><figcaption id=\"caption-attachment-4737\" class=\"wp-caption-text\">Asistentes observan los \u201cLibros FotoQu\u00edmico\u201d de Isabel Fern\u00e1ndez y Catalina de la Cruz (Chile) en DJ Book, FIFV 2016. \u00a9Victor Ruiz Caballero<\/figcaption><\/figure>\n<figure id=\"attachment_4573\" aria-describedby=\"caption-attachment-4573\" style=\"width: 1500px\" class=\"wp-caption alignnone\"><img loading=\"lazy\" decoding=\"async\" class=\"size-full wp-image-4573\" src=\"http:\/\/fifv.cl\/2016\/wp-content\/uploads\/2015\/10\/Brigadista-1Nov.027.jpg\" alt=\"Fot\u00f3grafos brigadistas trabajan en edici\u00f3n, FIFV 2016. \u00a9Victor Ruiz Caballero\" width=\"1500\" height=\"998\" srcset=\"https:\/\/fifv.cl\/2016\/wp-content\/uploads\/2015\/10\/Brigadista-1Nov.027.jpg 1500w, https:\/\/fifv.cl\/2016\/wp-content\/uploads\/2015\/10\/Brigadista-1Nov.027-300x200.jpg 300w, https:\/\/fifv.cl\/2016\/wp-content\/uploads\/2015\/10\/Brigadista-1Nov.027-768x511.jpg 768w, https:\/\/fifv.cl\/2016\/wp-content\/uploads\/2015\/10\/Brigadista-1Nov.027-1024x681.jpg 1024w, https:\/\/fifv.cl\/2016\/wp-content\/uploads\/2015\/10\/Brigadista-1Nov.027-750x499.jpg 750w\" sizes=\"auto, (max-width: 1500px) 100vw, 1500px\" \/><figcaption id=\"caption-attachment-4573\" class=\"wp-caption-text\">Fot\u00f3grafos brigadistas trabajan en edici\u00f3n, FIFV 2016. \u00a9Victor Ruiz Caballero<\/figcaption><\/figure>\n<figure id=\"attachment_4574\" aria-describedby=\"caption-attachment-4574\" style=\"width: 1500px\" class=\"wp-caption alignnone\"><img loading=\"lazy\" decoding=\"async\" class=\"size-full wp-image-4574\" src=\"http:\/\/fifv.cl\/2016\/wp-content\/uploads\/2015\/10\/Brigadista-1Nov.028.jpg\" alt=\"Fot\u00f3grafos brigadistas trabajan en edici\u00f3n, FIFV 2016. \u00a9Victor Ruiz Caballero\" width=\"1500\" height=\"998\" srcset=\"https:\/\/fifv.cl\/2016\/wp-content\/uploads\/2015\/10\/Brigadista-1Nov.028.jpg 1500w, https:\/\/fifv.cl\/2016\/wp-content\/uploads\/2015\/10\/Brigadista-1Nov.028-300x200.jpg 300w, https:\/\/fifv.cl\/2016\/wp-content\/uploads\/2015\/10\/Brigadista-1Nov.028-768x511.jpg 768w, https:\/\/fifv.cl\/2016\/wp-content\/uploads\/2015\/10\/Brigadista-1Nov.028-1024x681.jpg 1024w, https:\/\/fifv.cl\/2016\/wp-content\/uploads\/2015\/10\/Brigadista-1Nov.028-750x499.jpg 750w\" sizes=\"auto, (max-width: 1500px) 100vw, 1500px\" \/><figcaption id=\"caption-attachment-4574\" class=\"wp-caption-text\">Fot\u00f3grafos brigadistas trabajan en edici\u00f3n, FIFV 2016. \u00a9Victor Ruiz Caballero<\/figcaption><\/figure>\n<figure id=\"attachment_4485\" aria-describedby=\"caption-attachment-4485\" style=\"width: 1500px\" class=\"wp-caption alignnone\"><img loading=\"lazy\" decoding=\"async\" class=\"size-full wp-image-4485\" src=\"http:\/\/fifv.cl\/2016\/wp-content\/uploads\/2015\/10\/WorkshopsITALA-SCHMELZ.004.jpg\" alt=\"Itala Schemelza trabaja con los fot\u00f3grafos en el workshps, FIFV 2016. \u00a9Victor Ruiz Caballero\" width=\"1500\" height=\"998\" srcset=\"https:\/\/fifv.cl\/2016\/wp-content\/uploads\/2015\/10\/WorkshopsITALA-SCHMELZ.004.jpg 1500w, https:\/\/fifv.cl\/2016\/wp-content\/uploads\/2015\/10\/WorkshopsITALA-SCHMELZ.004-300x200.jpg 300w, https:\/\/fifv.cl\/2016\/wp-content\/uploads\/2015\/10\/WorkshopsITALA-SCHMELZ.004-768x511.jpg 768w, https:\/\/fifv.cl\/2016\/wp-content\/uploads\/2015\/10\/WorkshopsITALA-SCHMELZ.004-1024x681.jpg 1024w, https:\/\/fifv.cl\/2016\/wp-content\/uploads\/2015\/10\/WorkshopsITALA-SCHMELZ.004-750x499.jpg 750w\" sizes=\"auto, (max-width: 1500px) 100vw, 1500px\" \/><figcaption id=\"caption-attachment-4485\" class=\"wp-caption-text\">Workshops con Itala Schemelza, FIFV 2016. \u00a9Victor Ruiz Caballero<\/figcaption><\/figure>\n<figure id=\"attachment_4486\" aria-describedby=\"caption-attachment-4486\" style=\"width: 1500px\" class=\"wp-caption alignnone\"><img loading=\"lazy\" decoding=\"async\" class=\"size-full wp-image-4486\" src=\"http:\/\/fifv.cl\/2016\/wp-content\/uploads\/2015\/10\/WorkshopsITALA-SCHMELZ.007.jpg\" alt=\"Itala Schemelza trabaja con los fot\u00f3grafos en el workshps, FIFV 2016. \u00a9Victor Ruiz Caballero\" width=\"1500\" height=\"998\" srcset=\"https:\/\/fifv.cl\/2016\/wp-content\/uploads\/2015\/10\/WorkshopsITALA-SCHMELZ.007.jpg 1500w, https:\/\/fifv.cl\/2016\/wp-content\/uploads\/2015\/10\/WorkshopsITALA-SCHMELZ.007-300x200.jpg 300w, https:\/\/fifv.cl\/2016\/wp-content\/uploads\/2015\/10\/WorkshopsITALA-SCHMELZ.007-768x511.jpg 768w, https:\/\/fifv.cl\/2016\/wp-content\/uploads\/2015\/10\/WorkshopsITALA-SCHMELZ.007-1024x681.jpg 1024w, https:\/\/fifv.cl\/2016\/wp-content\/uploads\/2015\/10\/WorkshopsITALA-SCHMELZ.007-750x499.jpg 750w\" sizes=\"auto, (max-width: 1500px) 100vw, 1500px\" \/><figcaption id=\"caption-attachment-4486\" class=\"wp-caption-text\">Workshops conItala Schemelza, FIFV 2016. \u00a9Victor Ruiz Caballero<\/figcaption><\/figure>\n<figure id=\"attachment_4487\" aria-describedby=\"caption-attachment-4487\" style=\"width: 1500px\" class=\"wp-caption alignnone\"><img loading=\"lazy\" decoding=\"async\" class=\"size-full wp-image-4487\" src=\"http:\/\/fifv.cl\/2016\/wp-content\/uploads\/2015\/10\/WorkshopsITALA-SCHMELZ.008.jpg\" alt=\"Itala Schemelza trabaja con los fot\u00f3grafos en el workshps, FIFV 2016. \u00a9Victor Ruiz Caballero\" width=\"1500\" height=\"998\" srcset=\"https:\/\/fifv.cl\/2016\/wp-content\/uploads\/2015\/10\/WorkshopsITALA-SCHMELZ.008.jpg 1500w, https:\/\/fifv.cl\/2016\/wp-content\/uploads\/2015\/10\/WorkshopsITALA-SCHMELZ.008-300x200.jpg 300w, https:\/\/fifv.cl\/2016\/wp-content\/uploads\/2015\/10\/WorkshopsITALA-SCHMELZ.008-768x511.jpg 768w, https:\/\/fifv.cl\/2016\/wp-content\/uploads\/2015\/10\/WorkshopsITALA-SCHMELZ.008-1024x681.jpg 1024w, https:\/\/fifv.cl\/2016\/wp-content\/uploads\/2015\/10\/WorkshopsITALA-SCHMELZ.008-750x499.jpg 750w\" sizes=\"auto, (max-width: 1500px) 100vw, 1500px\" \/><figcaption id=\"caption-attachment-4487\" class=\"wp-caption-text\">Workshops con Itala Schemelza, FIFV 2016. \u00a9Victor Ruiz Caballero<\/figcaption><\/figure>\n<figure id=\"attachment_4488\" aria-describedby=\"caption-attachment-4488\" style=\"width: 1500px\" class=\"wp-caption alignnone\"><img loading=\"lazy\" decoding=\"async\" class=\"size-full wp-image-4488\" src=\"http:\/\/fifv.cl\/2016\/wp-content\/uploads\/2015\/10\/WorkshopsITALA-SCHMELZ.009.jpg\" alt=\"Itala Schemelza trabaja con los fot\u00f3grafos en el workshps, FIFV 2016. \u00a9Victor Ruiz Caballero\" width=\"1500\" height=\"998\" srcset=\"https:\/\/fifv.cl\/2016\/wp-content\/uploads\/2015\/10\/WorkshopsITALA-SCHMELZ.009.jpg 1500w, https:\/\/fifv.cl\/2016\/wp-content\/uploads\/2015\/10\/WorkshopsITALA-SCHMELZ.009-300x200.jpg 300w, https:\/\/fifv.cl\/2016\/wp-content\/uploads\/2015\/10\/WorkshopsITALA-SCHMELZ.009-768x511.jpg 768w, https:\/\/fifv.cl\/2016\/wp-content\/uploads\/2015\/10\/WorkshopsITALA-SCHMELZ.009-1024x681.jpg 1024w, https:\/\/fifv.cl\/2016\/wp-content\/uploads\/2015\/10\/WorkshopsITALA-SCHMELZ.009-750x499.jpg 750w\" sizes=\"auto, (max-width: 1500px) 100vw, 1500px\" \/><figcaption id=\"caption-attachment-4488\" class=\"wp-caption-text\">Workshops con Itala Schemelza, FIFV 2016. \u00a9Victor Ruiz Caballero<\/figcaption><\/figure>\n<p style=\"text-align: center;\"><img loading=\"lazy\" decoding=\"async\" class=\"alignnone size-full wp-image-4490\" src=\"http:\/\/fifv.cl\/2016\/wp-content\/uploads\/2015\/10\/IMG_6786.jpg\" alt=\"img_6786\" width=\"1500\" height=\"1000\" srcset=\"https:\/\/fifv.cl\/2016\/wp-content\/uploads\/2015\/10\/IMG_6786.jpg 1500w, https:\/\/fifv.cl\/2016\/wp-content\/uploads\/2015\/10\/IMG_6786-300x200.jpg 300w, https:\/\/fifv.cl\/2016\/wp-content\/uploads\/2015\/10\/IMG_6786-768x512.jpg 768w, https:\/\/fifv.cl\/2016\/wp-content\/uploads\/2015\/10\/IMG_6786-1024x683.jpg 1024w, https:\/\/fifv.cl\/2016\/wp-content\/uploads\/2015\/10\/IMG_6786-750x500.jpg 750w\" sizes=\"auto, (max-width: 1500px) 100vw, 1500px\" \/>Workshops con Juan Valbuena, FIFV 2016. \u00a9Daniel Villagran<img loading=\"lazy\" decoding=\"async\" class=\"alignnone size-full wp-image-4491\" src=\"http:\/\/fifv.cl\/2016\/wp-content\/uploads\/2015\/10\/IMG_6792.jpg\" alt=\"img_6792\" width=\"1500\" height=\"1000\" srcset=\"https:\/\/fifv.cl\/2016\/wp-content\/uploads\/2015\/10\/IMG_6792.jpg 1500w, https:\/\/fifv.cl\/2016\/wp-content\/uploads\/2015\/10\/IMG_6792-300x200.jpg 300w, https:\/\/fifv.cl\/2016\/wp-content\/uploads\/2015\/10\/IMG_6792-768x512.jpg 768w, https:\/\/fifv.cl\/2016\/wp-content\/uploads\/2015\/10\/IMG_6792-1024x683.jpg 1024w, https:\/\/fifv.cl\/2016\/wp-content\/uploads\/2015\/10\/IMG_6792-750x500.jpg 750w\" sizes=\"auto, (max-width: 1500px) 100vw, 1500px\" \/><\/p>\n<p style=\"text-align: center;\">Workshops con Juan Valbuena, FIFV 2016. \u00a9Daniel Villagran<img loading=\"lazy\" decoding=\"async\" class=\"alignnone size-full wp-image-4492\" src=\"http:\/\/fifv.cl\/2016\/wp-content\/uploads\/2015\/10\/IMG_6801.jpg\" alt=\"img_6801\" width=\"1500\" height=\"1000\" srcset=\"https:\/\/fifv.cl\/2016\/wp-content\/uploads\/2015\/10\/IMG_6801.jpg 1500w, https:\/\/fifv.cl\/2016\/wp-content\/uploads\/2015\/10\/IMG_6801-300x200.jpg 300w, https:\/\/fifv.cl\/2016\/wp-content\/uploads\/2015\/10\/IMG_6801-768x512.jpg 768w, https:\/\/fifv.cl\/2016\/wp-content\/uploads\/2015\/10\/IMG_6801-1024x683.jpg 1024w, https:\/\/fifv.cl\/2016\/wp-content\/uploads\/2015\/10\/IMG_6801-750x500.jpg 750w\" sizes=\"auto, (max-width: 1500px) 100vw, 1500px\" \/><\/p>\n<p style=\"text-align: center;\">Workshops con Juan Valbuena, FIFV 2016. \u00a9Daniel Villagran<\/p>\n<h3 style=\"text-align: center;\">Lunes 31 de Octubre<\/h3>\n<figure id=\"attachment_4468\" aria-describedby=\"caption-attachment-4468\" style=\"width: 1500px\" class=\"wp-caption alignnone\"><img loading=\"lazy\" decoding=\"async\" class=\"size-full wp-image-4468\" src=\"http:\/\/fifv.cl\/2016\/wp-content\/uploads\/2015\/10\/Ana-Casas-FIFV31OCT.012.jpg\" alt=\"La curadora Ana Casa Broda participa de Di\u00e1logos Fotogr\u00e1ficos en Valpara\u00edso, FIFV 2016. \u00a9Victor Ruiz Caballero\" width=\"1500\" height=\"998\" srcset=\"https:\/\/fifv.cl\/2016\/wp-content\/uploads\/2015\/10\/Ana-Casas-FIFV31OCT.012.jpg 1500w, https:\/\/fifv.cl\/2016\/wp-content\/uploads\/2015\/10\/Ana-Casas-FIFV31OCT.012-300x200.jpg 300w, https:\/\/fifv.cl\/2016\/wp-content\/uploads\/2015\/10\/Ana-Casas-FIFV31OCT.012-768x511.jpg 768w, https:\/\/fifv.cl\/2016\/wp-content\/uploads\/2015\/10\/Ana-Casas-FIFV31OCT.012-1024x681.jpg 1024w, https:\/\/fifv.cl\/2016\/wp-content\/uploads\/2015\/10\/Ana-Casas-FIFV31OCT.012-750x499.jpg 750w\" sizes=\"auto, (max-width: 1500px) 100vw, 1500px\" \/><figcaption id=\"caption-attachment-4468\" class=\"wp-caption-text\">La curadora Ana Casa Broda participa de Di\u00e1logos Fotogr\u00e1ficos en Valpara\u00edso, FIFV 2016. \u00a9Victor Ruiz Caballero<\/figcaption><\/figure>\n<figure id=\"attachment_4469\" aria-describedby=\"caption-attachment-4469\" style=\"width: 1500px\" class=\"wp-caption alignnone\"><img loading=\"lazy\" decoding=\"async\" class=\"size-full wp-image-4469\" src=\"http:\/\/fifv.cl\/2016\/wp-content\/uploads\/2015\/10\/Ana-Casas-FIFV31OCT.013.jpg\" alt=\"La curadora Ana Casa Broda participa de Di\u00e1logos Fotogr\u00e1ficos en Valpara\u00edso, FIFV 2016. \u00a9Victor Ruiz Caballero\" width=\"1500\" height=\"998\" srcset=\"https:\/\/fifv.cl\/2016\/wp-content\/uploads\/2015\/10\/Ana-Casas-FIFV31OCT.013.jpg 1500w, https:\/\/fifv.cl\/2016\/wp-content\/uploads\/2015\/10\/Ana-Casas-FIFV31OCT.013-300x200.jpg 300w, https:\/\/fifv.cl\/2016\/wp-content\/uploads\/2015\/10\/Ana-Casas-FIFV31OCT.013-768x511.jpg 768w, https:\/\/fifv.cl\/2016\/wp-content\/uploads\/2015\/10\/Ana-Casas-FIFV31OCT.013-1024x681.jpg 1024w, https:\/\/fifv.cl\/2016\/wp-content\/uploads\/2015\/10\/Ana-Casas-FIFV31OCT.013-750x499.jpg 750w\" sizes=\"auto, (max-width: 1500px) 100vw, 1500px\" \/><figcaption id=\"caption-attachment-4469\" class=\"wp-caption-text\">La curadora Ana Casa Broda participa de Di\u00e1logos Fotogr\u00e1ficos en Valpara\u00edso, FIFV 2016. \u00a9Victor Ruiz Caballero<\/figcaption><\/figure>\n<figure id=\"attachment_4476\" aria-describedby=\"caption-attachment-4476\" style=\"width: 1500px\" class=\"wp-caption alignnone\"><img loading=\"lazy\" decoding=\"async\" class=\"wp-image-4476 size-full\" src=\"http:\/\/fifv.cl\/2016\/wp-content\/uploads\/2015\/10\/Juan-Valbuena-FIFV31OCT.012.jpg\" alt=\"La curadora Ana Casa Broda participa de Di\u00e1logos Fotogr\u00e1ficos en Valpara\u00edso, FIFV 2016. \u00a9Victor Ruiz Caballero\" width=\"1500\" height=\"998\" srcset=\"https:\/\/fifv.cl\/2016\/wp-content\/uploads\/2015\/10\/Juan-Valbuena-FIFV31OCT.012.jpg 1500w, https:\/\/fifv.cl\/2016\/wp-content\/uploads\/2015\/10\/Juan-Valbuena-FIFV31OCT.012-300x200.jpg 300w, https:\/\/fifv.cl\/2016\/wp-content\/uploads\/2015\/10\/Juan-Valbuena-FIFV31OCT.012-768x511.jpg 768w, https:\/\/fifv.cl\/2016\/wp-content\/uploads\/2015\/10\/Juan-Valbuena-FIFV31OCT.012-1024x681.jpg 1024w, https:\/\/fifv.cl\/2016\/wp-content\/uploads\/2015\/10\/Juan-Valbuena-FIFV31OCT.012-750x499.jpg 750w\" sizes=\"auto, (max-width: 1500px) 100vw, 1500px\" \/><figcaption id=\"caption-attachment-4476\" class=\"wp-caption-text\">La curadora Ana Casa Broda participa de Di\u00e1logos Fotogr\u00e1ficos en Valpara\u00edso, FIFV 2016. \u00a9Victor Ruiz Caballero<\/figcaption><\/figure>\n<figure id=\"attachment_4470\" aria-describedby=\"caption-attachment-4470\" style=\"width: 1500px\" class=\"wp-caption alignnone\"><img loading=\"lazy\" decoding=\"async\" class=\"wp-image-4470 size-full\" src=\"http:\/\/fifv.cl\/2016\/wp-content\/uploads\/2015\/10\/DIALOGOS-FOTOGRAFICOS-FIFV31OCT.001.jpg\" alt=\"dialogos-fotograficos-fifv31oct-001\" width=\"1500\" height=\"998\" srcset=\"https:\/\/fifv.cl\/2016\/wp-content\/uploads\/2015\/10\/DIALOGOS-FOTOGRAFICOS-FIFV31OCT.001.jpg 1500w, https:\/\/fifv.cl\/2016\/wp-content\/uploads\/2015\/10\/DIALOGOS-FOTOGRAFICOS-FIFV31OCT.001-300x200.jpg 300w, https:\/\/fifv.cl\/2016\/wp-content\/uploads\/2015\/10\/DIALOGOS-FOTOGRAFICOS-FIFV31OCT.001-768x511.jpg 768w, https:\/\/fifv.cl\/2016\/wp-content\/uploads\/2015\/10\/DIALOGOS-FOTOGRAFICOS-FIFV31OCT.001-1024x681.jpg 1024w, https:\/\/fifv.cl\/2016\/wp-content\/uploads\/2015\/10\/DIALOGOS-FOTOGRAFICOS-FIFV31OCT.001-750x499.jpg 750w\" sizes=\"auto, (max-width: 1500px) 100vw, 1500px\" \/><figcaption id=\"caption-attachment-4470\" class=\"wp-caption-text\">Samuel Salgado habla de todo un poco con Juan Valbuena.<\/figcaption><\/figure>\n<figure id=\"attachment_4471\" aria-describedby=\"caption-attachment-4471\" style=\"width: 1468px\" class=\"wp-caption alignnone\"><img loading=\"lazy\" decoding=\"async\" class=\"wp-image-4471 size-full\" src=\"http:\/\/fifv.cl\/2016\/wp-content\/uploads\/2015\/10\/DIALOGOS-FOTOGRAFICOS-FIFV31OCT.002.jpg\" alt=\"dialogos-fotograficos-fifv31oct-002\" width=\"1468\" height=\"976\" srcset=\"https:\/\/fifv.cl\/2016\/wp-content\/uploads\/2015\/10\/DIALOGOS-FOTOGRAFICOS-FIFV31OCT.002.jpg 1468w, https:\/\/fifv.cl\/2016\/wp-content\/uploads\/2015\/10\/DIALOGOS-FOTOGRAFICOS-FIFV31OCT.002-300x199.jpg 300w, https:\/\/fifv.cl\/2016\/wp-content\/uploads\/2015\/10\/DIALOGOS-FOTOGRAFICOS-FIFV31OCT.002-768x511.jpg 768w, https:\/\/fifv.cl\/2016\/wp-content\/uploads\/2015\/10\/DIALOGOS-FOTOGRAFICOS-FIFV31OCT.002-1024x681.jpg 1024w, https:\/\/fifv.cl\/2016\/wp-content\/uploads\/2015\/10\/DIALOGOS-FOTOGRAFICOS-FIFV31OCT.002-750x499.jpg 750w\" sizes=\"auto, (max-width: 1468px) 100vw, 1468px\" \/><figcaption id=\"caption-attachment-4471\" class=\"wp-caption-text\">Samuel Salgado habla de todo un poco con Juan Valbuena.<\/figcaption><\/figure>\n<figure id=\"attachment_4472\" aria-describedby=\"caption-attachment-4472\" style=\"width: 1500px\" class=\"wp-caption alignnone\"><img loading=\"lazy\" decoding=\"async\" class=\"wp-image-4472 size-full\" src=\"http:\/\/fifv.cl\/2016\/wp-content\/uploads\/2015\/10\/DIALOGOS-FOTOGRAFICOS-FIFV31OCT.003.jpg\" alt=\"dialogos-fotograficos-fifv31oct-003\" width=\"1500\" height=\"998\" srcset=\"https:\/\/fifv.cl\/2016\/wp-content\/uploads\/2015\/10\/DIALOGOS-FOTOGRAFICOS-FIFV31OCT.003.jpg 1500w, https:\/\/fifv.cl\/2016\/wp-content\/uploads\/2015\/10\/DIALOGOS-FOTOGRAFICOS-FIFV31OCT.003-300x200.jpg 300w, https:\/\/fifv.cl\/2016\/wp-content\/uploads\/2015\/10\/DIALOGOS-FOTOGRAFICOS-FIFV31OCT.003-768x511.jpg 768w, https:\/\/fifv.cl\/2016\/wp-content\/uploads\/2015\/10\/DIALOGOS-FOTOGRAFICOS-FIFV31OCT.003-1024x681.jpg 1024w, https:\/\/fifv.cl\/2016\/wp-content\/uploads\/2015\/10\/DIALOGOS-FOTOGRAFICOS-FIFV31OCT.003-750x499.jpg 750w\" sizes=\"auto, (max-width: 1500px) 100vw, 1500px\" \/><figcaption id=\"caption-attachment-4472\" class=\"wp-caption-text\">Samuel Salgado habla de todo un poco con Juan Valbuena.<\/figcaption><\/figure>\n<figure id=\"attachment_4473\" aria-describedby=\"caption-attachment-4473\" style=\"width: 1500px\" class=\"wp-caption alignnone\"><img loading=\"lazy\" decoding=\"async\" class=\"wp-image-4473 size-full\" src=\"http:\/\/fifv.cl\/2016\/wp-content\/uploads\/2015\/10\/DIALOGOS-FOTOGRAFICOS-FIFV31OCT.004.jpg\" alt=\"dialogos-fotograficos-fifv31oct-004\" width=\"1500\" height=\"998\" srcset=\"https:\/\/fifv.cl\/2016\/wp-content\/uploads\/2015\/10\/DIALOGOS-FOTOGRAFICOS-FIFV31OCT.004.jpg 1500w, https:\/\/fifv.cl\/2016\/wp-content\/uploads\/2015\/10\/DIALOGOS-FOTOGRAFICOS-FIFV31OCT.004-300x200.jpg 300w, https:\/\/fifv.cl\/2016\/wp-content\/uploads\/2015\/10\/DIALOGOS-FOTOGRAFICOS-FIFV31OCT.004-768x511.jpg 768w, https:\/\/fifv.cl\/2016\/wp-content\/uploads\/2015\/10\/DIALOGOS-FOTOGRAFICOS-FIFV31OCT.004-1024x681.jpg 1024w, https:\/\/fifv.cl\/2016\/wp-content\/uploads\/2015\/10\/DIALOGOS-FOTOGRAFICOS-FIFV31OCT.004-750x499.jpg 750w\" sizes=\"auto, (max-width: 1500px) 100vw, 1500px\" \/><figcaption id=\"caption-attachment-4473\" class=\"wp-caption-text\">Samuel Salgado habla de todo un poco con Juan Valbuena.<\/figcaption><\/figure>\n<figure id=\"attachment_4474\" aria-describedby=\"caption-attachment-4474\" style=\"width: 1500px\" class=\"wp-caption alignnone\"><img loading=\"lazy\" decoding=\"async\" class=\"wp-image-4474 size-full\" src=\"http:\/\/fifv.cl\/2016\/wp-content\/uploads\/2015\/10\/DIALOGOS-FOTOGRAFICOS-FIFV31OCT.005.jpg\" alt=\"dialogos-fotograficos-fifv31oct-005\" width=\"1500\" height=\"998\" srcset=\"https:\/\/fifv.cl\/2016\/wp-content\/uploads\/2015\/10\/DIALOGOS-FOTOGRAFICOS-FIFV31OCT.005.jpg 1500w, https:\/\/fifv.cl\/2016\/wp-content\/uploads\/2015\/10\/DIALOGOS-FOTOGRAFICOS-FIFV31OCT.005-300x200.jpg 300w, https:\/\/fifv.cl\/2016\/wp-content\/uploads\/2015\/10\/DIALOGOS-FOTOGRAFICOS-FIFV31OCT.005-768x511.jpg 768w, https:\/\/fifv.cl\/2016\/wp-content\/uploads\/2015\/10\/DIALOGOS-FOTOGRAFICOS-FIFV31OCT.005-1024x681.jpg 1024w, https:\/\/fifv.cl\/2016\/wp-content\/uploads\/2015\/10\/DIALOGOS-FOTOGRAFICOS-FIFV31OCT.005-750x499.jpg 750w\" sizes=\"auto, (max-width: 1500px) 100vw, 1500px\" \/><figcaption id=\"caption-attachment-4474\" class=\"wp-caption-text\">Gilles Favier en el di\u00e1logo fotogr\u00e1fico de Juan Valbuena.<\/figcaption><\/figure>\n<figure id=\"attachment_4475\" aria-describedby=\"caption-attachment-4475\" style=\"width: 1500px\" class=\"wp-caption alignnone\"><img loading=\"lazy\" decoding=\"async\" class=\"wp-image-4475 size-full\" src=\"http:\/\/fifv.cl\/2016\/wp-content\/uploads\/2015\/10\/Juan-Valbuena-FIFV31OCT.006.jpg\" alt=\"juan-valbuena-fifv31oct-006\" width=\"1500\" height=\"998\" srcset=\"https:\/\/fifv.cl\/2016\/wp-content\/uploads\/2015\/10\/Juan-Valbuena-FIFV31OCT.006.jpg 1500w, https:\/\/fifv.cl\/2016\/wp-content\/uploads\/2015\/10\/Juan-Valbuena-FIFV31OCT.006-300x200.jpg 300w, https:\/\/fifv.cl\/2016\/wp-content\/uploads\/2015\/10\/Juan-Valbuena-FIFV31OCT.006-768x511.jpg 768w, https:\/\/fifv.cl\/2016\/wp-content\/uploads\/2015\/10\/Juan-Valbuena-FIFV31OCT.006-1024x681.jpg 1024w, https:\/\/fifv.cl\/2016\/wp-content\/uploads\/2015\/10\/Juan-Valbuena-FIFV31OCT.006-750x499.jpg 750w\" sizes=\"auto, (max-width: 1500px) 100vw, 1500px\" \/><figcaption id=\"caption-attachment-4475\" class=\"wp-caption-text\">Samuel Salgado habla de todo un poco con Juan Valbuena.<\/figcaption><\/figure>\n<figure id=\"attachment_4477\" aria-describedby=\"caption-attachment-4477\" style=\"width: 1500px\" class=\"wp-caption alignnone\"><img loading=\"lazy\" decoding=\"async\" class=\"size-full wp-image-4477\" src=\"http:\/\/fifv.cl\/2016\/wp-content\/uploads\/2015\/10\/Sebastian-Moreno-FIFV31OCT.007.jpg\" alt=\"El documentalista Sebastian Moreno participa de Di\u00e1logos Fotogr\u00e1ficos en Valpara\u00edso, FIFV 2016. \u00a9Victor Ruiz Caballero\" width=\"1500\" height=\"998\" srcset=\"https:\/\/fifv.cl\/2016\/wp-content\/uploads\/2015\/10\/Sebastian-Moreno-FIFV31OCT.007.jpg 1500w, https:\/\/fifv.cl\/2016\/wp-content\/uploads\/2015\/10\/Sebastian-Moreno-FIFV31OCT.007-300x200.jpg 300w, https:\/\/fifv.cl\/2016\/wp-content\/uploads\/2015\/10\/Sebastian-Moreno-FIFV31OCT.007-768x511.jpg 768w, https:\/\/fifv.cl\/2016\/wp-content\/uploads\/2015\/10\/Sebastian-Moreno-FIFV31OCT.007-1024x681.jpg 1024w, https:\/\/fifv.cl\/2016\/wp-content\/uploads\/2015\/10\/Sebastian-Moreno-FIFV31OCT.007-750x499.jpg 750w\" sizes=\"auto, (max-width: 1500px) 100vw, 1500px\" \/><figcaption id=\"caption-attachment-4477\" class=\"wp-caption-text\">El documentalista Sebastian Moreno participa de Di\u00e1logos Fotogr\u00e1ficos en Valpara\u00edso, FIFV 2016. \u00a9Victor Ruiz Caballero<\/figcaption><\/figure>\n<figure id=\"attachment_4478\" aria-describedby=\"caption-attachment-4478\" style=\"width: 1500px\" class=\"wp-caption alignnone\"><img loading=\"lazy\" decoding=\"async\" class=\"size-full wp-image-4478\" src=\"http:\/\/fifv.cl\/2016\/wp-content\/uploads\/2015\/10\/Sebastian-Moreno-FIFV31OCT.008.jpg\" alt=\"El documentalista Sebastian Moreno participa de Di\u00e1logos Fotogr\u00e1ficos en Valpara\u00edso, FIFV 2016. \u00a9Victor Ruiz Caballero\" width=\"1500\" height=\"998\" srcset=\"https:\/\/fifv.cl\/2016\/wp-content\/uploads\/2015\/10\/Sebastian-Moreno-FIFV31OCT.008.jpg 1500w, https:\/\/fifv.cl\/2016\/wp-content\/uploads\/2015\/10\/Sebastian-Moreno-FIFV31OCT.008-300x200.jpg 300w, https:\/\/fifv.cl\/2016\/wp-content\/uploads\/2015\/10\/Sebastian-Moreno-FIFV31OCT.008-768x511.jpg 768w, https:\/\/fifv.cl\/2016\/wp-content\/uploads\/2015\/10\/Sebastian-Moreno-FIFV31OCT.008-1024x681.jpg 1024w, https:\/\/fifv.cl\/2016\/wp-content\/uploads\/2015\/10\/Sebastian-Moreno-FIFV31OCT.008-750x499.jpg 750w\" sizes=\"auto, (max-width: 1500px) 100vw, 1500px\" \/><figcaption id=\"caption-attachment-4478\" class=\"wp-caption-text\">El documentalista Sebastian Moreno participa de Di\u00e1logos Fotogr\u00e1ficos en Valpara\u00edso, FIFV 2016. \u00a9Victor Ruiz Caballero<\/figcaption><\/figure>\n<figure id=\"attachment_4479\" aria-describedby=\"caption-attachment-4479\" style=\"width: 1500px\" class=\"wp-caption alignnone\"><img loading=\"lazy\" decoding=\"async\" class=\"size-full wp-image-4479\" src=\"http:\/\/fifv.cl\/2016\/wp-content\/uploads\/2015\/10\/Sebastian-Moreno-FIFV31OCT.009.jpg\" alt=\"El documentalista Sebastian Moreno(D) participa de Di\u00e1logos Fotogr\u00e1ficos en Valpara\u00edso, FIFV 2016. \u00a9Victor Ruiz Caballero\" width=\"1500\" height=\"998\" srcset=\"https:\/\/fifv.cl\/2016\/wp-content\/uploads\/2015\/10\/Sebastian-Moreno-FIFV31OCT.009.jpg 1500w, https:\/\/fifv.cl\/2016\/wp-content\/uploads\/2015\/10\/Sebastian-Moreno-FIFV31OCT.009-300x200.jpg 300w, https:\/\/fifv.cl\/2016\/wp-content\/uploads\/2015\/10\/Sebastian-Moreno-FIFV31OCT.009-768x511.jpg 768w, https:\/\/fifv.cl\/2016\/wp-content\/uploads\/2015\/10\/Sebastian-Moreno-FIFV31OCT.009-1024x681.jpg 1024w, https:\/\/fifv.cl\/2016\/wp-content\/uploads\/2015\/10\/Sebastian-Moreno-FIFV31OCT.009-750x499.jpg 750w\" sizes=\"auto, (max-width: 1500px) 100vw, 1500px\" \/><figcaption id=\"caption-attachment-4479\" class=\"wp-caption-text\">El documentalista Sebastian Moreno(D) participa de Di\u00e1logos Fotogr\u00e1ficos en Valpara\u00edso, FIFV 2016. \u00a9Victor Ruiz Caballero<\/figcaption><\/figure>\n<figure id=\"attachment_4480\" aria-describedby=\"caption-attachment-4480\" style=\"width: 1500px\" class=\"wp-caption alignnone\"><img loading=\"lazy\" decoding=\"async\" class=\"size-full wp-image-4480\" src=\"http:\/\/fifv.cl\/2016\/wp-content\/uploads\/2015\/10\/Sebastian-Moreno-FIFV31OCT.010.jpg\" alt=\"El documentalista Sebastian Moreno participa de Di\u00e1logos Fotogr\u00e1ficos en Valpara\u00edso, FIFV 2016. \u00a9Victor Ruiz Caballero\" width=\"1500\" height=\"998\" srcset=\"https:\/\/fifv.cl\/2016\/wp-content\/uploads\/2015\/10\/Sebastian-Moreno-FIFV31OCT.010.jpg 1500w, https:\/\/fifv.cl\/2016\/wp-content\/uploads\/2015\/10\/Sebastian-Moreno-FIFV31OCT.010-300x200.jpg 300w, https:\/\/fifv.cl\/2016\/wp-content\/uploads\/2015\/10\/Sebastian-Moreno-FIFV31OCT.010-768x511.jpg 768w, https:\/\/fifv.cl\/2016\/wp-content\/uploads\/2015\/10\/Sebastian-Moreno-FIFV31OCT.010-1024x681.jpg 1024w, https:\/\/fifv.cl\/2016\/wp-content\/uploads\/2015\/10\/Sebastian-Moreno-FIFV31OCT.010-750x499.jpg 750w\" sizes=\"auto, (max-width: 1500px) 100vw, 1500px\" \/><figcaption id=\"caption-attachment-4480\" class=\"wp-caption-text\">El documentalista Sebastian Moreno participa de Di\u00e1logos Fotogr\u00e1ficos en Valpara\u00edso, FIFV 2016. \u00a9Victor Ruiz Caballero<\/figcaption><\/figure>\n<figure id=\"attachment_4481\" aria-describedby=\"caption-attachment-4481\" style=\"width: 1500px\" class=\"wp-caption alignnone\"><img loading=\"lazy\" decoding=\"async\" class=\"size-full wp-image-4481\" src=\"http:\/\/fifv.cl\/2016\/wp-content\/uploads\/2015\/10\/Sebastian-Moreno-FIFV31OCT.011.jpg\" alt=\"El documentalista Sebastian Moreno participa de Di\u00e1logos Fotogr\u00e1ficos en Valpara\u00edso, FIFV 2016. \u00a9Victor Ruiz Caballero\" width=\"1500\" height=\"998\" srcset=\"https:\/\/fifv.cl\/2016\/wp-content\/uploads\/2015\/10\/Sebastian-Moreno-FIFV31OCT.011.jpg 1500w, https:\/\/fifv.cl\/2016\/wp-content\/uploads\/2015\/10\/Sebastian-Moreno-FIFV31OCT.011-300x200.jpg 300w, https:\/\/fifv.cl\/2016\/wp-content\/uploads\/2015\/10\/Sebastian-Moreno-FIFV31OCT.011-768x511.jpg 768w, https:\/\/fifv.cl\/2016\/wp-content\/uploads\/2015\/10\/Sebastian-Moreno-FIFV31OCT.011-1024x681.jpg 1024w, https:\/\/fifv.cl\/2016\/wp-content\/uploads\/2015\/10\/Sebastian-Moreno-FIFV31OCT.011-750x499.jpg 750w\" sizes=\"auto, (max-width: 1500px) 100vw, 1500px\" \/><figcaption id=\"caption-attachment-4481\" class=\"wp-caption-text\">El documentalista Sebastian Moreno participa de Di\u00e1logos Fotogr\u00e1ficos en Valpara\u00edso, FIFV 2016. \u00a9Victor Ruiz Caballero<\/figcaption><\/figure>\n<figure id=\"attachment_4429\" aria-describedby=\"caption-attachment-4429\" style=\"width: 1500px\" class=\"wp-caption alignnone\"><img loading=\"lazy\" decoding=\"async\" class=\"size-full wp-image-4429\" src=\"http:\/\/fifv.cl\/2016\/wp-content\/uploads\/2015\/10\/VRC8207-1.jpg\" alt=\"Inauguraci\u00f3n de la exposiciones La France Vue D' ici en Valpara\u00edso, FIFV 2016. \u00a9Victor Ruiz Caballero\" width=\"1500\" height=\"998\" srcset=\"https:\/\/fifv.cl\/2016\/wp-content\/uploads\/2015\/10\/VRC8207-1.jpg 1500w, https:\/\/fifv.cl\/2016\/wp-content\/uploads\/2015\/10\/VRC8207-1-300x200.jpg 300w, https:\/\/fifv.cl\/2016\/wp-content\/uploads\/2015\/10\/VRC8207-1-768x511.jpg 768w, https:\/\/fifv.cl\/2016\/wp-content\/uploads\/2015\/10\/VRC8207-1-1024x681.jpg 1024w, https:\/\/fifv.cl\/2016\/wp-content\/uploads\/2015\/10\/VRC8207-1-750x499.jpg 750w\" sizes=\"auto, (max-width: 1500px) 100vw, 1500px\" \/><figcaption id=\"caption-attachment-4429\" class=\"wp-caption-text\">Inauguraci\u00f3n de la exposiciones La France Vue D&#8217; ici en Valpara\u00edso, FIFV 2016. \u00a9Victor Ruiz Caballero<\/figcaption><\/figure>\n<figure id=\"attachment_4430\" aria-describedby=\"caption-attachment-4430\" style=\"width: 1500px\" class=\"wp-caption alignnone\"><img loading=\"lazy\" decoding=\"async\" class=\"size-full wp-image-4430\" src=\"http:\/\/fifv.cl\/2016\/wp-content\/uploads\/2015\/10\/VRC8213-1.jpg\" alt=\"Inauguraci\u00f3n de la exposiciones La France Vue D' ici en Valpara\u00edso, FIFV 2016. \u00a9Victor Ruiz Caballero\" width=\"1500\" height=\"998\" srcset=\"https:\/\/fifv.cl\/2016\/wp-content\/uploads\/2015\/10\/VRC8213-1.jpg 1500w, https:\/\/fifv.cl\/2016\/wp-content\/uploads\/2015\/10\/VRC8213-1-300x200.jpg 300w, https:\/\/fifv.cl\/2016\/wp-content\/uploads\/2015\/10\/VRC8213-1-768x511.jpg 768w, https:\/\/fifv.cl\/2016\/wp-content\/uploads\/2015\/10\/VRC8213-1-1024x681.jpg 1024w, https:\/\/fifv.cl\/2016\/wp-content\/uploads\/2015\/10\/VRC8213-1-750x499.jpg 750w\" sizes=\"auto, (max-width: 1500px) 100vw, 1500px\" \/><figcaption id=\"caption-attachment-4430\" class=\"wp-caption-text\">Inauguraci\u00f3n de la exposiciones La France Vue D&#8217; ici en Valpara\u00edso, FIFV 2016. \u00a9Victor Ruiz Caballero<\/figcaption><\/figure>\n<figure id=\"attachment_4434\" aria-describedby=\"caption-attachment-4434\" style=\"width: 1500px\" class=\"wp-caption alignnone\"><img loading=\"lazy\" decoding=\"async\" class=\"size-full wp-image-4434\" src=\"http:\/\/fifv.cl\/2016\/wp-content\/uploads\/2015\/10\/VRC8258.jpg\" alt=\"Inauguraci\u00f3n de la exposiciones La France Vue D' ici en Valpara\u00edso, FIFV 2016. \u00a9Victor Ruiz Caballero\" width=\"1500\" height=\"998\" srcset=\"https:\/\/fifv.cl\/2016\/wp-content\/uploads\/2015\/10\/VRC8258.jpg 1500w, https:\/\/fifv.cl\/2016\/wp-content\/uploads\/2015\/10\/VRC8258-300x200.jpg 300w, https:\/\/fifv.cl\/2016\/wp-content\/uploads\/2015\/10\/VRC8258-768x511.jpg 768w, https:\/\/fifv.cl\/2016\/wp-content\/uploads\/2015\/10\/VRC8258-1024x681.jpg 1024w, https:\/\/fifv.cl\/2016\/wp-content\/uploads\/2015\/10\/VRC8258-750x499.jpg 750w\" sizes=\"auto, (max-width: 1500px) 100vw, 1500px\" \/><figcaption id=\"caption-attachment-4434\" class=\"wp-caption-text\">Inauguraci\u00f3n de la exposiciones La France Vue D&#8217; ici en Valpara\u00edso, FIFV 2016. \u00a9Victor Ruiz Caballero<\/figcaption><\/figure>\n<figure id=\"attachment_4435\" aria-describedby=\"caption-attachment-4435\" style=\"width: 1500px\" class=\"wp-caption alignnone\"><img loading=\"lazy\" decoding=\"async\" class=\"size-full wp-image-4435\" src=\"http:\/\/fifv.cl\/2016\/wp-content\/uploads\/2015\/10\/VRC8278.jpg\" alt=\"Inauguraci\u00f3n de la exposiciones La France Vue D' ici en Valpara\u00edso, FIFV 2016. \u00a9Victor Ruiz Caballero\" width=\"1500\" height=\"998\" srcset=\"https:\/\/fifv.cl\/2016\/wp-content\/uploads\/2015\/10\/VRC8278.jpg 1500w, https:\/\/fifv.cl\/2016\/wp-content\/uploads\/2015\/10\/VRC8278-300x200.jpg 300w, https:\/\/fifv.cl\/2016\/wp-content\/uploads\/2015\/10\/VRC8278-768x511.jpg 768w, https:\/\/fifv.cl\/2016\/wp-content\/uploads\/2015\/10\/VRC8278-1024x681.jpg 1024w, https:\/\/fifv.cl\/2016\/wp-content\/uploads\/2015\/10\/VRC8278-750x499.jpg 750w\" sizes=\"auto, (max-width: 1500px) 100vw, 1500px\" \/><figcaption id=\"caption-attachment-4435\" class=\"wp-caption-text\">Inauguraci\u00f3n de la exposiciones La France Vue D&#8217; ici en Valpara\u00edso, FIFV 2016. \u00a9Victor Ruiz Caballero<\/figcaption><\/figure>\n<figure id=\"attachment_4436\" aria-describedby=\"caption-attachment-4436\" style=\"width: 791px\" class=\"wp-caption alignnone\"><img loading=\"lazy\" decoding=\"async\" class=\"size-full wp-image-4436\" src=\"http:\/\/fifv.cl\/2016\/wp-content\/uploads\/2015\/10\/IMG_6681.jpg\" alt=\"Inauguraci\u00f3n de la exposiciones La France Vue D' ici en Valpara\u00edso, FIFV 2016. \u00a9Daniel Villagran\" width=\"791\" height=\"1200\" srcset=\"https:\/\/fifv.cl\/2016\/wp-content\/uploads\/2015\/10\/IMG_6681.jpg 791w, https:\/\/fifv.cl\/2016\/wp-content\/uploads\/2015\/10\/IMG_6681-198x300.jpg 198w, https:\/\/fifv.cl\/2016\/wp-content\/uploads\/2015\/10\/IMG_6681-768x1165.jpg 768w, https:\/\/fifv.cl\/2016\/wp-content\/uploads\/2015\/10\/IMG_6681-675x1024.jpg 675w, https:\/\/fifv.cl\/2016\/wp-content\/uploads\/2015\/10\/IMG_6681-750x1138.jpg 750w\" sizes=\"auto, (max-width: 791px) 100vw, 791px\" \/><figcaption id=\"caption-attachment-4436\" class=\"wp-caption-text\">Inauguraci\u00f3n de la exposiciones La France Vue D&#8217; ici en Valpara\u00edso, FIFV 2016. \u00a9Daniel Villagran<\/figcaption><\/figure>\n<figure id=\"attachment_4437\" aria-describedby=\"caption-attachment-4437\" style=\"width: 1500px\" class=\"wp-caption alignnone\"><img loading=\"lazy\" decoding=\"async\" class=\"size-full wp-image-4437\" src=\"http:\/\/fifv.cl\/2016\/wp-content\/uploads\/2015\/10\/IMG_6699.jpg\" alt=\"Inauguraci\u00f3n de la exposiciones La France Vue D' ici en Valpara\u00edso, FIFV 2016. \u00a9Daniel Villagran\" width=\"1500\" height=\"974\" srcset=\"https:\/\/fifv.cl\/2016\/wp-content\/uploads\/2015\/10\/IMG_6699.jpg 1500w, https:\/\/fifv.cl\/2016\/wp-content\/uploads\/2015\/10\/IMG_6699-300x195.jpg 300w, https:\/\/fifv.cl\/2016\/wp-content\/uploads\/2015\/10\/IMG_6699-768x499.jpg 768w, https:\/\/fifv.cl\/2016\/wp-content\/uploads\/2015\/10\/IMG_6699-1024x665.jpg 1024w, https:\/\/fifv.cl\/2016\/wp-content\/uploads\/2015\/10\/IMG_6699-750x487.jpg 750w\" sizes=\"auto, (max-width: 1500px) 100vw, 1500px\" \/><figcaption id=\"caption-attachment-4437\" class=\"wp-caption-text\">Inauguraci\u00f3n de la exposiciones La France Vue D&#8217; ici en Valpara\u00edso, FIFV 2016. \u00a9Daniel Villagran<\/figcaption><\/figure>\n<figure id=\"attachment_4439\" aria-describedby=\"caption-attachment-4439\" style=\"width: 1500px\" class=\"wp-caption alignnone\"><img loading=\"lazy\" decoding=\"async\" class=\"size-full wp-image-4439\" src=\"http:\/\/fifv.cl\/2016\/wp-content\/uploads\/2015\/10\/IMG_6725.jpg\" alt=\"Inauguraci\u00f3n de la exposiciones La France Vue D' ici en Valpara\u00edso, FIFV 2016. \u00a9Daniel Villagran\" width=\"1500\" height=\"1000\" srcset=\"https:\/\/fifv.cl\/2016\/wp-content\/uploads\/2015\/10\/IMG_6725.jpg 1500w, https:\/\/fifv.cl\/2016\/wp-content\/uploads\/2015\/10\/IMG_6725-300x200.jpg 300w, https:\/\/fifv.cl\/2016\/wp-content\/uploads\/2015\/10\/IMG_6725-768x512.jpg 768w, https:\/\/fifv.cl\/2016\/wp-content\/uploads\/2015\/10\/IMG_6725-1024x683.jpg 1024w, https:\/\/fifv.cl\/2016\/wp-content\/uploads\/2015\/10\/IMG_6725-750x500.jpg 750w\" sizes=\"auto, (max-width: 1500px) 100vw, 1500px\" \/><figcaption id=\"caption-attachment-4439\" class=\"wp-caption-text\">Inauguraci\u00f3n de la exposiciones La France Vue D&#8217; ici en Valpara\u00edso, FIFV 2016. \u00a9Daniel Villagran<\/figcaption><\/figure>\n<figure id=\"attachment_4431\" aria-describedby=\"caption-attachment-4431\" style=\"width: 1500px\" class=\"wp-caption alignnone\"><img loading=\"lazy\" decoding=\"async\" class=\"size-full wp-image-4431\" src=\"http:\/\/fifv.cl\/2016\/wp-content\/uploads\/2015\/10\/VRC8218-1.jpg\" alt=\"Inauguraci\u00f3n de la exposiciones La France Vue D' ici en Valpara\u00edso, FIFV 2016. \u00a9Victor Ruiz Caballero\" width=\"1500\" height=\"998\" srcset=\"https:\/\/fifv.cl\/2016\/wp-content\/uploads\/2015\/10\/VRC8218-1.jpg 1500w, https:\/\/fifv.cl\/2016\/wp-content\/uploads\/2015\/10\/VRC8218-1-300x200.jpg 300w, https:\/\/fifv.cl\/2016\/wp-content\/uploads\/2015\/10\/VRC8218-1-768x511.jpg 768w, https:\/\/fifv.cl\/2016\/wp-content\/uploads\/2015\/10\/VRC8218-1-1024x681.jpg 1024w, https:\/\/fifv.cl\/2016\/wp-content\/uploads\/2015\/10\/VRC8218-1-750x499.jpg 750w\" sizes=\"auto, (max-width: 1500px) 100vw, 1500px\" \/><figcaption id=\"caption-attachment-4431\" class=\"wp-caption-text\">Inauguraci\u00f3n de la exposiciones La France Vue D&#8217; ici en Valpara\u00edso, FIFV 2016. \u00a9Victor Ruiz Caballero<\/figcaption><\/figure>\n<figure id=\"attachment_4433\" aria-describedby=\"caption-attachment-4433\" style=\"width: 1500px\" class=\"wp-caption alignnone\"><img loading=\"lazy\" decoding=\"async\" class=\"size-full wp-image-4433\" src=\"http:\/\/fifv.cl\/2016\/wp-content\/uploads\/2015\/10\/VRC8245.jpg\" alt=\"Inauguraci\u00f3n de la exposiciones La France Vue D' ici en Valpara\u00edso, FIFV 2016. \u00a9Victor Ruiz Caballero\" width=\"1500\" height=\"998\" srcset=\"https:\/\/fifv.cl\/2016\/wp-content\/uploads\/2015\/10\/VRC8245.jpg 1500w, https:\/\/fifv.cl\/2016\/wp-content\/uploads\/2015\/10\/VRC8245-300x200.jpg 300w, https:\/\/fifv.cl\/2016\/wp-content\/uploads\/2015\/10\/VRC8245-768x511.jpg 768w, https:\/\/fifv.cl\/2016\/wp-content\/uploads\/2015\/10\/VRC8245-1024x681.jpg 1024w, https:\/\/fifv.cl\/2016\/wp-content\/uploads\/2015\/10\/VRC8245-750x499.jpg 750w\" sizes=\"auto, (max-width: 1500px) 100vw, 1500px\" \/><figcaption id=\"caption-attachment-4433\" class=\"wp-caption-text\">Inauguraci\u00f3n de la exposiciones La France Vue D&#8217; ici en Valpara\u00edso, FIFV 2016. \u00a9Victor Ruiz Caballero<\/figcaption><\/figure>\n<figure id=\"attachment_4427\" aria-describedby=\"caption-attachment-4427\" style=\"width: 1500px\" class=\"wp-caption alignnone\"><img loading=\"lazy\" decoding=\"async\" class=\"size-full wp-image-4427\" src=\"http:\/\/fifv.cl\/2016\/wp-content\/uploads\/2015\/10\/VRC8193.jpg\" alt=\"Inauguraci\u00f3n de la exposiciones La France Vue D' ici en Valpara\u00edso, FIFV 2016. \u00a9Victor Ruiz Caballero\" width=\"1500\" height=\"998\" srcset=\"https:\/\/fifv.cl\/2016\/wp-content\/uploads\/2015\/10\/VRC8193.jpg 1500w, https:\/\/fifv.cl\/2016\/wp-content\/uploads\/2015\/10\/VRC8193-300x200.jpg 300w, https:\/\/fifv.cl\/2016\/wp-content\/uploads\/2015\/10\/VRC8193-768x511.jpg 768w, https:\/\/fifv.cl\/2016\/wp-content\/uploads\/2015\/10\/VRC8193-1024x681.jpg 1024w, https:\/\/fifv.cl\/2016\/wp-content\/uploads\/2015\/10\/VRC8193-750x499.jpg 750w\" sizes=\"auto, (max-width: 1500px) 100vw, 1500px\" \/><figcaption id=\"caption-attachment-4427\" class=\"wp-caption-text\">Inauguraci\u00f3n de la exposiciones La France Vue D&#8217; ici en Valpara\u00edso, FIFV 2016. \u00a9Victor Ruiz Caballero<\/figcaption><\/figure>\n<figure id=\"attachment_4432\" aria-describedby=\"caption-attachment-4432\" style=\"width: 1500px\" class=\"wp-caption alignnone\"><img loading=\"lazy\" decoding=\"async\" class=\"size-full wp-image-4432\" src=\"http:\/\/fifv.cl\/2016\/wp-content\/uploads\/2015\/10\/VRC8230.jpg\" alt=\"Inauguraci\u00f3n de la exposiciones La France Vue D' ici en Valpara\u00edso, FIFV 2016. \u00a9Victor Ruiz Caballero\" width=\"1500\" height=\"998\" srcset=\"https:\/\/fifv.cl\/2016\/wp-content\/uploads\/2015\/10\/VRC8230.jpg 1500w, https:\/\/fifv.cl\/2016\/wp-content\/uploads\/2015\/10\/VRC8230-300x200.jpg 300w, https:\/\/fifv.cl\/2016\/wp-content\/uploads\/2015\/10\/VRC8230-768x511.jpg 768w, https:\/\/fifv.cl\/2016\/wp-content\/uploads\/2015\/10\/VRC8230-1024x681.jpg 1024w, https:\/\/fifv.cl\/2016\/wp-content\/uploads\/2015\/10\/VRC8230-750x499.jpg 750w\" sizes=\"auto, (max-width: 1500px) 100vw, 1500px\" \/><figcaption id=\"caption-attachment-4432\" class=\"wp-caption-text\">Inauguraci\u00f3n de la exposiciones La France Vue D&#8217; ici en Valpara\u00edso, FIFV 2016. \u00a9Victor Ruiz Caballero<\/figcaption><\/figure>\n<figure id=\"attachment_4438\" aria-describedby=\"caption-attachment-4438\" style=\"width: 1500px\" class=\"wp-caption alignnone\"><img loading=\"lazy\" decoding=\"async\" class=\"size-full wp-image-4438\" src=\"http:\/\/fifv.cl\/2016\/wp-content\/uploads\/2015\/10\/IMG_6716.jpg\" alt=\"Inauguraci\u00f3n de la exposiciones La France Vue D' ici en Valpara\u00edso, FIFV 2016. \u00a9Daniel Villagran\" width=\"1500\" height=\"1000\" srcset=\"https:\/\/fifv.cl\/2016\/wp-content\/uploads\/2015\/10\/IMG_6716.jpg 1500w, https:\/\/fifv.cl\/2016\/wp-content\/uploads\/2015\/10\/IMG_6716-300x200.jpg 300w, https:\/\/fifv.cl\/2016\/wp-content\/uploads\/2015\/10\/IMG_6716-768x512.jpg 768w, https:\/\/fifv.cl\/2016\/wp-content\/uploads\/2015\/10\/IMG_6716-1024x683.jpg 1024w, https:\/\/fifv.cl\/2016\/wp-content\/uploads\/2015\/10\/IMG_6716-750x500.jpg 750w\" sizes=\"auto, (max-width: 1500px) 100vw, 1500px\" \/><figcaption id=\"caption-attachment-4438\" class=\"wp-caption-text\">Inauguraci\u00f3n de la exposiciones La France Vue D&#8217; ici en Valpara\u00edso, FIFV 2016. \u00a9Daniel Villagran<\/figcaption><\/figure>\n<figure id=\"attachment_4428\" aria-describedby=\"caption-attachment-4428\" style=\"width: 1500px\" class=\"wp-caption alignnone\"><img loading=\"lazy\" decoding=\"async\" class=\"size-full wp-image-4428\" src=\"http:\/\/fifv.cl\/2016\/wp-content\/uploads\/2015\/10\/VRC8202-1.jpg\" alt=\"Inauguraci\u00f3n de la exposiciones La France Vue D' ici en Valpara\u00edso, FIFV 2016. \u00a9Victor Ruiz Caballero\" width=\"1500\" height=\"998\" srcset=\"https:\/\/fifv.cl\/2016\/wp-content\/uploads\/2015\/10\/VRC8202-1.jpg 1500w, https:\/\/fifv.cl\/2016\/wp-content\/uploads\/2015\/10\/VRC8202-1-300x200.jpg 300w, https:\/\/fifv.cl\/2016\/wp-content\/uploads\/2015\/10\/VRC8202-1-768x511.jpg 768w, https:\/\/fifv.cl\/2016\/wp-content\/uploads\/2015\/10\/VRC8202-1-1024x681.jpg 1024w, https:\/\/fifv.cl\/2016\/wp-content\/uploads\/2015\/10\/VRC8202-1-750x499.jpg 750w\" sizes=\"auto, (max-width: 1500px) 100vw, 1500px\" \/><figcaption id=\"caption-attachment-4428\" class=\"wp-caption-text\">Inauguraci\u00f3n de la exposiciones La France Vue D&#8217; ici en Valpara\u00edso, FIFV 2016. \u00a9Victor Ruiz Caballero<\/figcaption><\/figure>\n<figure id=\"attachment_4426\" aria-describedby=\"caption-attachment-4426\" style=\"width: 1500px\" class=\"wp-caption alignnone\"><img loading=\"lazy\" decoding=\"async\" class=\"size-full wp-image-4426\" src=\"http:\/\/fifv.cl\/2016\/wp-content\/uploads\/2015\/10\/VRC8187.jpg\" alt=\"Inauguraci\u00f3n de la exposiciones La France Vue D' ici en Valpara\u00edso, FIFV 2016. \u00a9Victor Ruiz Caballero\" width=\"1500\" height=\"998\" srcset=\"https:\/\/fifv.cl\/2016\/wp-content\/uploads\/2015\/10\/VRC8187.jpg 1500w, https:\/\/fifv.cl\/2016\/wp-content\/uploads\/2015\/10\/VRC8187-300x200.jpg 300w, https:\/\/fifv.cl\/2016\/wp-content\/uploads\/2015\/10\/VRC8187-768x511.jpg 768w, https:\/\/fifv.cl\/2016\/wp-content\/uploads\/2015\/10\/VRC8187-1024x681.jpg 1024w, https:\/\/fifv.cl\/2016\/wp-content\/uploads\/2015\/10\/VRC8187-750x499.jpg 750w\" sizes=\"auto, (max-width: 1500px) 100vw, 1500px\" \/><figcaption id=\"caption-attachment-4426\" class=\"wp-caption-text\">Inauguraci\u00f3n de la exposiciones La France Vue D&#8217; ici en Valpara\u00edso, FIFV 2016. \u00a9Victor Ruiz Caballero<\/figcaption><\/figure>\n<figure id=\"attachment_4405\" aria-describedby=\"caption-attachment-4405\" style=\"width: 1500px\" class=\"wp-caption alignnone\"><img loading=\"lazy\" decoding=\"async\" class=\"size-full wp-image-4405\" src=\"http:\/\/fifv.cl\/2016\/wp-content\/uploads\/2015\/10\/VRC7994.jpg\" alt=\"Inauguraci\u00f3n de la exposiciones en Casa Plan en Valpara\u00edso, FIFV 2016. \u00a9Victor Ruiz Caballero\" width=\"1500\" height=\"998\" srcset=\"https:\/\/fifv.cl\/2016\/wp-content\/uploads\/2015\/10\/VRC7994.jpg 1500w, https:\/\/fifv.cl\/2016\/wp-content\/uploads\/2015\/10\/VRC7994-300x200.jpg 300w, https:\/\/fifv.cl\/2016\/wp-content\/uploads\/2015\/10\/VRC7994-768x511.jpg 768w, https:\/\/fifv.cl\/2016\/wp-content\/uploads\/2015\/10\/VRC7994-1024x681.jpg 1024w, https:\/\/fifv.cl\/2016\/wp-content\/uploads\/2015\/10\/VRC7994-750x499.jpg 750w\" sizes=\"auto, (max-width: 1500px) 100vw, 1500px\" \/><figcaption id=\"caption-attachment-4405\" class=\"wp-caption-text\">Inauguraci\u00f3n de la exposiciones en Casa Plan en Valpara\u00edso, FIFV 2016. \u00a9Victor Ruiz Caballero<\/figcaption><\/figure>\n<figure id=\"attachment_4406\" aria-describedby=\"caption-attachment-4406\" style=\"width: 1500px\" class=\"wp-caption alignnone\"><img loading=\"lazy\" decoding=\"async\" class=\"size-full wp-image-4406\" src=\"http:\/\/fifv.cl\/2016\/wp-content\/uploads\/2015\/10\/VRC8010.jpg\" alt=\"Inauguraci\u00f3n de la exposiciones en Casa Plan en Valpara\u00edso, FIFV 2016. \u00a9Victor Ruiz Caballero\" width=\"1500\" height=\"998\" srcset=\"https:\/\/fifv.cl\/2016\/wp-content\/uploads\/2015\/10\/VRC8010.jpg 1500w, https:\/\/fifv.cl\/2016\/wp-content\/uploads\/2015\/10\/VRC8010-300x200.jpg 300w, https:\/\/fifv.cl\/2016\/wp-content\/uploads\/2015\/10\/VRC8010-768x511.jpg 768w, https:\/\/fifv.cl\/2016\/wp-content\/uploads\/2015\/10\/VRC8010-1024x681.jpg 1024w, https:\/\/fifv.cl\/2016\/wp-content\/uploads\/2015\/10\/VRC8010-750x499.jpg 750w\" sizes=\"auto, (max-width: 1500px) 100vw, 1500px\" \/><figcaption id=\"caption-attachment-4406\" class=\"wp-caption-text\">Inauguraci\u00f3n de la exposiciones en Casa Plan en Valpara\u00edso, FIFV 2016. \u00a9Victor Ruiz Caballero<\/figcaption><\/figure>\n<figure id=\"attachment_4407\" aria-describedby=\"caption-attachment-4407\" style=\"width: 1500px\" class=\"wp-caption alignnone\"><img loading=\"lazy\" decoding=\"async\" class=\"size-full wp-image-4407\" src=\"http:\/\/fifv.cl\/2016\/wp-content\/uploads\/2015\/10\/VRC8025.jpg\" alt=\"Inauguraci\u00f3n de la exposiciones en Casa Plan en Valpara\u00edso, FIFV 2016. \u00a9Victor Ruiz Caballero\" width=\"1500\" height=\"998\" srcset=\"https:\/\/fifv.cl\/2016\/wp-content\/uploads\/2015\/10\/VRC8025.jpg 1500w, https:\/\/fifv.cl\/2016\/wp-content\/uploads\/2015\/10\/VRC8025-300x200.jpg 300w, https:\/\/fifv.cl\/2016\/wp-content\/uploads\/2015\/10\/VRC8025-768x511.jpg 768w, https:\/\/fifv.cl\/2016\/wp-content\/uploads\/2015\/10\/VRC8025-1024x681.jpg 1024w, https:\/\/fifv.cl\/2016\/wp-content\/uploads\/2015\/10\/VRC8025-750x499.jpg 750w\" sizes=\"auto, (max-width: 1500px) 100vw, 1500px\" \/><figcaption id=\"caption-attachment-4407\" class=\"wp-caption-text\">Inauguraci\u00f3n de la exposiciones en Casa Plan en Valpara\u00edso, FIFV 2016. \u00a9Victor Ruiz Caballero<\/figcaption><\/figure>\n<figure id=\"attachment_4408\" aria-describedby=\"caption-attachment-4408\" style=\"width: 1500px\" class=\"wp-caption alignnone\"><img loading=\"lazy\" decoding=\"async\" class=\"size-full wp-image-4408\" src=\"http:\/\/fifv.cl\/2016\/wp-content\/uploads\/2015\/10\/VRC8028.jpg\" alt=\"Inauguraci\u00f3n de la exposiciones en Casa Plan en Valpara\u00edso, FIFV 2016. \u00a9Victor Ruiz Caballero\" width=\"1500\" height=\"998\" srcset=\"https:\/\/fifv.cl\/2016\/wp-content\/uploads\/2015\/10\/VRC8028.jpg 1500w, https:\/\/fifv.cl\/2016\/wp-content\/uploads\/2015\/10\/VRC8028-300x200.jpg 300w, https:\/\/fifv.cl\/2016\/wp-content\/uploads\/2015\/10\/VRC8028-768x511.jpg 768w, https:\/\/fifv.cl\/2016\/wp-content\/uploads\/2015\/10\/VRC8028-1024x681.jpg 1024w, https:\/\/fifv.cl\/2016\/wp-content\/uploads\/2015\/10\/VRC8028-750x499.jpg 750w\" sizes=\"auto, (max-width: 1500px) 100vw, 1500px\" \/><figcaption id=\"caption-attachment-4408\" class=\"wp-caption-text\">Inauguraci\u00f3n de la exposiciones en Casa Plan en Valpara\u00edso, FIFV 2016. \u00a9Victor Ruiz Caballero<\/figcaption><\/figure>\n<figure id=\"attachment_4409\" aria-describedby=\"caption-attachment-4409\" style=\"width: 1500px\" class=\"wp-caption alignnone\"><img loading=\"lazy\" decoding=\"async\" class=\"size-full wp-image-4409\" src=\"http:\/\/fifv.cl\/2016\/wp-content\/uploads\/2015\/10\/VRC8040.jpg\" alt=\"Inauguraci\u00f3n de la exposiciones en Casa Plan en Valpara\u00edso, FIFV 2016. \u00a9Victor Ruiz Caballero\" width=\"1500\" height=\"998\" srcset=\"https:\/\/fifv.cl\/2016\/wp-content\/uploads\/2015\/10\/VRC8040.jpg 1500w, https:\/\/fifv.cl\/2016\/wp-content\/uploads\/2015\/10\/VRC8040-300x200.jpg 300w, https:\/\/fifv.cl\/2016\/wp-content\/uploads\/2015\/10\/VRC8040-768x511.jpg 768w, https:\/\/fifv.cl\/2016\/wp-content\/uploads\/2015\/10\/VRC8040-1024x681.jpg 1024w, https:\/\/fifv.cl\/2016\/wp-content\/uploads\/2015\/10\/VRC8040-750x499.jpg 750w\" sizes=\"auto, (max-width: 1500px) 100vw, 1500px\" \/><figcaption id=\"caption-attachment-4409\" class=\"wp-caption-text\">Inauguraci\u00f3n de la exposiciones en Casa Plan en Valpara\u00edso, FIFV 2016. \u00a9Victor Ruiz Caballero<\/figcaption><\/figure>\n<figure id=\"attachment_4410\" aria-describedby=\"caption-attachment-4410\" style=\"width: 1500px\" class=\"wp-caption alignnone\"><img loading=\"lazy\" decoding=\"async\" class=\"size-full wp-image-4410\" src=\"http:\/\/fifv.cl\/2016\/wp-content\/uploads\/2015\/10\/VRC8041.jpg\" alt=\"Inauguraci\u00f3n de la exposiciones en Casa Plan en Valpara\u00edso, FIFV 2016. \u00a9Victor Ruiz Caballero\" width=\"1500\" height=\"998\" srcset=\"https:\/\/fifv.cl\/2016\/wp-content\/uploads\/2015\/10\/VRC8041.jpg 1500w, https:\/\/fifv.cl\/2016\/wp-content\/uploads\/2015\/10\/VRC8041-300x200.jpg 300w, https:\/\/fifv.cl\/2016\/wp-content\/uploads\/2015\/10\/VRC8041-768x511.jpg 768w, https:\/\/fifv.cl\/2016\/wp-content\/uploads\/2015\/10\/VRC8041-1024x681.jpg 1024w, https:\/\/fifv.cl\/2016\/wp-content\/uploads\/2015\/10\/VRC8041-750x499.jpg 750w\" sizes=\"auto, (max-width: 1500px) 100vw, 1500px\" \/><figcaption id=\"caption-attachment-4410\" class=\"wp-caption-text\">Inauguraci\u00f3n de la exposiciones en Casa Plan en Valpara\u00edso, FIFV 2016. \u00a9Victor Ruiz Caballero<\/figcaption><\/figure>\n<figure id=\"attachment_4411\" aria-describedby=\"caption-attachment-4411\" style=\"width: 1500px\" class=\"wp-caption alignnone\"><img loading=\"lazy\" decoding=\"async\" class=\"size-full wp-image-4411\" src=\"http:\/\/fifv.cl\/2016\/wp-content\/uploads\/2015\/10\/VRC8049.jpg\" alt=\"Inauguraci\u00f3n de la exposiciones en Casa Plan en Valpara\u00edso, FIFV 2016. \u00a9Victor Ruiz Caballero\" width=\"1500\" height=\"998\" srcset=\"https:\/\/fifv.cl\/2016\/wp-content\/uploads\/2015\/10\/VRC8049.jpg 1500w, https:\/\/fifv.cl\/2016\/wp-content\/uploads\/2015\/10\/VRC8049-300x200.jpg 300w, https:\/\/fifv.cl\/2016\/wp-content\/uploads\/2015\/10\/VRC8049-768x511.jpg 768w, https:\/\/fifv.cl\/2016\/wp-content\/uploads\/2015\/10\/VRC8049-1024x681.jpg 1024w, https:\/\/fifv.cl\/2016\/wp-content\/uploads\/2015\/10\/VRC8049-750x499.jpg 750w\" sizes=\"auto, (max-width: 1500px) 100vw, 1500px\" \/><figcaption id=\"caption-attachment-4411\" class=\"wp-caption-text\">Inauguraci\u00f3n de la exposiciones en Casa Plan en Valpara\u00edso, FIFV 2016. \u00a9Victor Ruiz Caballero<\/figcaption><\/figure>\n<figure id=\"attachment_4412\" aria-describedby=\"caption-attachment-4412\" style=\"width: 1500px\" class=\"wp-caption alignnone\"><img loading=\"lazy\" decoding=\"async\" class=\"size-full wp-image-4412\" src=\"http:\/\/fifv.cl\/2016\/wp-content\/uploads\/2015\/10\/VRC8061.jpg\" alt=\"Inauguraci\u00f3n de la exposiciones en Casa Plan en Valpara\u00edso, FIFV 2016. \u00a9Victor Ruiz Caballero\" width=\"1500\" height=\"998\" srcset=\"https:\/\/fifv.cl\/2016\/wp-content\/uploads\/2015\/10\/VRC8061.jpg 1500w, https:\/\/fifv.cl\/2016\/wp-content\/uploads\/2015\/10\/VRC8061-300x200.jpg 300w, https:\/\/fifv.cl\/2016\/wp-content\/uploads\/2015\/10\/VRC8061-768x511.jpg 768w, https:\/\/fifv.cl\/2016\/wp-content\/uploads\/2015\/10\/VRC8061-1024x681.jpg 1024w, https:\/\/fifv.cl\/2016\/wp-content\/uploads\/2015\/10\/VRC8061-750x499.jpg 750w\" sizes=\"auto, (max-width: 1500px) 100vw, 1500px\" \/><figcaption id=\"caption-attachment-4412\" class=\"wp-caption-text\">Inauguraci\u00f3n de la exposiciones en Casa Plan en Valpara\u00edso, FIFV 2016. \u00a9Victor Ruiz Caballero<\/figcaption><\/figure>\n<figure id=\"attachment_4413\" aria-describedby=\"caption-attachment-4413\" style=\"width: 1500px\" class=\"wp-caption alignnone\"><img loading=\"lazy\" decoding=\"async\" class=\"size-full wp-image-4413\" src=\"http:\/\/fifv.cl\/2016\/wp-content\/uploads\/2015\/10\/VRC8066.jpg\" alt=\"Inauguraci\u00f3n de la exposiciones en Casa Plan en Valpara\u00edso, FIFV 2016. \u00a9Victor Ruiz Caballero\" width=\"1500\" height=\"998\" srcset=\"https:\/\/fifv.cl\/2016\/wp-content\/uploads\/2015\/10\/VRC8066.jpg 1500w, https:\/\/fifv.cl\/2016\/wp-content\/uploads\/2015\/10\/VRC8066-300x200.jpg 300w, https:\/\/fifv.cl\/2016\/wp-content\/uploads\/2015\/10\/VRC8066-768x511.jpg 768w, https:\/\/fifv.cl\/2016\/wp-content\/uploads\/2015\/10\/VRC8066-1024x681.jpg 1024w, https:\/\/fifv.cl\/2016\/wp-content\/uploads\/2015\/10\/VRC8066-750x499.jpg 750w\" sizes=\"auto, (max-width: 1500px) 100vw, 1500px\" \/><figcaption id=\"caption-attachment-4413\" class=\"wp-caption-text\">Inauguraci\u00f3n de la exposiciones en Casa Plan en Valpara\u00edso, FIFV 2016. \u00a9Victor Ruiz Caballero<\/figcaption><\/figure>\n<figure id=\"attachment_4414\" aria-describedby=\"caption-attachment-4414\" style=\"width: 1500px\" class=\"wp-caption alignnone\"><img loading=\"lazy\" decoding=\"async\" class=\"size-full wp-image-4414\" src=\"http:\/\/fifv.cl\/2016\/wp-content\/uploads\/2015\/10\/VRC8076.jpg\" alt=\"Inauguraci\u00f3n de la exposiciones en Casa Plan en Valpara\u00edso, FIFV 2016. \u00a9Victor Ruiz Caballero\" width=\"1500\" height=\"998\" srcset=\"https:\/\/fifv.cl\/2016\/wp-content\/uploads\/2015\/10\/VRC8076.jpg 1500w, https:\/\/fifv.cl\/2016\/wp-content\/uploads\/2015\/10\/VRC8076-300x200.jpg 300w, https:\/\/fifv.cl\/2016\/wp-content\/uploads\/2015\/10\/VRC8076-768x511.jpg 768w, https:\/\/fifv.cl\/2016\/wp-content\/uploads\/2015\/10\/VRC8076-1024x681.jpg 1024w, https:\/\/fifv.cl\/2016\/wp-content\/uploads\/2015\/10\/VRC8076-750x499.jpg 750w\" sizes=\"auto, (max-width: 1500px) 100vw, 1500px\" \/><figcaption id=\"caption-attachment-4414\" class=\"wp-caption-text\">Inauguraci\u00f3n de la exposiciones en Casa Plan en Valpara\u00edso, FIFV 2016. \u00a9Victor Ruiz Caballero<\/figcaption><\/figure>\n<figure id=\"attachment_4416\" aria-describedby=\"caption-attachment-4416\" style=\"width: 1500px\" class=\"wp-caption alignnone\"><img loading=\"lazy\" decoding=\"async\" class=\"size-full wp-image-4416\" src=\"http:\/\/fifv.cl\/2016\/wp-content\/uploads\/2015\/10\/VRC8088.jpg\" alt=\"Inauguraci\u00f3n de la exposiciones en Casa Plan en Valpara\u00edso, FIFV 2016. \u00a9Victor Ruiz Caballero\" width=\"1500\" height=\"998\" srcset=\"https:\/\/fifv.cl\/2016\/wp-content\/uploads\/2015\/10\/VRC8088.jpg 1500w, https:\/\/fifv.cl\/2016\/wp-content\/uploads\/2015\/10\/VRC8088-300x200.jpg 300w, https:\/\/fifv.cl\/2016\/wp-content\/uploads\/2015\/10\/VRC8088-768x511.jpg 768w, https:\/\/fifv.cl\/2016\/wp-content\/uploads\/2015\/10\/VRC8088-1024x681.jpg 1024w, https:\/\/fifv.cl\/2016\/wp-content\/uploads\/2015\/10\/VRC8088-750x499.jpg 750w\" sizes=\"auto, (max-width: 1500px) 100vw, 1500px\" \/><figcaption id=\"caption-attachment-4416\" class=\"wp-caption-text\">Inauguraci\u00f3n de la exposiciones en Casa Plan en Valpara\u00edso, FIFV 2016. \u00a9Victor Ruiz Caballero<\/figcaption><\/figure>\n<figure id=\"attachment_4417\" aria-describedby=\"caption-attachment-4417\" style=\"width: 1500px\" class=\"wp-caption alignnone\"><img loading=\"lazy\" decoding=\"async\" class=\"size-full wp-image-4417\" src=\"http:\/\/fifv.cl\/2016\/wp-content\/uploads\/2015\/10\/VRC8106.jpg\" alt=\"Inauguraci\u00f3n de la exposiciones en Casa Plan en Valpara\u00edso, FIFV 2016. \u00a9Victor Ruiz Caballero\" width=\"1500\" height=\"998\" srcset=\"https:\/\/fifv.cl\/2016\/wp-content\/uploads\/2015\/10\/VRC8106.jpg 1500w, https:\/\/fifv.cl\/2016\/wp-content\/uploads\/2015\/10\/VRC8106-300x200.jpg 300w, https:\/\/fifv.cl\/2016\/wp-content\/uploads\/2015\/10\/VRC8106-768x511.jpg 768w, https:\/\/fifv.cl\/2016\/wp-content\/uploads\/2015\/10\/VRC8106-1024x681.jpg 1024w, https:\/\/fifv.cl\/2016\/wp-content\/uploads\/2015\/10\/VRC8106-750x499.jpg 750w\" sizes=\"auto, (max-width: 1500px) 100vw, 1500px\" \/><figcaption id=\"caption-attachment-4417\" class=\"wp-caption-text\">Inauguraci\u00f3n de la exposiciones en Casa Plan en Valpara\u00edso, FIFV 2016. \u00a9Victor Ruiz Caballero<\/figcaption><\/figure>\n<figure id=\"attachment_4418\" aria-describedby=\"caption-attachment-4418\" style=\"width: 1500px\" class=\"wp-caption alignnone\"><img loading=\"lazy\" decoding=\"async\" class=\"size-full wp-image-4418\" src=\"http:\/\/fifv.cl\/2016\/wp-content\/uploads\/2015\/10\/VRC8110.jpg\" alt=\"Inauguraci\u00f3n de la exposiciones en Casa Plan en Valpara\u00edso, FIFV 2016. \u00a9Victor Ruiz Caballero\" width=\"1500\" height=\"998\" srcset=\"https:\/\/fifv.cl\/2016\/wp-content\/uploads\/2015\/10\/VRC8110.jpg 1500w, https:\/\/fifv.cl\/2016\/wp-content\/uploads\/2015\/10\/VRC8110-300x200.jpg 300w, https:\/\/fifv.cl\/2016\/wp-content\/uploads\/2015\/10\/VRC8110-768x511.jpg 768w, https:\/\/fifv.cl\/2016\/wp-content\/uploads\/2015\/10\/VRC8110-1024x681.jpg 1024w, https:\/\/fifv.cl\/2016\/wp-content\/uploads\/2015\/10\/VRC8110-750x499.jpg 750w\" sizes=\"auto, (max-width: 1500px) 100vw, 1500px\" \/><figcaption id=\"caption-attachment-4418\" class=\"wp-caption-text\">Inauguraci\u00f3n de la exposiciones en Casa Plan en Valpara\u00edso, FIFV 2016. \u00a9Victor Ruiz Caballero<\/figcaption><\/figure>\n<figure id=\"attachment_4419\" aria-describedby=\"caption-attachment-4419\" style=\"width: 1500px\" class=\"wp-caption alignnone\"><img loading=\"lazy\" decoding=\"async\" class=\"size-full wp-image-4419\" src=\"http:\/\/fifv.cl\/2016\/wp-content\/uploads\/2015\/10\/VRC8137.jpg\" alt=\"Inauguraci\u00f3n de la exposiciones en Casa Plan en Valpara\u00edso, FIFV 2016. \u00a9Victor Ruiz Caballero\" width=\"1500\" height=\"998\" srcset=\"https:\/\/fifv.cl\/2016\/wp-content\/uploads\/2015\/10\/VRC8137.jpg 1500w, https:\/\/fifv.cl\/2016\/wp-content\/uploads\/2015\/10\/VRC8137-300x200.jpg 300w, https:\/\/fifv.cl\/2016\/wp-content\/uploads\/2015\/10\/VRC8137-768x511.jpg 768w, https:\/\/fifv.cl\/2016\/wp-content\/uploads\/2015\/10\/VRC8137-1024x681.jpg 1024w, https:\/\/fifv.cl\/2016\/wp-content\/uploads\/2015\/10\/VRC8137-750x499.jpg 750w\" sizes=\"auto, (max-width: 1500px) 100vw, 1500px\" \/><figcaption id=\"caption-attachment-4419\" class=\"wp-caption-text\">Inauguraci\u00f3n de la exposiciones en Casa Plan en Valpara\u00edso, FIFV 2016. \u00a9Victor Ruiz Caballero<\/figcaption><\/figure>\n<figure id=\"attachment_4415\" aria-describedby=\"caption-attachment-4415\" style=\"width: 1500px\" class=\"wp-caption alignnone\"><img loading=\"lazy\" decoding=\"async\" class=\"size-full wp-image-4415\" src=\"http:\/\/fifv.cl\/2016\/wp-content\/uploads\/2015\/10\/VRC8083.jpg\" alt=\"Inauguraci\u00f3n de la exposiciones en Casa Plan en Valpara\u00edso, FIFV 2016. \u00a9Victor Ruiz Caballero\" width=\"1500\" height=\"998\" srcset=\"https:\/\/fifv.cl\/2016\/wp-content\/uploads\/2015\/10\/VRC8083.jpg 1500w, https:\/\/fifv.cl\/2016\/wp-content\/uploads\/2015\/10\/VRC8083-300x200.jpg 300w, https:\/\/fifv.cl\/2016\/wp-content\/uploads\/2015\/10\/VRC8083-768x511.jpg 768w, https:\/\/fifv.cl\/2016\/wp-content\/uploads\/2015\/10\/VRC8083-1024x681.jpg 1024w, https:\/\/fifv.cl\/2016\/wp-content\/uploads\/2015\/10\/VRC8083-750x499.jpg 750w\" sizes=\"auto, (max-width: 1500px) 100vw, 1500px\" \/><figcaption id=\"caption-attachment-4415\" class=\"wp-caption-text\">Inauguraci\u00f3n de la exposiciones en Casa Plan en Valpara\u00edso, FIFV 2016. \u00a9Victor Ruiz Caballero<\/figcaption><\/figure>\n<figure id=\"attachment_4420\" aria-describedby=\"caption-attachment-4420\" style=\"width: 1500px\" class=\"wp-caption alignnone\"><img loading=\"lazy\" decoding=\"async\" class=\"size-full wp-image-4420\" src=\"http:\/\/fifv.cl\/2016\/wp-content\/uploads\/2015\/10\/VRC8172.jpg\" alt=\"Inauguraci\u00f3n de la exposiciones en Casa Plan en Valpara\u00edso, FIFV 2016. \u00a9Victor Ruiz Caballero\" width=\"1500\" height=\"998\" srcset=\"https:\/\/fifv.cl\/2016\/wp-content\/uploads\/2015\/10\/VRC8172.jpg 1500w, https:\/\/fifv.cl\/2016\/wp-content\/uploads\/2015\/10\/VRC8172-300x200.jpg 300w, https:\/\/fifv.cl\/2016\/wp-content\/uploads\/2015\/10\/VRC8172-768x511.jpg 768w, https:\/\/fifv.cl\/2016\/wp-content\/uploads\/2015\/10\/VRC8172-1024x681.jpg 1024w, https:\/\/fifv.cl\/2016\/wp-content\/uploads\/2015\/10\/VRC8172-750x499.jpg 750w\" sizes=\"auto, (max-width: 1500px) 100vw, 1500px\" \/><figcaption id=\"caption-attachment-4420\" class=\"wp-caption-text\">Inauguraci\u00f3n de la exposiciones en Casa Plan en Valpara\u00edso, FIFV 2016. \u00a9Victor Ruiz Caballero<\/figcaption><\/figure>\n<p><img loading=\"lazy\" decoding=\"async\" class=\"alignnone size-full wp-image-4746\" src=\"http:\/\/fifv.cl\/2016\/wp-content\/uploads\/2015\/10\/Gilles-Favier002-1.jpg\" alt=\"gilles-favier002\" width=\"2000\" height=\"1335\" srcset=\"https:\/\/fifv.cl\/2016\/wp-content\/uploads\/2015\/10\/Gilles-Favier002-1.jpg 2000w, https:\/\/fifv.cl\/2016\/wp-content\/uploads\/2015\/10\/Gilles-Favier002-1-300x200.jpg 300w, https:\/\/fifv.cl\/2016\/wp-content\/uploads\/2015\/10\/Gilles-Favier002-1-768x513.jpg 768w, https:\/\/fifv.cl\/2016\/wp-content\/uploads\/2015\/10\/Gilles-Favier002-1-1024x684.jpg 1024w, https:\/\/fifv.cl\/2016\/wp-content\/uploads\/2015\/10\/Gilles-Favier002-1-750x501.jpg 750w\" sizes=\"auto, (max-width: 2000px) 100vw, 2000px\" \/><\/p>\n<p>El fot\u00f3grafo franc\u00e9s Gilles Favier firma su libro de la exposici\u00f3n \u00abValpara\u00edso\u00bb, FIFV2016. \u00a9Ignacio Lamas<img loading=\"lazy\" decoding=\"async\" class=\"alignnone size-full wp-image-4747\" src=\"http:\/\/fifv.cl\/2016\/wp-content\/uploads\/2015\/10\/Gilles-Favier001-1.jpg\" alt=\"gilles-favier001\" width=\"2000\" height=\"1335\" srcset=\"https:\/\/fifv.cl\/2016\/wp-content\/uploads\/2015\/10\/Gilles-Favier001-1.jpg 2000w, https:\/\/fifv.cl\/2016\/wp-content\/uploads\/2015\/10\/Gilles-Favier001-1-300x200.jpg 300w, https:\/\/fifv.cl\/2016\/wp-content\/uploads\/2015\/10\/Gilles-Favier001-1-768x513.jpg 768w, https:\/\/fifv.cl\/2016\/wp-content\/uploads\/2015\/10\/Gilles-Favier001-1-1024x684.jpg 1024w, https:\/\/fifv.cl\/2016\/wp-content\/uploads\/2015\/10\/Gilles-Favier001-1-750x501.jpg 750w\" sizes=\"auto, (max-width: 2000px) 100vw, 2000px\" \/><\/p>\n<p>El fot\u00f3grafo franc\u00e9s Gilles Favier firma su libro de la exposici\u00f3n \u00abValpara\u00edso\u00bb, FIFV2016. \u00a9Ignacio Lamas<\/p>\n<h3 style=\"text-align: center;\">Domingo 30 de Octubre<\/h3>\n<figure id=\"attachment_4369\" aria-describedby=\"caption-attachment-4369\" style=\"width: 2000px\" class=\"wp-caption alignnone\"><img loading=\"lazy\" decoding=\"async\" class=\"size-full wp-image-4369\" src=\"http:\/\/fifv.cl\/2016\/wp-content\/uploads\/2015\/10\/DIALOGOS-FOTOGRAFICOS-FIFV001A.jpg\" alt=\"Rodrigo Rovira participa en D\u00edalogos Fotogr\u00e1ficos en el Restaurant El Internado en el marco de la 7\u00aa edici\u00f3n del Festival Internacional de Fotograf\u00eda en Valpara\u00edso, FIFV 2016. \u00a9Ignacio Lamas\" width=\"2000\" height=\"1335\" srcset=\"https:\/\/fifv.cl\/2016\/wp-content\/uploads\/2015\/10\/DIALOGOS-FOTOGRAFICOS-FIFV001A.jpg 2000w, https:\/\/fifv.cl\/2016\/wp-content\/uploads\/2015\/10\/DIALOGOS-FOTOGRAFICOS-FIFV001A-300x200.jpg 300w, https:\/\/fifv.cl\/2016\/wp-content\/uploads\/2015\/10\/DIALOGOS-FOTOGRAFICOS-FIFV001A-768x513.jpg 768w, https:\/\/fifv.cl\/2016\/wp-content\/uploads\/2015\/10\/DIALOGOS-FOTOGRAFICOS-FIFV001A-1024x684.jpg 1024w, https:\/\/fifv.cl\/2016\/wp-content\/uploads\/2015\/10\/DIALOGOS-FOTOGRAFICOS-FIFV001A-750x501.jpg 750w\" sizes=\"auto, (max-width: 2000px) 100vw, 2000px\" \/><figcaption id=\"caption-attachment-4369\" class=\"wp-caption-text\">Rodrigo Rovira participa en D\u00edalogos Fotogr\u00e1ficos en el Restaurant El Internado en el marco de la 7\u00aa edici\u00f3n del Festival Internacional de Fotograf\u00eda en Valpara\u00edso, FIFV 2016. \u00a9Ignacio Lamas<\/figcaption><\/figure>\n<figure id=\"attachment_4370\" aria-describedby=\"caption-attachment-4370\" style=\"width: 2000px\" class=\"wp-caption alignnone\"><img loading=\"lazy\" decoding=\"async\" class=\"size-full wp-image-4370\" src=\"http:\/\/fifv.cl\/2016\/wp-content\/uploads\/2015\/10\/DIALOGOS-FOTOGRAFICOS-FIFV002A.jpg\" alt=\"Invitados participan en D\u00edalogos Fotogr\u00e1ficos en el Restaurant El Internado en el marco de la 7\u00aa edici\u00f3n del Festival Internacional de Fotograf\u00eda en Valpara\u00edso, FIFV 2016. \u00a9Ignacio Lamas\" width=\"2000\" height=\"1335\" srcset=\"https:\/\/fifv.cl\/2016\/wp-content\/uploads\/2015\/10\/DIALOGOS-FOTOGRAFICOS-FIFV002A.jpg 2000w, https:\/\/fifv.cl\/2016\/wp-content\/uploads\/2015\/10\/DIALOGOS-FOTOGRAFICOS-FIFV002A-300x200.jpg 300w, https:\/\/fifv.cl\/2016\/wp-content\/uploads\/2015\/10\/DIALOGOS-FOTOGRAFICOS-FIFV002A-768x513.jpg 768w, https:\/\/fifv.cl\/2016\/wp-content\/uploads\/2015\/10\/DIALOGOS-FOTOGRAFICOS-FIFV002A-1024x684.jpg 1024w, https:\/\/fifv.cl\/2016\/wp-content\/uploads\/2015\/10\/DIALOGOS-FOTOGRAFICOS-FIFV002A-750x501.jpg 750w\" sizes=\"auto, (max-width: 2000px) 100vw, 2000px\" \/><figcaption id=\"caption-attachment-4370\" class=\"wp-caption-text\">Invitados participan en D\u00edalogos Fotogr\u00e1ficos en el Restaurant El Internado en el marco de la 7\u00aa edici\u00f3n del Festival Internacional de Fotograf\u00eda en Valpara\u00edso, FIFV 2016. \u00a9Ignacio Lamas<\/figcaption><\/figure>\n<figure id=\"attachment_4371\" aria-describedby=\"caption-attachment-4371\" style=\"width: 1335px\" class=\"wp-caption alignnone\"><img loading=\"lazy\" decoding=\"async\" class=\"size-full wp-image-4371\" src=\"http:\/\/fifv.cl\/2016\/wp-content\/uploads\/2015\/10\/DIALOGOS-FOTOGRAFICOS-FIFV003A.jpg\" alt=\"Invitados participan en D\u00edalogos Fotogr\u00e1ficos en el Restaurant El Internado en el marco de la 7\u00aa edici\u00f3n del Festival Internacional de Fotograf\u00eda en Valpara\u00edso, FIFV 2016. \u00a9Ignacio Lamas\" width=\"1335\" height=\"2000\" srcset=\"https:\/\/fifv.cl\/2016\/wp-content\/uploads\/2015\/10\/DIALOGOS-FOTOGRAFICOS-FIFV003A.jpg 1335w, https:\/\/fifv.cl\/2016\/wp-content\/uploads\/2015\/10\/DIALOGOS-FOTOGRAFICOS-FIFV003A-200x300.jpg 200w, https:\/\/fifv.cl\/2016\/wp-content\/uploads\/2015\/10\/DIALOGOS-FOTOGRAFICOS-FIFV003A-768x1151.jpg 768w, https:\/\/fifv.cl\/2016\/wp-content\/uploads\/2015\/10\/DIALOGOS-FOTOGRAFICOS-FIFV003A-684x1024.jpg 684w, https:\/\/fifv.cl\/2016\/wp-content\/uploads\/2015\/10\/DIALOGOS-FOTOGRAFICOS-FIFV003A-750x1124.jpg 750w\" sizes=\"auto, (max-width: 1335px) 100vw, 1335px\" \/><figcaption id=\"caption-attachment-4371\" class=\"wp-caption-text\">Invitados participan en D\u00edalogos Fotogr\u00e1ficos en el Restaurant El Internado en el marco de la 7\u00aa edici\u00f3n del Festival Internacional de Fotograf\u00eda en Valpara\u00edso, FIFV 2016. \u00a9Ignacio Lamas<\/figcaption><\/figure>\n<figure id=\"attachment_4372\" aria-describedby=\"caption-attachment-4372\" style=\"width: 1331px\" class=\"wp-caption alignnone\"><img loading=\"lazy\" decoding=\"async\" class=\"size-full wp-image-4372\" src=\"http:\/\/fifv.cl\/2016\/wp-content\/uploads\/2015\/10\/DIALOGOS-FOTOGRAFICOS-FIFV004A.jpg\" alt=\"Invitados asisten a D\u00edalogos Fotogr\u00e1ficos en el Restaurant El Internado en el marco de la 7\u00aa edici\u00f3n del Festival Internacional de Fotograf\u00eda en Valpara\u00edso, FIFV 2016. \u00a9Ignacio Lamas\" width=\"1331\" height=\"2000\" srcset=\"https:\/\/fifv.cl\/2016\/wp-content\/uploads\/2015\/10\/DIALOGOS-FOTOGRAFICOS-FIFV004A.jpg 1331w, https:\/\/fifv.cl\/2016\/wp-content\/uploads\/2015\/10\/DIALOGOS-FOTOGRAFICOS-FIFV004A-200x300.jpg 200w, https:\/\/fifv.cl\/2016\/wp-content\/uploads\/2015\/10\/DIALOGOS-FOTOGRAFICOS-FIFV004A-768x1154.jpg 768w, https:\/\/fifv.cl\/2016\/wp-content\/uploads\/2015\/10\/DIALOGOS-FOTOGRAFICOS-FIFV004A-681x1024.jpg 681w, https:\/\/fifv.cl\/2016\/wp-content\/uploads\/2015\/10\/DIALOGOS-FOTOGRAFICOS-FIFV004A-750x1127.jpg 750w\" sizes=\"auto, (max-width: 1331px) 100vw, 1331px\" \/><figcaption id=\"caption-attachment-4372\" class=\"wp-caption-text\">Invitados asisten a D\u00edalogos Fotogr\u00e1ficos en el Restaurant El Internado en el marco de la 7\u00aa edici\u00f3n del Festival Internacional de Fotograf\u00eda en Valpara\u00edso, FIFV 2016. \u00a9Ignacio Lamas<\/figcaption><\/figure>\n<figure id=\"attachment_4373\" aria-describedby=\"caption-attachment-4373\" style=\"width: 2000px\" class=\"wp-caption alignnone\"><img loading=\"lazy\" decoding=\"async\" class=\"size-full wp-image-4373\" src=\"http:\/\/fifv.cl\/2016\/wp-content\/uploads\/2015\/10\/DIALOGOS-FOTOGRAFICOS-FIFV005A.jpg\" alt=\"Invitados participan en D\u00edalogos Fotogr\u00e1ficos en el Restaurant El Internado en el marco de la 7\u00aa edici\u00f3n del Festival Internacional de Fotograf\u00eda en Valpara\u00edso, FIFV 2016. \u00a9Victor Ruiz Caballero\" width=\"2000\" height=\"1331\" srcset=\"https:\/\/fifv.cl\/2016\/wp-content\/uploads\/2015\/10\/DIALOGOS-FOTOGRAFICOS-FIFV005A.jpg 2000w, https:\/\/fifv.cl\/2016\/wp-content\/uploads\/2015\/10\/DIALOGOS-FOTOGRAFICOS-FIFV005A-300x200.jpg 300w, https:\/\/fifv.cl\/2016\/wp-content\/uploads\/2015\/10\/DIALOGOS-FOTOGRAFICOS-FIFV005A-768x511.jpg 768w, https:\/\/fifv.cl\/2016\/wp-content\/uploads\/2015\/10\/DIALOGOS-FOTOGRAFICOS-FIFV005A-1024x681.jpg 1024w, https:\/\/fifv.cl\/2016\/wp-content\/uploads\/2015\/10\/DIALOGOS-FOTOGRAFICOS-FIFV005A-750x499.jpg 750w\" sizes=\"auto, (max-width: 2000px) 100vw, 2000px\" \/><figcaption id=\"caption-attachment-4373\" class=\"wp-caption-text\">Invitados participan en D\u00edalogos Fotogr\u00e1ficos en el Restaurant El Internado en el marco de la 7\u00aa edici\u00f3n del Festival Internacional de Fotograf\u00eda en Valpara\u00edso, FIFV 2016. \u00a9Victor Ruiz Caballero<\/figcaption><\/figure>\n<figure id=\"attachment_4374\" aria-describedby=\"caption-attachment-4374\" style=\"width: 2000px\" class=\"wp-caption alignnone\"><img loading=\"lazy\" decoding=\"async\" class=\"size-full wp-image-4374\" src=\"http:\/\/fifv.cl\/2016\/wp-content\/uploads\/2015\/10\/DIALOGOS-FOTOGRAFICOS-FIFV006A.jpg\" alt=\"Rodrigo Rovira participa en D\u00edalogos Fotogr\u00e1ficos en el Restaurant El Internado en el marco de la 7\u00aa edici\u00f3n del Festival Internacional de Fotograf\u00eda en Valpara\u00edso, FIFV 2016. \u00a9Victor Ruiz Caballero\" width=\"2000\" height=\"1331\" srcset=\"https:\/\/fifv.cl\/2016\/wp-content\/uploads\/2015\/10\/DIALOGOS-FOTOGRAFICOS-FIFV006A.jpg 2000w, https:\/\/fifv.cl\/2016\/wp-content\/uploads\/2015\/10\/DIALOGOS-FOTOGRAFICOS-FIFV006A-300x200.jpg 300w, https:\/\/fifv.cl\/2016\/wp-content\/uploads\/2015\/10\/DIALOGOS-FOTOGRAFICOS-FIFV006A-768x511.jpg 768w, https:\/\/fifv.cl\/2016\/wp-content\/uploads\/2015\/10\/DIALOGOS-FOTOGRAFICOS-FIFV006A-1024x681.jpg 1024w, https:\/\/fifv.cl\/2016\/wp-content\/uploads\/2015\/10\/DIALOGOS-FOTOGRAFICOS-FIFV006A-750x499.jpg 750w\" sizes=\"auto, (max-width: 2000px) 100vw, 2000px\" \/><figcaption id=\"caption-attachment-4374\" class=\"wp-caption-text\">Rodrigo Rovira participa en D\u00edalogos Fotogr\u00e1ficos en el Restaurant El Internado en el marco de la 7\u00aa edici\u00f3n del Festival Internacional de Fotograf\u00eda en Valpara\u00edso, FIFV 2016. \u00a9Victor Ruiz Caballero<\/figcaption><\/figure>\n<figure id=\"attachment_4375\" aria-describedby=\"caption-attachment-4375\" style=\"width: 2000px\" class=\"wp-caption alignnone\"><img loading=\"lazy\" decoding=\"async\" class=\"size-full wp-image-4375\" src=\"http:\/\/fifv.cl\/2016\/wp-content\/uploads\/2015\/10\/DIALOGOS-FOTOGRAFICOS-FIFV007A.jpg\" alt=\"Fernando Ace\u00f1a, fot\u00f3grafo espa\u00f1ol participa de Di\u00e1logos Fotogr\u00e1fico v\u00eda internet en la 7\u00aa edici\u00f3n del Festival Internacional de Fotograf\u00eda en Valpara\u00edso, FIFV 2016. \u00a9Ignacio Lamas\" width=\"2000\" height=\"1335\" srcset=\"https:\/\/fifv.cl\/2016\/wp-content\/uploads\/2015\/10\/DIALOGOS-FOTOGRAFICOS-FIFV007A.jpg 2000w, https:\/\/fifv.cl\/2016\/wp-content\/uploads\/2015\/10\/DIALOGOS-FOTOGRAFICOS-FIFV007A-300x200.jpg 300w, https:\/\/fifv.cl\/2016\/wp-content\/uploads\/2015\/10\/DIALOGOS-FOTOGRAFICOS-FIFV007A-768x513.jpg 768w, https:\/\/fifv.cl\/2016\/wp-content\/uploads\/2015\/10\/DIALOGOS-FOTOGRAFICOS-FIFV007A-1024x684.jpg 1024w, https:\/\/fifv.cl\/2016\/wp-content\/uploads\/2015\/10\/DIALOGOS-FOTOGRAFICOS-FIFV007A-750x501.jpg 750w\" sizes=\"auto, (max-width: 2000px) 100vw, 2000px\" \/><figcaption id=\"caption-attachment-4375\" class=\"wp-caption-text\">Fernando Ace\u00f1a, fot\u00f3grafo espa\u00f1ol participa de Di\u00e1logos Fotogr\u00e1fico v\u00eda internet en la 7\u00aa edici\u00f3n del Festival Internacional de Fotograf\u00eda en Valpara\u00edso, FIFV 2016. \u00a9Ignacio Lamas<\/figcaption><\/figure>\n<figure id=\"attachment_4376\" aria-describedby=\"caption-attachment-4376\" style=\"width: 2000px\" class=\"wp-caption alignnone\"><img loading=\"lazy\" decoding=\"async\" class=\"size-full wp-image-4376\" src=\"http:\/\/fifv.cl\/2016\/wp-content\/uploads\/2015\/10\/DIALOGOS-FOTOGRAFICOS-FIFV008A.jpg\" alt=\"Fernando Ace\u00f1a, fot\u00f3grafo espa\u00f1ol participa de Di\u00e1logos Fotogr\u00e1fico v\u00eda internet en la 7\u00aa edici\u00f3n del Festival Internacional de Fotograf\u00eda en Valpara\u00edso, FIFV 2016. \u00a9Ignacio Lamas\" width=\"2000\" height=\"1335\" srcset=\"https:\/\/fifv.cl\/2016\/wp-content\/uploads\/2015\/10\/DIALOGOS-FOTOGRAFICOS-FIFV008A.jpg 2000w, https:\/\/fifv.cl\/2016\/wp-content\/uploads\/2015\/10\/DIALOGOS-FOTOGRAFICOS-FIFV008A-300x200.jpg 300w, https:\/\/fifv.cl\/2016\/wp-content\/uploads\/2015\/10\/DIALOGOS-FOTOGRAFICOS-FIFV008A-768x513.jpg 768w, https:\/\/fifv.cl\/2016\/wp-content\/uploads\/2015\/10\/DIALOGOS-FOTOGRAFICOS-FIFV008A-1024x684.jpg 1024w, https:\/\/fifv.cl\/2016\/wp-content\/uploads\/2015\/10\/DIALOGOS-FOTOGRAFICOS-FIFV008A-750x501.jpg 750w\" sizes=\"auto, (max-width: 2000px) 100vw, 2000px\" \/><figcaption id=\"caption-attachment-4376\" class=\"wp-caption-text\">Fernando Ace\u00f1a, fot\u00f3grafo espa\u00f1ol participa de Di\u00e1logos Fotogr\u00e1fico v\u00eda internet en la 7\u00aa edici\u00f3n del Festival Internacional de Fotograf\u00eda en Valpara\u00edso, FIFV 2016. \u00a9Ignacio Lamas<\/figcaption><\/figure>\n<figure id=\"attachment_4377\" aria-describedby=\"caption-attachment-4377\" style=\"width: 2000px\" class=\"wp-caption alignnone\"><img loading=\"lazy\" decoding=\"async\" class=\"size-full wp-image-4377\" src=\"http:\/\/fifv.cl\/2016\/wp-content\/uploads\/2015\/10\/DIALOGOS-FOTOGRAFICOS-FIFV009A.jpg\" alt=\"Invitados participan en D\u00edalogos Fotogr\u00e1ficos en el Restaurant El Internado en el marco de la 7\u00aa edici\u00f3n del Festival Internacional de Fotograf\u00eda en Valpara\u00edso, FIFV 2016. \u00a9Victor Ruiz Caballero\" width=\"2000\" height=\"1331\" srcset=\"https:\/\/fifv.cl\/2016\/wp-content\/uploads\/2015\/10\/DIALOGOS-FOTOGRAFICOS-FIFV009A.jpg 2000w, https:\/\/fifv.cl\/2016\/wp-content\/uploads\/2015\/10\/DIALOGOS-FOTOGRAFICOS-FIFV009A-300x200.jpg 300w, https:\/\/fifv.cl\/2016\/wp-content\/uploads\/2015\/10\/DIALOGOS-FOTOGRAFICOS-FIFV009A-768x511.jpg 768w, https:\/\/fifv.cl\/2016\/wp-content\/uploads\/2015\/10\/DIALOGOS-FOTOGRAFICOS-FIFV009A-1024x681.jpg 1024w, https:\/\/fifv.cl\/2016\/wp-content\/uploads\/2015\/10\/DIALOGOS-FOTOGRAFICOS-FIFV009A-750x499.jpg 750w\" sizes=\"auto, (max-width: 2000px) 100vw, 2000px\" \/><figcaption id=\"caption-attachment-4377\" class=\"wp-caption-text\">Invitados participan en D\u00edalogos Fotogr\u00e1ficos en el Restaurant El Internado en el marco de la 7\u00aa edici\u00f3n del Festival Internacional de Fotograf\u00eda en Valpara\u00edso, FIFV 2016. \u00a9Victor Ruiz Caballero<\/figcaption><\/figure>\n<figure id=\"attachment_4378\" aria-describedby=\"caption-attachment-4378\" style=\"width: 2000px\" class=\"wp-caption alignnone\"><img loading=\"lazy\" decoding=\"async\" class=\"size-full wp-image-4378\" src=\"http:\/\/fifv.cl\/2016\/wp-content\/uploads\/2015\/10\/DIALOGOS-FOTOGRAFICOS-FIFV010A.jpg\" alt=\"Dario Coletti, fotografo italiano participa en D\u00edalogos Fotogr\u00e1ficos en el Restaurant El Internado en el marco de la 7\u00aa edici\u00f3n del Festival Internacional de Fotograf\u00eda en Valpara\u00edso, FIFV 2016. \u00a9V\u00edctor Ruiz Caballero\" width=\"2000\" height=\"1331\" srcset=\"https:\/\/fifv.cl\/2016\/wp-content\/uploads\/2015\/10\/DIALOGOS-FOTOGRAFICOS-FIFV010A.jpg 2000w, https:\/\/fifv.cl\/2016\/wp-content\/uploads\/2015\/10\/DIALOGOS-FOTOGRAFICOS-FIFV010A-300x200.jpg 300w, https:\/\/fifv.cl\/2016\/wp-content\/uploads\/2015\/10\/DIALOGOS-FOTOGRAFICOS-FIFV010A-768x511.jpg 768w, https:\/\/fifv.cl\/2016\/wp-content\/uploads\/2015\/10\/DIALOGOS-FOTOGRAFICOS-FIFV010A-1024x681.jpg 1024w, https:\/\/fifv.cl\/2016\/wp-content\/uploads\/2015\/10\/DIALOGOS-FOTOGRAFICOS-FIFV010A-750x499.jpg 750w\" sizes=\"auto, (max-width: 2000px) 100vw, 2000px\" \/><figcaption id=\"caption-attachment-4378\" class=\"wp-caption-text\">Dario Coletti, fotografo italiano participa en D\u00edalogos Fotogr\u00e1ficos en el Restaurant El Internado en el marco de la 7\u00aa edici\u00f3n del Festival Internacional de Fotograf\u00eda en Valpara\u00edso, FIFV 2016. \u00a9V\u00edctor Ruiz Caballero<\/figcaption><\/figure>\n<figure id=\"attachment_4379\" aria-describedby=\"caption-attachment-4379\" style=\"width: 2000px\" class=\"wp-caption alignnone\"><img loading=\"lazy\" decoding=\"async\" class=\"size-full wp-image-4379\" src=\"http:\/\/fifv.cl\/2016\/wp-content\/uploads\/2015\/10\/DIALOGOS-FOTOGRAFICOS-FIFV011A.jpg\" alt=\"Dario Coletti, fotografo italiano participa en D\u00edalogos Fotogr\u00e1ficos en el Restaurant El Internado en el marco de la 7\u00aa edici\u00f3n del Festival Internacional de Fotograf\u00eda en Valpara\u00edso, FIFV 2016. \u00a9Ignacio Lamas\" width=\"2000\" height=\"1335\" srcset=\"https:\/\/fifv.cl\/2016\/wp-content\/uploads\/2015\/10\/DIALOGOS-FOTOGRAFICOS-FIFV011A.jpg 2000w, https:\/\/fifv.cl\/2016\/wp-content\/uploads\/2015\/10\/DIALOGOS-FOTOGRAFICOS-FIFV011A-300x200.jpg 300w, https:\/\/fifv.cl\/2016\/wp-content\/uploads\/2015\/10\/DIALOGOS-FOTOGRAFICOS-FIFV011A-768x513.jpg 768w, https:\/\/fifv.cl\/2016\/wp-content\/uploads\/2015\/10\/DIALOGOS-FOTOGRAFICOS-FIFV011A-1024x684.jpg 1024w, https:\/\/fifv.cl\/2016\/wp-content\/uploads\/2015\/10\/DIALOGOS-FOTOGRAFICOS-FIFV011A-750x501.jpg 750w\" sizes=\"auto, (max-width: 2000px) 100vw, 2000px\" \/><figcaption id=\"caption-attachment-4379\" class=\"wp-caption-text\">Dario Coletti, fotografo italiano participa en D\u00edalogos Fotogr\u00e1ficos en el Restaurant El Internado en el marco de la 7\u00aa edici\u00f3n del Festival Internacional de Fotograf\u00eda en Valpara\u00edso, FIFV 2016. \u00a9Ignacio Lamas<\/figcaption><\/figure>\n<figure id=\"attachment_4380\" aria-describedby=\"caption-attachment-4380\" style=\"width: 2000px\" class=\"wp-caption alignnone\"><img loading=\"lazy\" decoding=\"async\" class=\"size-full wp-image-4380\" src=\"http:\/\/fifv.cl\/2016\/wp-content\/uploads\/2015\/10\/DIALOGOS-FOTOGRAFICOS-FIFV012A.jpg\" alt=\"Dario Coletti, fotografo italiano participa en D\u00edalogos Fotogr\u00e1ficos en el Restaurant El Internado en el marco de la 7\u00aa edici\u00f3n del Festival Internacional de Fotograf\u00eda en Valpara\u00edso, FIFV 2016. \u00a9V\u00edctor Ruiz Caballero\" width=\"2000\" height=\"1331\" srcset=\"https:\/\/fifv.cl\/2016\/wp-content\/uploads\/2015\/10\/DIALOGOS-FOTOGRAFICOS-FIFV012A.jpg 2000w, https:\/\/fifv.cl\/2016\/wp-content\/uploads\/2015\/10\/DIALOGOS-FOTOGRAFICOS-FIFV012A-300x200.jpg 300w, https:\/\/fifv.cl\/2016\/wp-content\/uploads\/2015\/10\/DIALOGOS-FOTOGRAFICOS-FIFV012A-768x511.jpg 768w, https:\/\/fifv.cl\/2016\/wp-content\/uploads\/2015\/10\/DIALOGOS-FOTOGRAFICOS-FIFV012A-1024x681.jpg 1024w, https:\/\/fifv.cl\/2016\/wp-content\/uploads\/2015\/10\/DIALOGOS-FOTOGRAFICOS-FIFV012A-750x499.jpg 750w\" sizes=\"auto, (max-width: 2000px) 100vw, 2000px\" \/><figcaption id=\"caption-attachment-4380\" class=\"wp-caption-text\">Dario Coletti, fotografo italiano participa en D\u00edalogos Fotogr\u00e1ficos en el Restaurant El Internado en el marco de la 7\u00aa edici\u00f3n del Festival Internacional de Fotograf\u00eda en Valpara\u00edso, FIFV 2016. \u00a9V\u00edctor Ruiz Caballero<\/figcaption><\/figure>\n<figure id=\"attachment_4381\" aria-describedby=\"caption-attachment-4381\" style=\"width: 2000px\" class=\"wp-caption alignnone\"><img loading=\"lazy\" decoding=\"async\" class=\"size-full wp-image-4381\" src=\"http:\/\/fifv.cl\/2016\/wp-content\/uploads\/2015\/10\/DIALOGOS-FOTOGRAFICOS-FIFV013A.jpg\" alt=\"Invitados participan en D\u00edalogos Fotogr\u00e1ficos en el Restaurant El Internado en el marco de la 7\u00aa edici\u00f3n del Festival Internacional de Fotograf\u00eda en Valpara\u00edso, FIFV 2016. \u00a9Victor Ruiz Caballero\" width=\"2000\" height=\"1331\" srcset=\"https:\/\/fifv.cl\/2016\/wp-content\/uploads\/2015\/10\/DIALOGOS-FOTOGRAFICOS-FIFV013A.jpg 2000w, https:\/\/fifv.cl\/2016\/wp-content\/uploads\/2015\/10\/DIALOGOS-FOTOGRAFICOS-FIFV013A-300x200.jpg 300w, https:\/\/fifv.cl\/2016\/wp-content\/uploads\/2015\/10\/DIALOGOS-FOTOGRAFICOS-FIFV013A-768x511.jpg 768w, https:\/\/fifv.cl\/2016\/wp-content\/uploads\/2015\/10\/DIALOGOS-FOTOGRAFICOS-FIFV013A-1024x681.jpg 1024w, https:\/\/fifv.cl\/2016\/wp-content\/uploads\/2015\/10\/DIALOGOS-FOTOGRAFICOS-FIFV013A-750x499.jpg 750w\" sizes=\"auto, (max-width: 2000px) 100vw, 2000px\" \/><figcaption id=\"caption-attachment-4381\" class=\"wp-caption-text\">Invitados participan en D\u00edalogos Fotogr\u00e1ficos en el Restaurant El Internado en el marco de la 7\u00aa edici\u00f3n del Festival Internacional de Fotograf\u00eda en Valpara\u00edso, FIFV 2016. \u00a9Victor Ruiz Caballero<\/figcaption><\/figure>\n<figure id=\"attachment_4382\" aria-describedby=\"caption-attachment-4382\" style=\"width: 1919px\" class=\"wp-caption alignnone\"><img loading=\"lazy\" decoding=\"async\" class=\"size-full wp-image-4382\" src=\"http:\/\/fifv.cl\/2016\/wp-content\/uploads\/2015\/10\/DIALOGOS-FOTOGRAFICOS-FIFV014A.jpg\" alt=\"Invitados participan en D\u00edalogos Fotogr\u00e1ficos en el Restaurant El Internado en el marco de la 7\u00aa edici\u00f3n del Festival Internacional de Fotograf\u00eda en Valpara\u00edso, FIFV 2016. \u00a9Victor Ruiz Caballero\" width=\"1919\" height=\"1268\" srcset=\"https:\/\/fifv.cl\/2016\/wp-content\/uploads\/2015\/10\/DIALOGOS-FOTOGRAFICOS-FIFV014A.jpg 1919w, https:\/\/fifv.cl\/2016\/wp-content\/uploads\/2015\/10\/DIALOGOS-FOTOGRAFICOS-FIFV014A-300x198.jpg 300w, https:\/\/fifv.cl\/2016\/wp-content\/uploads\/2015\/10\/DIALOGOS-FOTOGRAFICOS-FIFV014A-768x507.jpg 768w, https:\/\/fifv.cl\/2016\/wp-content\/uploads\/2015\/10\/DIALOGOS-FOTOGRAFICOS-FIFV014A-1024x677.jpg 1024w, https:\/\/fifv.cl\/2016\/wp-content\/uploads\/2015\/10\/DIALOGOS-FOTOGRAFICOS-FIFV014A-750x496.jpg 750w\" sizes=\"auto, (max-width: 1919px) 100vw, 1919px\" \/><figcaption id=\"caption-attachment-4382\" class=\"wp-caption-text\">Invitados participan en D\u00edalogos Fotogr\u00e1ficos en el Restaurant El Internado en el marco de la 7\u00aa edici\u00f3n del Festival Internacional de Fotograf\u00eda en Valpara\u00edso, FIFV 2016. \u00a9Victor Ruiz Caballero<\/figcaption><\/figure>\n<figure id=\"attachment_4383\" aria-describedby=\"caption-attachment-4383\" style=\"width: 2000px\" class=\"wp-caption alignnone\"><img loading=\"lazy\" decoding=\"async\" class=\"size-full wp-image-4383\" src=\"http:\/\/fifv.cl\/2016\/wp-content\/uploads\/2015\/10\/DIALOGOS-FOTOGRAFICOS-FIFV015A.jpg\" alt=\"Luis Poirot, fot\u00f3grafo chileno participa en D\u00edalogos Fotogr\u00e1ficos en el Restaurant El Internado en el marco de la 7\u00aa edici\u00f3n del Festival Internacional de Fotograf\u00eda en Valpara\u00edso, FIFV 2016. \u00a9Ignacio Lamas\" width=\"2000\" height=\"1335\" srcset=\"https:\/\/fifv.cl\/2016\/wp-content\/uploads\/2015\/10\/DIALOGOS-FOTOGRAFICOS-FIFV015A.jpg 2000w, https:\/\/fifv.cl\/2016\/wp-content\/uploads\/2015\/10\/DIALOGOS-FOTOGRAFICOS-FIFV015A-300x200.jpg 300w, https:\/\/fifv.cl\/2016\/wp-content\/uploads\/2015\/10\/DIALOGOS-FOTOGRAFICOS-FIFV015A-768x513.jpg 768w, https:\/\/fifv.cl\/2016\/wp-content\/uploads\/2015\/10\/DIALOGOS-FOTOGRAFICOS-FIFV015A-1024x684.jpg 1024w, https:\/\/fifv.cl\/2016\/wp-content\/uploads\/2015\/10\/DIALOGOS-FOTOGRAFICOS-FIFV015A-750x501.jpg 750w\" sizes=\"auto, (max-width: 2000px) 100vw, 2000px\" \/><figcaption id=\"caption-attachment-4383\" class=\"wp-caption-text\">Luis Poirot, fot\u00f3grafo chileno participa en D\u00edalogos Fotogr\u00e1ficos en el Restaurant El Internado en el marco de la 7\u00aa edici\u00f3n del Festival Internacional de Fotograf\u00eda en Valpara\u00edso, FIFV 2016. \u00a9Ignacio Lamas<\/figcaption><\/figure>\n<figure id=\"attachment_4384\" aria-describedby=\"caption-attachment-4384\" style=\"width: 2000px\" class=\"wp-caption alignnone\"><img loading=\"lazy\" decoding=\"async\" class=\"size-full wp-image-4384\" src=\"http:\/\/fifv.cl\/2016\/wp-content\/uploads\/2015\/10\/DIALOGOS-FOTOGRAFICOS-FIFV016A.jpg\" alt=\"Luis Poirot, fot\u00f3grafo chileno participa en D\u00edalogos Fotogr\u00e1ficos en el Restaurant El Internado en el marco de la 7\u00aa edici\u00f3n del Festival Internacional de Fotograf\u00eda en Valpara\u00edso, FIFV 2016. \u00a9Ignacio Lamas\" width=\"2000\" height=\"1335\" srcset=\"https:\/\/fifv.cl\/2016\/wp-content\/uploads\/2015\/10\/DIALOGOS-FOTOGRAFICOS-FIFV016A.jpg 2000w, https:\/\/fifv.cl\/2016\/wp-content\/uploads\/2015\/10\/DIALOGOS-FOTOGRAFICOS-FIFV016A-300x200.jpg 300w, https:\/\/fifv.cl\/2016\/wp-content\/uploads\/2015\/10\/DIALOGOS-FOTOGRAFICOS-FIFV016A-768x513.jpg 768w, https:\/\/fifv.cl\/2016\/wp-content\/uploads\/2015\/10\/DIALOGOS-FOTOGRAFICOS-FIFV016A-1024x684.jpg 1024w, https:\/\/fifv.cl\/2016\/wp-content\/uploads\/2015\/10\/DIALOGOS-FOTOGRAFICOS-FIFV016A-750x501.jpg 750w\" sizes=\"auto, (max-width: 2000px) 100vw, 2000px\" \/><figcaption id=\"caption-attachment-4384\" class=\"wp-caption-text\">Luis Poirot, fot\u00f3grafo chileno participa en D\u00edalogos Fotogr\u00e1ficos en el Restaurant El Internado en el marco de la 7\u00aa edici\u00f3n del Festival Internacional de Fotograf\u00eda en Valpara\u00edso, FIFV 2016. \u00a9Ignacio Lamas<\/figcaption><\/figure>\n<figure id=\"attachment_4385\" aria-describedby=\"caption-attachment-4385\" style=\"width: 2000px\" class=\"wp-caption alignnone\"><img loading=\"lazy\" decoding=\"async\" class=\"size-full wp-image-4385\" src=\"http:\/\/fifv.cl\/2016\/wp-content\/uploads\/2015\/10\/DIALOGOS-FOTOGRAFICOS-FIFV017A.jpg\" alt=\"Luis Poirot participa en D\u00edalogos Fotogr\u00e1ficos en el Restaurant El Internado en el marco de la 7\u00aa edici\u00f3n del Festival Internacional de Fotograf\u00eda en Valpara\u00edso, FIFV 2016. \u00a9V\u00edctor Ruiz Caballero\" width=\"2000\" height=\"1331\" srcset=\"https:\/\/fifv.cl\/2016\/wp-content\/uploads\/2015\/10\/DIALOGOS-FOTOGRAFICOS-FIFV017A.jpg 2000w, https:\/\/fifv.cl\/2016\/wp-content\/uploads\/2015\/10\/DIALOGOS-FOTOGRAFICOS-FIFV017A-300x200.jpg 300w, https:\/\/fifv.cl\/2016\/wp-content\/uploads\/2015\/10\/DIALOGOS-FOTOGRAFICOS-FIFV017A-768x511.jpg 768w, https:\/\/fifv.cl\/2016\/wp-content\/uploads\/2015\/10\/DIALOGOS-FOTOGRAFICOS-FIFV017A-1024x681.jpg 1024w, https:\/\/fifv.cl\/2016\/wp-content\/uploads\/2015\/10\/DIALOGOS-FOTOGRAFICOS-FIFV017A-750x499.jpg 750w\" sizes=\"auto, (max-width: 2000px) 100vw, 2000px\" \/><figcaption id=\"caption-attachment-4385\" class=\"wp-caption-text\">Luis Poirot participa en D\u00edalogos Fotogr\u00e1ficos en el Restaurant El Internado en el marco de la 7\u00aa edici\u00f3n del Festival Internacional de Fotograf\u00eda en Valpara\u00edso, FIFV 2016. \u00a9V\u00edctor Ruiz Caballero<\/figcaption><\/figure>\n<figure id=\"attachment_4386\" aria-describedby=\"caption-attachment-4386\" style=\"width: 2000px\" class=\"wp-caption alignnone\"><img loading=\"lazy\" decoding=\"async\" class=\"size-full wp-image-4386\" src=\"http:\/\/fifv.cl\/2016\/wp-content\/uploads\/2015\/10\/DIALOGOS-FOTOGRAFICOS-FIFV018A.jpg\" alt=\"Luis Poirot participa en D\u00edalogos Fotogr\u00e1ficos en el Restaurant El Internado en el marco de la 7\u00aa edici\u00f3n del Festival Internacional de Fotograf\u00eda en Valpara\u00edso, FIFV 2016. \u00a9V\u00edctor Ruiz Caballero\" width=\"2000\" height=\"1331\" srcset=\"https:\/\/fifv.cl\/2016\/wp-content\/uploads\/2015\/10\/DIALOGOS-FOTOGRAFICOS-FIFV018A.jpg 2000w, https:\/\/fifv.cl\/2016\/wp-content\/uploads\/2015\/10\/DIALOGOS-FOTOGRAFICOS-FIFV018A-300x200.jpg 300w, https:\/\/fifv.cl\/2016\/wp-content\/uploads\/2015\/10\/DIALOGOS-FOTOGRAFICOS-FIFV018A-768x511.jpg 768w, https:\/\/fifv.cl\/2016\/wp-content\/uploads\/2015\/10\/DIALOGOS-FOTOGRAFICOS-FIFV018A-1024x681.jpg 1024w, https:\/\/fifv.cl\/2016\/wp-content\/uploads\/2015\/10\/DIALOGOS-FOTOGRAFICOS-FIFV018A-750x499.jpg 750w\" sizes=\"auto, (max-width: 2000px) 100vw, 2000px\" \/><figcaption id=\"caption-attachment-4386\" class=\"wp-caption-text\">Luis Poirot participa en D\u00edalogos Fotogr\u00e1ficos en el Restaurant El Internado en el marco de la 7\u00aa edici\u00f3n del Festival Internacional de Fotograf\u00eda en Valpara\u00edso, FIFV 2016. \u00a9V\u00edctor Ruiz Caballero<\/figcaption><\/figure>\n<figure id=\"attachment_4387\" aria-describedby=\"caption-attachment-4387\" style=\"width: 2000px\" class=\"wp-caption alignnone\"><img loading=\"lazy\" decoding=\"async\" class=\"size-full wp-image-4387\" src=\"http:\/\/fifv.cl\/2016\/wp-content\/uploads\/2015\/10\/DIALOGOS-FOTOGRAFICOS-FIFV019A.jpg\" alt=\"Luis Poirot participa en D\u00edalogos Fotogr\u00e1ficos en el Restaurant El Internado en el marco de la 7\u00aa edici\u00f3n del Festival Internacional de Fotograf\u00eda en Valpara\u00edso, FIFV 2016. \u00a9V\u00edctor Ruiz Caballero\" width=\"2000\" height=\"1331\" srcset=\"https:\/\/fifv.cl\/2016\/wp-content\/uploads\/2015\/10\/DIALOGOS-FOTOGRAFICOS-FIFV019A.jpg 2000w, https:\/\/fifv.cl\/2016\/wp-content\/uploads\/2015\/10\/DIALOGOS-FOTOGRAFICOS-FIFV019A-300x200.jpg 300w, https:\/\/fifv.cl\/2016\/wp-content\/uploads\/2015\/10\/DIALOGOS-FOTOGRAFICOS-FIFV019A-768x511.jpg 768w, https:\/\/fifv.cl\/2016\/wp-content\/uploads\/2015\/10\/DIALOGOS-FOTOGRAFICOS-FIFV019A-1024x681.jpg 1024w, https:\/\/fifv.cl\/2016\/wp-content\/uploads\/2015\/10\/DIALOGOS-FOTOGRAFICOS-FIFV019A-750x499.jpg 750w\" sizes=\"auto, (max-width: 2000px) 100vw, 2000px\" \/><figcaption id=\"caption-attachment-4387\" class=\"wp-caption-text\">Luis Poirot participa en D\u00edalogos Fotogr\u00e1ficos en el Restaurant El Internado en el marco de la 7\u00aa edici\u00f3n del Festival Internacional de Fotograf\u00eda en Valpara\u00edso, FIFV 2016. \u00a9V\u00edctor Ruiz Caballero<\/figcaption><\/figure>\n<figure id=\"attachment_4388\" aria-describedby=\"caption-attachment-4388\" style=\"width: 2000px\" class=\"wp-caption alignnone\"><img loading=\"lazy\" decoding=\"async\" class=\"size-full wp-image-4388\" src=\"http:\/\/fifv.cl\/2016\/wp-content\/uploads\/2015\/10\/DIALOGOS-FOTOGRAFICOS-FIFV020A.jpg\" alt=\"Invitados participan en D\u00edalogos Fotogr\u00e1ficos en el Restaurant El Internado en el marco de la 7\u00aa edici\u00f3n del Festival Internacional de Fotograf\u00eda en Valpara\u00edso, FIFV 2016. \u00a9Victor Ruiz Caballero\" width=\"2000\" height=\"1331\" srcset=\"https:\/\/fifv.cl\/2016\/wp-content\/uploads\/2015\/10\/DIALOGOS-FOTOGRAFICOS-FIFV020A.jpg 2000w, https:\/\/fifv.cl\/2016\/wp-content\/uploads\/2015\/10\/DIALOGOS-FOTOGRAFICOS-FIFV020A-300x200.jpg 300w, https:\/\/fifv.cl\/2016\/wp-content\/uploads\/2015\/10\/DIALOGOS-FOTOGRAFICOS-FIFV020A-768x511.jpg 768w, https:\/\/fifv.cl\/2016\/wp-content\/uploads\/2015\/10\/DIALOGOS-FOTOGRAFICOS-FIFV020A-1024x681.jpg 1024w, https:\/\/fifv.cl\/2016\/wp-content\/uploads\/2015\/10\/DIALOGOS-FOTOGRAFICOS-FIFV020A-750x499.jpg 750w\" sizes=\"auto, (max-width: 2000px) 100vw, 2000px\" \/><figcaption id=\"caption-attachment-4388\" class=\"wp-caption-text\">Invitados participan en D\u00edalogos Fotogr\u00e1ficos en el Restaurant El Internado en el marco de la 7\u00aa edici\u00f3n del Festival Internacional de Fotograf\u00eda en Valpara\u00edso, FIFV 2016. \u00a9Victor Ruiz Caballero<\/figcaption><\/figure>\n<figure id=\"attachment_4389\" aria-describedby=\"caption-attachment-4389\" style=\"width: 2000px\" class=\"wp-caption alignnone\"><img loading=\"lazy\" decoding=\"async\" class=\"size-full wp-image-4389\" src=\"http:\/\/fifv.cl\/2016\/wp-content\/uploads\/2015\/10\/DIALOGOS-FOTOGRAFICOS-FIFV021A.jpg\" alt=\"Itala Schmelz, curadora mexicana, participa en D\u00edalogos Fotogr\u00e1ficos en el Restaurant El Internado en el marco de la 7\u00aa edici\u00f3n del Festival Internacional de Fotograf\u00eda en Valpara\u00edso, FIFV 2016. \u00a9V\u00edctor Ruiz Caballero\" width=\"2000\" height=\"1331\" srcset=\"https:\/\/fifv.cl\/2016\/wp-content\/uploads\/2015\/10\/DIALOGOS-FOTOGRAFICOS-FIFV021A.jpg 2000w, https:\/\/fifv.cl\/2016\/wp-content\/uploads\/2015\/10\/DIALOGOS-FOTOGRAFICOS-FIFV021A-300x200.jpg 300w, https:\/\/fifv.cl\/2016\/wp-content\/uploads\/2015\/10\/DIALOGOS-FOTOGRAFICOS-FIFV021A-768x511.jpg 768w, https:\/\/fifv.cl\/2016\/wp-content\/uploads\/2015\/10\/DIALOGOS-FOTOGRAFICOS-FIFV021A-1024x681.jpg 1024w, https:\/\/fifv.cl\/2016\/wp-content\/uploads\/2015\/10\/DIALOGOS-FOTOGRAFICOS-FIFV021A-750x499.jpg 750w\" sizes=\"auto, (max-width: 2000px) 100vw, 2000px\" \/><figcaption id=\"caption-attachment-4389\" class=\"wp-caption-text\">Itala Schmelz, curadora mexicana, participa en D\u00edalogos Fotogr\u00e1ficos en el Restaurant El Internado en el marco de la 7\u00aa edici\u00f3n del Festival Internacional de Fotograf\u00eda en Valpara\u00edso, FIFV 2016. \u00a9V\u00edctor Ruiz Caballero<\/figcaption><\/figure>\n<figure id=\"attachment_4390\" aria-describedby=\"caption-attachment-4390\" style=\"width: 2000px\" class=\"wp-caption alignnone\"><img loading=\"lazy\" decoding=\"async\" class=\"size-full wp-image-4390\" src=\"http:\/\/fifv.cl\/2016\/wp-content\/uploads\/2015\/10\/DIALOGOS-FOTOGRAFICOS-FIFV022A.jpg\" alt=\"Itala Schmelz, curadora mexicana, participa en D\u00edalogos Fotogr\u00e1ficos en el Restaurant El Internado en el marco de la 7\u00aa edici\u00f3n del Festival Internacional de Fotograf\u00eda en Valpara\u00edso, FIFV 2016. \u00a9Ignacio Lamas\" width=\"2000\" height=\"1335\" srcset=\"https:\/\/fifv.cl\/2016\/wp-content\/uploads\/2015\/10\/DIALOGOS-FOTOGRAFICOS-FIFV022A.jpg 2000w, https:\/\/fifv.cl\/2016\/wp-content\/uploads\/2015\/10\/DIALOGOS-FOTOGRAFICOS-FIFV022A-300x200.jpg 300w, https:\/\/fifv.cl\/2016\/wp-content\/uploads\/2015\/10\/DIALOGOS-FOTOGRAFICOS-FIFV022A-768x513.jpg 768w, https:\/\/fifv.cl\/2016\/wp-content\/uploads\/2015\/10\/DIALOGOS-FOTOGRAFICOS-FIFV022A-1024x684.jpg 1024w, https:\/\/fifv.cl\/2016\/wp-content\/uploads\/2015\/10\/DIALOGOS-FOTOGRAFICOS-FIFV022A-750x501.jpg 750w\" sizes=\"auto, (max-width: 2000px) 100vw, 2000px\" \/><figcaption id=\"caption-attachment-4390\" class=\"wp-caption-text\">Itala Schmelz, curadora mexicana, participa en D\u00edalogos Fotogr\u00e1ficos en el Restaurant El Internado en el marco de la 7\u00aa edici\u00f3n del Festival Internacional de Fotograf\u00eda en Valpara\u00edso, FIFV 2016. \u00a9Ignacio Lamas<\/figcaption><\/figure>\n<figure id=\"attachment_4391\" aria-describedby=\"caption-attachment-4391\" style=\"width: 2000px\" class=\"wp-caption alignnone\"><img loading=\"lazy\" decoding=\"async\" class=\"size-full wp-image-4391\" src=\"http:\/\/fifv.cl\/2016\/wp-content\/uploads\/2015\/10\/DIALOGOS-FOTOGRAFICOS-FIFV023A.jpg\" alt=\"Invitados participan en D\u00edalogos Fotogr\u00e1ficos en el Restaurant El Internado en el marco de la 7\u00aa edici\u00f3n del Festival Internacional de Fotograf\u00eda en Valpara\u00edso, FIFV 2016. \u00a9Victor Ruiz Caballero\" width=\"2000\" height=\"1331\" srcset=\"https:\/\/fifv.cl\/2016\/wp-content\/uploads\/2015\/10\/DIALOGOS-FOTOGRAFICOS-FIFV023A.jpg 2000w, https:\/\/fifv.cl\/2016\/wp-content\/uploads\/2015\/10\/DIALOGOS-FOTOGRAFICOS-FIFV023A-300x200.jpg 300w, https:\/\/fifv.cl\/2016\/wp-content\/uploads\/2015\/10\/DIALOGOS-FOTOGRAFICOS-FIFV023A-768x511.jpg 768w, https:\/\/fifv.cl\/2016\/wp-content\/uploads\/2015\/10\/DIALOGOS-FOTOGRAFICOS-FIFV023A-1024x681.jpg 1024w, https:\/\/fifv.cl\/2016\/wp-content\/uploads\/2015\/10\/DIALOGOS-FOTOGRAFICOS-FIFV023A-750x499.jpg 750w\" sizes=\"auto, (max-width: 2000px) 100vw, 2000px\" \/><figcaption id=\"caption-attachment-4391\" class=\"wp-caption-text\">Invitados participan en D\u00edalogos Fotogr\u00e1ficos en el Restaurant El Internado en el marco de la 7\u00aa edici\u00f3n del Festival Internacional de Fotograf\u00eda en Valpara\u00edso, FIFV 2016. \u00a9Victor Ruiz Caballero<\/figcaption><\/figure>\n<figure id=\"attachment_4392\" aria-describedby=\"caption-attachment-4392\" style=\"width: 2000px\" class=\"wp-caption alignnone\"><img loading=\"lazy\" decoding=\"async\" class=\"size-full wp-image-4392\" src=\"http:\/\/fifv.cl\/2016\/wp-content\/uploads\/2015\/10\/DIALOGOS-FOTOGRAFICOS-FIFV024A.jpg\" alt=\"Itala Schmelz, curadora mexicana, participa en D\u00edalogos Fotogr\u00e1ficos en el Restaurant El Internado en el marco de la 7\u00aa edici\u00f3n del Festival Internacional de Fotograf\u00eda en Valpara\u00edso, FIFV 2016. \u00a9V\u00edctor Ruiz Caballero\" width=\"2000\" height=\"1331\" srcset=\"https:\/\/fifv.cl\/2016\/wp-content\/uploads\/2015\/10\/DIALOGOS-FOTOGRAFICOS-FIFV024A.jpg 2000w, https:\/\/fifv.cl\/2016\/wp-content\/uploads\/2015\/10\/DIALOGOS-FOTOGRAFICOS-FIFV024A-300x200.jpg 300w, https:\/\/fifv.cl\/2016\/wp-content\/uploads\/2015\/10\/DIALOGOS-FOTOGRAFICOS-FIFV024A-768x511.jpg 768w, https:\/\/fifv.cl\/2016\/wp-content\/uploads\/2015\/10\/DIALOGOS-FOTOGRAFICOS-FIFV024A-1024x681.jpg 1024w, https:\/\/fifv.cl\/2016\/wp-content\/uploads\/2015\/10\/DIALOGOS-FOTOGRAFICOS-FIFV024A-750x499.jpg 750w\" sizes=\"auto, (max-width: 2000px) 100vw, 2000px\" \/><figcaption id=\"caption-attachment-4392\" class=\"wp-caption-text\">Itala Schmelz, curadora mexicana, participa en D\u00edalogos Fotogr\u00e1ficos en el Restaurant El Internado en el marco de la 7\u00aa edici\u00f3n del Festival Internacional de Fotograf\u00eda en Valpara\u00edso, FIFV 2016. \u00a9V\u00edctor Ruiz Caballero<\/figcaption><\/figure>\n<figure id=\"attachment_4393\" aria-describedby=\"caption-attachment-4393\" style=\"width: 2000px\" class=\"wp-caption alignnone\"><img loading=\"lazy\" decoding=\"async\" class=\"size-full wp-image-4393\" src=\"http:\/\/fifv.cl\/2016\/wp-content\/uploads\/2015\/10\/DIALOGOS-FOTOGRAFICOS-FIFV025A.jpg\" alt=\"Invitados participan en D\u00edalogos Fotogr\u00e1ficos en el Restaurant El Internado en el marco de la 7\u00aa edici\u00f3n del Festival Internacional de Fotograf\u00eda en Valpara\u00edso, FIFV 2016. \u00a9Ignacio Lamas\" width=\"2000\" height=\"1335\" srcset=\"https:\/\/fifv.cl\/2016\/wp-content\/uploads\/2015\/10\/DIALOGOS-FOTOGRAFICOS-FIFV025A.jpg 2000w, https:\/\/fifv.cl\/2016\/wp-content\/uploads\/2015\/10\/DIALOGOS-FOTOGRAFICOS-FIFV025A-300x200.jpg 300w, https:\/\/fifv.cl\/2016\/wp-content\/uploads\/2015\/10\/DIALOGOS-FOTOGRAFICOS-FIFV025A-768x513.jpg 768w, https:\/\/fifv.cl\/2016\/wp-content\/uploads\/2015\/10\/DIALOGOS-FOTOGRAFICOS-FIFV025A-1024x684.jpg 1024w, https:\/\/fifv.cl\/2016\/wp-content\/uploads\/2015\/10\/DIALOGOS-FOTOGRAFICOS-FIFV025A-750x501.jpg 750w\" sizes=\"auto, (max-width: 2000px) 100vw, 2000px\" \/><figcaption id=\"caption-attachment-4393\" class=\"wp-caption-text\">Invitados participan en D\u00edalogos Fotogr\u00e1ficos en el Restaurant El Internado en el marco de la 7\u00aa edici\u00f3n del Festival Internacional de Fotograf\u00eda en Valpara\u00edso, FIFV 2016. \u00a9Ignacio Lamas<\/figcaption><\/figure>\n<h3 style=\"text-align: center;\"><strong>S\u00e1bado 29 de Octubre de 2016<\/strong><\/h3>\n<figure id=\"attachment_4279\" aria-describedby=\"caption-attachment-4279\" style=\"width: 4256px\" class=\"wp-caption alignnone\"><img loading=\"lazy\" decoding=\"async\" class=\"wp-image-4279 size-full\" src=\"http:\/\/fifv.cl\/2016\/wp-content\/uploads\/2015\/10\/inauguracionFIFV025.jpg\" alt=\"Cientos de personas asistieron a la 7\u00aa edici\u00f3n del Festival Internacional de Fotograf\u00eda en Valpara\u00edso, FIFV 2016. \u00a9Victor Ruiz Caballero\" width=\"4256\" height=\"2832\" srcset=\"https:\/\/fifv.cl\/2016\/wp-content\/uploads\/2015\/10\/inauguracionFIFV025.jpg 4256w, https:\/\/fifv.cl\/2016\/wp-content\/uploads\/2015\/10\/inauguracionFIFV025-300x200.jpg 300w, https:\/\/fifv.cl\/2016\/wp-content\/uploads\/2015\/10\/inauguracionFIFV025-768x511.jpg 768w, https:\/\/fifv.cl\/2016\/wp-content\/uploads\/2015\/10\/inauguracionFIFV025-1024x681.jpg 1024w, https:\/\/fifv.cl\/2016\/wp-content\/uploads\/2015\/10\/inauguracionFIFV025-750x499.jpg 750w\" sizes=\"auto, (max-width: 4256px) 100vw, 4256px\" \/><figcaption id=\"caption-attachment-4279\" class=\"wp-caption-text\">Cientos de personas asistieron a la 7\u00aa edici\u00f3n del Festival Internacional de Fotograf\u00eda en Valpara\u00edso, FIFV 2016. \u00a9Victor Ruiz Caballero<\/figcaption><\/figure>\n<figure id=\"attachment_4280\" aria-describedby=\"caption-attachment-4280\" style=\"width: 4256px\" class=\"wp-caption alignnone\"><img loading=\"lazy\" decoding=\"async\" class=\"wp-image-4280 size-full\" src=\"http:\/\/fifv.cl\/2016\/wp-content\/uploads\/2015\/10\/inauguracionFIFV024.jpg\" alt=\"Cientos de personas asistieron a la 7\u00aa edici\u00f3n del Festival Internacional de Fotograf\u00eda en Valpara\u00edso, FIFV 2016. \u00a9Victor Ruiz Caballero\" width=\"4256\" height=\"2832\" srcset=\"https:\/\/fifv.cl\/2016\/wp-content\/uploads\/2015\/10\/inauguracionFIFV024.jpg 4256w, https:\/\/fifv.cl\/2016\/wp-content\/uploads\/2015\/10\/inauguracionFIFV024-300x200.jpg 300w, https:\/\/fifv.cl\/2016\/wp-content\/uploads\/2015\/10\/inauguracionFIFV024-768x511.jpg 768w, https:\/\/fifv.cl\/2016\/wp-content\/uploads\/2015\/10\/inauguracionFIFV024-1024x681.jpg 1024w, https:\/\/fifv.cl\/2016\/wp-content\/uploads\/2015\/10\/inauguracionFIFV024-750x499.jpg 750w\" sizes=\"auto, (max-width: 4256px) 100vw, 4256px\" \/><figcaption id=\"caption-attachment-4280\" class=\"wp-caption-text\">Cientos de personas asistieron a la 7\u00aa edici\u00f3n del Festival Internacional de Fotograf\u00eda en Valpara\u00edso, FIFV 2016. \u00a9Victor Ruiz Caballero<\/figcaption><\/figure>\n<figure id=\"attachment_4281\" aria-describedby=\"caption-attachment-4281\" style=\"width: 4256px\" class=\"wp-caption alignnone\"><img loading=\"lazy\" decoding=\"async\" class=\"wp-image-4281 size-full\" src=\"http:\/\/fifv.cl\/2016\/wp-content\/uploads\/2015\/10\/inauguracionFIFV023.jpg\" alt=\"Cientos de personas asistieron a la 7\u00aa edici\u00f3n del Festival Internacional de Fotograf\u00eda en Valpara\u00edso, FIFV 2016. \u00a9Victor Ruiz Caballero\" width=\"4256\" height=\"2832\" srcset=\"https:\/\/fifv.cl\/2016\/wp-content\/uploads\/2015\/10\/inauguracionFIFV023.jpg 4256w, https:\/\/fifv.cl\/2016\/wp-content\/uploads\/2015\/10\/inauguracionFIFV023-300x200.jpg 300w, https:\/\/fifv.cl\/2016\/wp-content\/uploads\/2015\/10\/inauguracionFIFV023-768x511.jpg 768w, https:\/\/fifv.cl\/2016\/wp-content\/uploads\/2015\/10\/inauguracionFIFV023-1024x681.jpg 1024w, https:\/\/fifv.cl\/2016\/wp-content\/uploads\/2015\/10\/inauguracionFIFV023-750x499.jpg 750w\" sizes=\"auto, (max-width: 4256px) 100vw, 4256px\" \/><figcaption id=\"caption-attachment-4281\" class=\"wp-caption-text\">Cientos de personas asistieron a la 7\u00aa edici\u00f3n del Festival Internacional de Fotograf\u00eda en Valpara\u00edso, FIFV 2016. \u00a9Victor Ruiz Caballero<\/figcaption><\/figure>\n<figure id=\"attachment_4282\" aria-describedby=\"caption-attachment-4282\" style=\"width: 4256px\" class=\"wp-caption alignnone\"><img loading=\"lazy\" decoding=\"async\" class=\"wp-image-4282 size-full\" src=\"http:\/\/fifv.cl\/2016\/wp-content\/uploads\/2015\/10\/inauguracionFIFV022.jpg\" alt=\"Cientos de personas asistieron a la 7\u00aa edici\u00f3n del Festival Internacional de Fotograf\u00eda en Valpara\u00edso, FIFV 2016. \u00a9Victor Ruiz Caballero\" width=\"4256\" height=\"2832\" srcset=\"https:\/\/fifv.cl\/2016\/wp-content\/uploads\/2015\/10\/inauguracionFIFV022.jpg 4256w, https:\/\/fifv.cl\/2016\/wp-content\/uploads\/2015\/10\/inauguracionFIFV022-300x200.jpg 300w, https:\/\/fifv.cl\/2016\/wp-content\/uploads\/2015\/10\/inauguracionFIFV022-768x511.jpg 768w, https:\/\/fifv.cl\/2016\/wp-content\/uploads\/2015\/10\/inauguracionFIFV022-1024x681.jpg 1024w, https:\/\/fifv.cl\/2016\/wp-content\/uploads\/2015\/10\/inauguracionFIFV022-750x499.jpg 750w\" sizes=\"auto, (max-width: 4256px) 100vw, 4256px\" \/><figcaption id=\"caption-attachment-4282\" class=\"wp-caption-text\">Cientos de personas asistieron a la 7\u00aa edici\u00f3n del Festival Internacional de Fotograf\u00eda en Valpara\u00edso, FIFV 2016. \u00a9Victor Ruiz Caballero<\/figcaption><\/figure>\n<figure id=\"attachment_4283\" aria-describedby=\"caption-attachment-4283\" style=\"width: 4256px\" class=\"wp-caption alignnone\"><img loading=\"lazy\" decoding=\"async\" class=\"wp-image-4283 size-full\" src=\"http:\/\/fifv.cl\/2016\/wp-content\/uploads\/2015\/10\/inauguracionFIFV021.jpg\" alt=\"Cientos de personas asistieron a la 7\u00aa edici\u00f3n del Festival Internacional de Fotograf\u00eda en Valpara\u00edso, FIFV 2016. \u00a9Victor Ruiz Caballero\" width=\"4256\" height=\"2832\" srcset=\"https:\/\/fifv.cl\/2016\/wp-content\/uploads\/2015\/10\/inauguracionFIFV021.jpg 4256w, https:\/\/fifv.cl\/2016\/wp-content\/uploads\/2015\/10\/inauguracionFIFV021-300x200.jpg 300w, https:\/\/fifv.cl\/2016\/wp-content\/uploads\/2015\/10\/inauguracionFIFV021-768x511.jpg 768w, https:\/\/fifv.cl\/2016\/wp-content\/uploads\/2015\/10\/inauguracionFIFV021-1024x681.jpg 1024w, https:\/\/fifv.cl\/2016\/wp-content\/uploads\/2015\/10\/inauguracionFIFV021-750x499.jpg 750w\" sizes=\"auto, (max-width: 4256px) 100vw, 4256px\" \/><figcaption id=\"caption-attachment-4283\" class=\"wp-caption-text\">Cientos de personas asistieron a la 7\u00aa edici\u00f3n del Festival Internacional de Fotograf\u00eda en Valpara\u00edso, FIFV 2016. \u00a9Victor Ruiz Caballero<\/figcaption><\/figure>\n<figure id=\"attachment_4284\" aria-describedby=\"caption-attachment-4284\" style=\"width: 4256px\" class=\"wp-caption alignnone\"><img loading=\"lazy\" decoding=\"async\" class=\"wp-image-4284 size-full\" src=\"http:\/\/fifv.cl\/2016\/wp-content\/uploads\/2015\/10\/inauguracionFIFV020.jpg\" alt=\"Cientos de personas asistieron a la 7\u00aa edici\u00f3n del Festival Internacional de Fotograf\u00eda en Valpara\u00edso, FIFV 2016. \u00a9Victor Ruiz Caballero\" width=\"4256\" height=\"2832\" srcset=\"https:\/\/fifv.cl\/2016\/wp-content\/uploads\/2015\/10\/inauguracionFIFV020.jpg 4256w, https:\/\/fifv.cl\/2016\/wp-content\/uploads\/2015\/10\/inauguracionFIFV020-300x200.jpg 300w, https:\/\/fifv.cl\/2016\/wp-content\/uploads\/2015\/10\/inauguracionFIFV020-768x511.jpg 768w, https:\/\/fifv.cl\/2016\/wp-content\/uploads\/2015\/10\/inauguracionFIFV020-1024x681.jpg 1024w, https:\/\/fifv.cl\/2016\/wp-content\/uploads\/2015\/10\/inauguracionFIFV020-750x499.jpg 750w\" sizes=\"auto, (max-width: 4256px) 100vw, 4256px\" \/><figcaption id=\"caption-attachment-4284\" class=\"wp-caption-text\">Cientos de personas asistieron a la 7\u00aa edici\u00f3n del Festival Internacional de Fotograf\u00eda en Valpara\u00edso, FIFV 2016. \u00a9Victor Ruiz Caballero<\/figcaption><\/figure>\n<figure id=\"attachment_4285\" aria-describedby=\"caption-attachment-4285\" style=\"width: 4256px\" class=\"wp-caption alignnone\"><img loading=\"lazy\" decoding=\"async\" class=\"wp-image-4285 size-full\" src=\"http:\/\/fifv.cl\/2016\/wp-content\/uploads\/2015\/10\/inauguracionFIFV019.jpg\" alt=\"Cientos de personas asistieron a la 7\u00aa edici\u00f3n del Festival Internacional de Fotograf\u00eda en Valpara\u00edso, FIFV 2016. \u00a9Victor Ruiz Caballero\" width=\"4256\" height=\"2832\" srcset=\"https:\/\/fifv.cl\/2016\/wp-content\/uploads\/2015\/10\/inauguracionFIFV019.jpg 4256w, https:\/\/fifv.cl\/2016\/wp-content\/uploads\/2015\/10\/inauguracionFIFV019-300x200.jpg 300w, https:\/\/fifv.cl\/2016\/wp-content\/uploads\/2015\/10\/inauguracionFIFV019-768x511.jpg 768w, https:\/\/fifv.cl\/2016\/wp-content\/uploads\/2015\/10\/inauguracionFIFV019-1024x681.jpg 1024w, https:\/\/fifv.cl\/2016\/wp-content\/uploads\/2015\/10\/inauguracionFIFV019-750x499.jpg 750w\" sizes=\"auto, (max-width: 4256px) 100vw, 4256px\" \/><figcaption id=\"caption-attachment-4285\" class=\"wp-caption-text\">Cientos de personas asistieron a la 7\u00aa edici\u00f3n del Festival Internacional de Fotograf\u00eda en Valpara\u00edso, FIFV 2016. \u00a9Victor Ruiz Caballero<\/figcaption><\/figure>\n<figure id=\"attachment_4286\" aria-describedby=\"caption-attachment-4286\" style=\"width: 4256px\" class=\"wp-caption alignnone\"><img loading=\"lazy\" decoding=\"async\" class=\"wp-image-4286 size-full\" src=\"http:\/\/fifv.cl\/2016\/wp-content\/uploads\/2015\/10\/inauguracionFIFV018.jpg\" alt=\"Cientos de personas asistieron a la 7\u00aa edici\u00f3n del Festival Internacional de Fotograf\u00eda en Valpara\u00edso, FIFV 2016. \u00a9Victor Ruiz Caballero\" width=\"4256\" height=\"2832\" \/><figcaption id=\"caption-attachment-4286\" class=\"wp-caption-text\">Cientos de personas asistieron a la 7\u00aa edici\u00f3n del Festival Internacional de Fotograf\u00eda en Valpara\u00edso, FIFV 2016. \u00a9Victor Ruiz Caballero<\/figcaption><\/figure>\n<figure id=\"attachment_4287\" aria-describedby=\"caption-attachment-4287\" style=\"width: 4066px\" class=\"wp-caption alignnone\"><img loading=\"lazy\" decoding=\"async\" class=\"wp-image-4287 size-full\" src=\"http:\/\/fifv.cl\/2016\/wp-content\/uploads\/2015\/10\/inauguracionFIFV017.jpg\" alt=\"Cientos de personas asistieron a la 7\u00aa edici\u00f3n del Festival Internacional de Fotograf\u00eda en Valpara\u00edso, FIFV 2016. \u00a9Victor Ruiz Caballero\" width=\"4066\" height=\"2706\" srcset=\"https:\/\/fifv.cl\/2016\/wp-content\/uploads\/2015\/10\/inauguracionFIFV017.jpg 4066w, https:\/\/fifv.cl\/2016\/wp-content\/uploads\/2015\/10\/inauguracionFIFV017-300x200.jpg 300w, https:\/\/fifv.cl\/2016\/wp-content\/uploads\/2015\/10\/inauguracionFIFV017-768x511.jpg 768w, https:\/\/fifv.cl\/2016\/wp-content\/uploads\/2015\/10\/inauguracionFIFV017-1024x681.jpg 1024w, https:\/\/fifv.cl\/2016\/wp-content\/uploads\/2015\/10\/inauguracionFIFV017-750x499.jpg 750w\" sizes=\"auto, (max-width: 4066px) 100vw, 4066px\" \/><figcaption id=\"caption-attachment-4287\" class=\"wp-caption-text\">Cientos de personas asistieron a la 7\u00aa edici\u00f3n del Festival Internacional de Fotograf\u00eda en Valpara\u00edso, FIFV 2016. \u00a9Victor Ruiz Caballero<\/figcaption><\/figure>\n<figure id=\"attachment_4295\" aria-describedby=\"caption-attachment-4295\" style=\"width: 2000px\" class=\"wp-caption alignnone\"><img loading=\"lazy\" decoding=\"async\" class=\"wp-image-4295 size-full\" src=\"http:\/\/fifv.cl\/2016\/wp-content\/uploads\/2015\/10\/inauguracionFIFV018-1.jpg\" alt=\"Cientos de personas asistieron a la 7\u00aa edici\u00f3n del Festival Internacional de Fotograf\u00eda en Valpara\u00edso, FIFV 2016. \u00a9Victor Ruiz Caballero\" width=\"2000\" height=\"1331\" srcset=\"https:\/\/fifv.cl\/2016\/wp-content\/uploads\/2015\/10\/inauguracionFIFV018-1.jpg 2000w, https:\/\/fifv.cl\/2016\/wp-content\/uploads\/2015\/10\/inauguracionFIFV018-1-300x200.jpg 300w, https:\/\/fifv.cl\/2016\/wp-content\/uploads\/2015\/10\/inauguracionFIFV018-1-768x511.jpg 768w, https:\/\/fifv.cl\/2016\/wp-content\/uploads\/2015\/10\/inauguracionFIFV018-1-1024x681.jpg 1024w, https:\/\/fifv.cl\/2016\/wp-content\/uploads\/2015\/10\/inauguracionFIFV018-1-750x499.jpg 750w\" sizes=\"auto, (max-width: 2000px) 100vw, 2000px\" \/><figcaption id=\"caption-attachment-4295\" class=\"wp-caption-text\">Cientos de personas asistieron a la 7\u00aa edici\u00f3n del Festival Internacional de Fotograf\u00eda en Valpara\u00edso, FIFV 2016. \u00a9Victor Ruiz Caballero<\/figcaption><\/figure>\n<figure id=\"attachment_4219\" aria-describedby=\"caption-attachment-4219\" style=\"width: 2000px\" class=\"wp-caption alignnone\"><img loading=\"lazy\" decoding=\"async\" class=\"wp-image-4219 size-full\" src=\"http:\/\/fifv.cl\/2016\/wp-content\/uploads\/2015\/10\/Salaexpo-preparativos29oct.010.jpg\" alt=\"salaexpo-preparativos29oct-010\" width=\"2000\" height=\"1331\" srcset=\"https:\/\/fifv.cl\/2016\/wp-content\/uploads\/2015\/10\/Salaexpo-preparativos29oct.010.jpg 2000w, https:\/\/fifv.cl\/2016\/wp-content\/uploads\/2015\/10\/Salaexpo-preparativos29oct.010-300x200.jpg 300w, https:\/\/fifv.cl\/2016\/wp-content\/uploads\/2015\/10\/Salaexpo-preparativos29oct.010-768x511.jpg 768w, https:\/\/fifv.cl\/2016\/wp-content\/uploads\/2015\/10\/Salaexpo-preparativos29oct.010-1024x681.jpg 1024w, https:\/\/fifv.cl\/2016\/wp-content\/uploads\/2015\/10\/Salaexpo-preparativos29oct.010-750x499.jpg 750w\" sizes=\"auto, (max-width: 2000px) 100vw, 2000px\" \/><figcaption id=\"caption-attachment-4219\" class=\"wp-caption-text\">Una funcionaria del parque limpia el piso de la sala de exposici\u00f3n. \u00a9V\u00edctor Ruiz Caballero<\/figcaption><\/figure>\n<figure id=\"attachment_4220\" aria-describedby=\"caption-attachment-4220\" style=\"width: 2000px\" class=\"wp-caption alignnone\"><img loading=\"lazy\" decoding=\"async\" class=\"wp-image-4220 size-full\" src=\"http:\/\/fifv.cl\/2016\/wp-content\/uploads\/2015\/10\/Salaexpo-preparativos29oct.012.jpg\" alt=\"salaexpo-preparativos29oct-012\" width=\"2000\" height=\"1331\" srcset=\"https:\/\/fifv.cl\/2016\/wp-content\/uploads\/2015\/10\/Salaexpo-preparativos29oct.012.jpg 2000w, https:\/\/fifv.cl\/2016\/wp-content\/uploads\/2015\/10\/Salaexpo-preparativos29oct.012-300x200.jpg 300w, https:\/\/fifv.cl\/2016\/wp-content\/uploads\/2015\/10\/Salaexpo-preparativos29oct.012-768x511.jpg 768w, https:\/\/fifv.cl\/2016\/wp-content\/uploads\/2015\/10\/Salaexpo-preparativos29oct.012-1024x681.jpg 1024w, https:\/\/fifv.cl\/2016\/wp-content\/uploads\/2015\/10\/Salaexpo-preparativos29oct.012-750x499.jpg 750w\" sizes=\"auto, (max-width: 2000px) 100vw, 2000px\" \/><figcaption id=\"caption-attachment-4220\" class=\"wp-caption-text\">\u00daltimos preparativos para el inicio del Festival Internacional de Fotograf\u00eda en valparaiso. \u00a9V\u00edctor Ruiz Caballero<\/figcaption><\/figure>\n<figure id=\"attachment_4221\" aria-describedby=\"caption-attachment-4221\" style=\"width: 2000px\" class=\"wp-caption alignnone\"><img loading=\"lazy\" decoding=\"async\" class=\"wp-image-4221 size-full\" src=\"http:\/\/fifv.cl\/2016\/wp-content\/uploads\/2015\/10\/Salaexpo-preparativos29oct.013.jpg\" alt=\"salaexpo-preparativos29oct-013\" width=\"2000\" height=\"1331\" srcset=\"https:\/\/fifv.cl\/2016\/wp-content\/uploads\/2015\/10\/Salaexpo-preparativos29oct.013.jpg 2000w, https:\/\/fifv.cl\/2016\/wp-content\/uploads\/2015\/10\/Salaexpo-preparativos29oct.013-300x200.jpg 300w, https:\/\/fifv.cl\/2016\/wp-content\/uploads\/2015\/10\/Salaexpo-preparativos29oct.013-768x511.jpg 768w, https:\/\/fifv.cl\/2016\/wp-content\/uploads\/2015\/10\/Salaexpo-preparativos29oct.013-1024x681.jpg 1024w, https:\/\/fifv.cl\/2016\/wp-content\/uploads\/2015\/10\/Salaexpo-preparativos29oct.013-750x499.jpg 750w\" sizes=\"auto, (max-width: 2000px) 100vw, 2000px\" \/><figcaption id=\"caption-attachment-4221\" class=\"wp-caption-text\">Organizadores trabajan en los \u00faltimos preparativos para el inicio del Festival Internacional de Fotograf\u00eda en Valpara\u00edso. \u00a9V\u00edctor Ruiz Caballero<\/figcaption><\/figure>\n<figure id=\"attachment_4222\" aria-describedby=\"caption-attachment-4222\" style=\"width: 2000px\" class=\"wp-caption alignnone\"><img loading=\"lazy\" decoding=\"async\" class=\"wp-image-4222 size-full\" src=\"http:\/\/fifv.cl\/2016\/wp-content\/uploads\/2015\/10\/Salaexpo-preparativos29oct.016.jpg\" alt=\"salaexpo-preparativos29oct-016\" width=\"2000\" height=\"1331\" srcset=\"https:\/\/fifv.cl\/2016\/wp-content\/uploads\/2015\/10\/Salaexpo-preparativos29oct.016.jpg 2000w, https:\/\/fifv.cl\/2016\/wp-content\/uploads\/2015\/10\/Salaexpo-preparativos29oct.016-300x200.jpg 300w, https:\/\/fifv.cl\/2016\/wp-content\/uploads\/2015\/10\/Salaexpo-preparativos29oct.016-768x511.jpg 768w, https:\/\/fifv.cl\/2016\/wp-content\/uploads\/2015\/10\/Salaexpo-preparativos29oct.016-1024x681.jpg 1024w, https:\/\/fifv.cl\/2016\/wp-content\/uploads\/2015\/10\/Salaexpo-preparativos29oct.016-750x499.jpg 750w\" sizes=\"auto, (max-width: 2000px) 100vw, 2000px\" \/><figcaption id=\"caption-attachment-4222\" class=\"wp-caption-text\">Vista general del la exposici\u00f3n en el Festival Internacional de Fotograf\u00eda en Valpara\u00edso. \u00a9V\u00edctor Ruiz Caballero<\/figcaption><\/figure>\n<figure id=\"attachment_4217\" aria-describedby=\"caption-attachment-4217\" style=\"width: 2000px\" class=\"wp-caption alignnone\"><img loading=\"lazy\" decoding=\"async\" class=\"wp-image-4217 size-full\" src=\"http:\/\/fifv.cl\/2016\/wp-content\/uploads\/2015\/10\/esperando-inauguracio\u0301n29oct.006.jpg\" alt=\"esperando-inauguracion29oct-006\" width=\"2000\" height=\"1331\" srcset=\"https:\/\/fifv.cl\/2016\/wp-content\/uploads\/2015\/10\/esperando-inauguracio\u0301n29oct.006.jpg 2000w, https:\/\/fifv.cl\/2016\/wp-content\/uploads\/2015\/10\/esperando-inauguracio\u0301n29oct.006-300x200.jpg 300w, https:\/\/fifv.cl\/2016\/wp-content\/uploads\/2015\/10\/esperando-inauguracio\u0301n29oct.006-768x511.jpg 768w, https:\/\/fifv.cl\/2016\/wp-content\/uploads\/2015\/10\/esperando-inauguracio\u0301n29oct.006-1024x681.jpg 1024w, https:\/\/fifv.cl\/2016\/wp-content\/uploads\/2015\/10\/esperando-inauguracio\u0301n29oct.006-750x499.jpg 750w\" sizes=\"auto, (max-width: 2000px) 100vw, 2000px\" \/><figcaption id=\"caption-attachment-4217\" class=\"wp-caption-text\">Esperando en Festival Internacional de Fotograf\u00eda en Valpara\u00edso. \u00a9V\u00edctor Ruiz Caballero<\/figcaption><\/figure>\n<figure id=\"attachment_4216\" aria-describedby=\"caption-attachment-4216\" style=\"width: 2000px\" class=\"wp-caption alignnone\"><img loading=\"lazy\" decoding=\"async\" class=\"wp-image-4216 size-full\" src=\"http:\/\/fifv.cl\/2016\/wp-content\/uploads\/2015\/10\/Brigadistas29oct.007.jpg\" alt=\"brigadistas29oct-007\" width=\"2000\" height=\"1331\" srcset=\"https:\/\/fifv.cl\/2016\/wp-content\/uploads\/2015\/10\/Brigadistas29oct.007.jpg 2000w, https:\/\/fifv.cl\/2016\/wp-content\/uploads\/2015\/10\/Brigadistas29oct.007-300x200.jpg 300w, https:\/\/fifv.cl\/2016\/wp-content\/uploads\/2015\/10\/Brigadistas29oct.007-768x511.jpg 768w, https:\/\/fifv.cl\/2016\/wp-content\/uploads\/2015\/10\/Brigadistas29oct.007-1024x681.jpg 1024w, https:\/\/fifv.cl\/2016\/wp-content\/uploads\/2015\/10\/Brigadistas29oct.007-750x499.jpg 750w\" sizes=\"auto, (max-width: 2000px) 100vw, 2000px\" \/><figcaption id=\"caption-attachment-4216\" class=\"wp-caption-text\">Brigadistas espa\u00f1oles presentan sus proyectos. \u00a9V\u00edctor Ruiz Caballero<\/figcaption><\/figure>\n<p style=\"text-align: center;\"><img loading=\"lazy\" decoding=\"async\" class=\"wp-image-4215 size-full\" src=\"http:\/\/fifv.cl\/2016\/wp-content\/uploads\/2015\/10\/Brigadistas29oct.004.jpg\" alt=\"brigadistas29oct-004\" width=\"2000\" height=\"1331\" srcset=\"https:\/\/fifv.cl\/2016\/wp-content\/uploads\/2015\/10\/Brigadistas29oct.004.jpg 2000w, https:\/\/fifv.cl\/2016\/wp-content\/uploads\/2015\/10\/Brigadistas29oct.004-300x200.jpg 300w, https:\/\/fifv.cl\/2016\/wp-content\/uploads\/2015\/10\/Brigadistas29oct.004-768x511.jpg 768w, https:\/\/fifv.cl\/2016\/wp-content\/uploads\/2015\/10\/Brigadistas29oct.004-1024x681.jpg 1024w, https:\/\/fifv.cl\/2016\/wp-content\/uploads\/2015\/10\/Brigadistas29oct.004-750x499.jpg 750w\" sizes=\"auto, (max-width: 2000px) 100vw, 2000px\" \/><\/p>\n<h3 style=\"text-align: center;\"><strong>Jueves 27 de Octubre de 2016<\/strong><\/h3>\n<figure id=\"attachment_4074\" aria-describedby=\"caption-attachment-4074\" style=\"width: 1280px\" class=\"wp-caption aligncenter\"><img loading=\"lazy\" decoding=\"async\" class=\"wp-image-4074 size-full\" src=\"http:\/\/fifv.cl\/2016\/wp-content\/uploads\/2015\/10\/7fd7bc1c-23e4-4229-b5be-dece521ecb77.jpeg\" alt=\"Montaje Exposici\u00f3n Valpara\u00edso\" width=\"1280\" height=\"960\" srcset=\"https:\/\/fifv.cl\/2016\/wp-content\/uploads\/2015\/10\/7fd7bc1c-23e4-4229-b5be-dece521ecb77.jpeg 1280w, https:\/\/fifv.cl\/2016\/wp-content\/uploads\/2015\/10\/7fd7bc1c-23e4-4229-b5be-dece521ecb77-300x225.jpeg 300w, https:\/\/fifv.cl\/2016\/wp-content\/uploads\/2015\/10\/7fd7bc1c-23e4-4229-b5be-dece521ecb77-768x576.jpeg 768w, https:\/\/fifv.cl\/2016\/wp-content\/uploads\/2015\/10\/7fd7bc1c-23e4-4229-b5be-dece521ecb77-1024x768.jpeg 1024w, https:\/\/fifv.cl\/2016\/wp-content\/uploads\/2015\/10\/7fd7bc1c-23e4-4229-b5be-dece521ecb77-750x563.jpeg 750w\" sizes=\"auto, (max-width: 1280px) 100vw, 1280px\" \/><figcaption id=\"caption-attachment-4074\" class=\"wp-caption-text\">Montaje de exposici\u00f3n Valpara\u00edso \/ Foto Rodrigo G\u00f3mez Rovira<\/figcaption><\/figure>\n","protected":false},"excerpt":{"rendered":"<p>S\u00e1bado 5\u00a0de Noviembre Viernes 4\u00a0de Noviembre El montajista Felipe Matus traslada los rollos de im\u00e1genes para ser expuestas en Plaza V\u00edctoria, FIFV 2016. \u00a9Victor Ruiz Caballero Jueves 3 de Noviembre [&hellip;]<\/p>\n","protected":false},"author":2,"featured_media":0,"parent":0,"menu_order":7,"comment_status":"closed","ping_status":"closed","template":"page-fifv-galerias.php","meta":{"footnotes":""},"class_list":["post-21","page","type-page","status-publish","hentry"],"_links":{"self":[{"href":"https:\/\/fifv.cl\/2016\/wp-json\/wp\/v2\/pages\/21","targetHints":{"allow":["GET"]}}],"collection":[{"href":"https:\/\/fifv.cl\/2016\/wp-json\/wp\/v2\/pages"}],"about":[{"href":"https:\/\/fifv.cl\/2016\/wp-json\/wp\/v2\/types\/page"}],"author":[{"embeddable":true,"href":"https:\/\/fifv.cl\/2016\/wp-json\/wp\/v2\/users\/2"}],"replies":[{"embeddable":true,"href":"https:\/\/fifv.cl\/2016\/wp-json\/wp\/v2\/comments?post=21"}],"version-history":[{"count":101,"href":"https:\/\/fifv.cl\/2016\/wp-json\/wp\/v2\/pages\/21\/revisions"}],"predecessor-version":[{"id":5065,"href":"https:\/\/fifv.cl\/2016\/wp-json\/wp\/v2\/pages\/21\/revisions\/5065"}],"wp:attachment":[{"href":"https:\/\/fifv.cl\/2016\/wp-json\/wp\/v2\/media?parent=21"}],"curies":[{"name":"wp","href":"https:\/\/api.w.org\/{rel}","templated":true}]}}