{"id":136,"date":"2018-10-05T15:38:30","date_gmt":"2018-10-05T18:38:30","guid":{"rendered":"http:\/\/fifv.cl\/2018\/?page_id=136"},"modified":"2018-10-26T21:39:37","modified_gmt":"2018-10-27T00:39:37","slug":"dialogos-fotograficos","status":"publish","type":"page","link":"https:\/\/fifv.cl\/2018\/dialogos-fotograficos\/","title":{"rendered":"Di\u00e1logos Fotogr\u00e1ficos"},"content":{"rendered":"\t\t<div data-elementor-type=\"wp-post\" data-elementor-id=\"136\" class=\"elementor elementor-136 elementor-bc-flex-widget\">\n\t\t\t\t\t\t<section class=\"elementor-section elementor-top-section elementor-element elementor-element-285a224 elementor-section-boxed elementor-section-height-default elementor-section-height-default\" data-id=\"285a224\" data-element_type=\"section\" data-e-type=\"section\">\n\t\t\t\t\t\t<div class=\"elementor-container elementor-column-gap-default\">\n\t\t\t\t\t<div class=\"elementor-column elementor-col-100 elementor-top-column elementor-element elementor-element-6f17e43 elementor-invisible\" data-id=\"6f17e43\" data-element_type=\"column\" data-e-type=\"column\" data-settings=\"{&quot;animation&quot;:&quot;fadeIn&quot;}\">\n\t\t\t<div class=\"elementor-widget-wrap elementor-element-populated\">\n\t\t\t\t\t\t\t<\/div>\n\t\t<\/div>\n\t\t\t\t\t<\/div>\n\t\t<\/section>\n\t\t\t\t<section class=\"elementor-section elementor-top-section elementor-element elementor-element-6af19250 fifv-content elementor-section-boxed elementor-section-height-default elementor-section-height-default\" data-id=\"6af19250\" data-element_type=\"section\" data-e-type=\"section\">\n\t\t\t\t\t\t<div class=\"elementor-container elementor-column-gap-default\">\n\t\t\t\t\t<div class=\"elementor-column elementor-col-100 elementor-top-column elementor-element elementor-element-3823380a\" data-id=\"3823380a\" data-element_type=\"column\" data-e-type=\"column\">\n\t\t\t<div class=\"elementor-widget-wrap elementor-element-populated\">\n\t\t\t\t\t\t<div class=\"elementor-element elementor-element-1af2c3cb titlePage elementor-widget elementor-widget-heading\" data-id=\"1af2c3cb\" data-element_type=\"widget\" data-e-type=\"widget\" data-widget_type=\"heading.default\">\n\t\t\t\t<div class=\"elementor-widget-container\">\n\t\t\t\t\t<h2 class=\"elementor-heading-title elementor-size-default\">Di\u00e1logos fotogr\u00e1ficos<\/h2>\t\t\t\t<\/div>\n\t\t\t\t<\/div>\n\t\t\t\t\t<\/div>\n\t\t<\/div>\n\t\t\t\t\t<\/div>\n\t\t<\/section>\n\t\t\t\t<section class=\"elementor-section elementor-top-section elementor-element elementor-element-2e068c5 fifv-content elementor-section-boxed elementor-section-height-default elementor-section-height-default\" data-id=\"2e068c5\" data-element_type=\"section\" data-e-type=\"section\">\n\t\t\t\t\t\t<div class=\"elementor-container elementor-column-gap-default\">\n\t\t\t\t\t<div class=\"elementor-column elementor-col-100 elementor-top-column elementor-element elementor-element-a17d6e7\" data-id=\"a17d6e7\" data-element_type=\"column\" data-e-type=\"column\">\n\t\t\t<div class=\"elementor-widget-wrap elementor-element-populated\">\n\t\t\t\t\t\t<div class=\"elementor-element elementor-element-76d63ba elementor-widget elementor-widget-image\" data-id=\"76d63ba\" data-element_type=\"widget\" data-e-type=\"widget\" data-widget_type=\"image.default\">\n\t\t\t\t<div class=\"elementor-widget-container\">\n\t\t\t\t\t\t\t\t\t\t\t\t\t\t\t<img fetchpriority=\"high\" decoding=\"async\" width=\"640\" height=\"427\" src=\"https:\/\/fifv.cl\/2018\/wp-content\/uploads\/2018\/10\/DialogoSUB-SantiagoEscobar-LTorchio457-1024x683.jpg\" class=\"attachment-large size-large wp-image-473\" alt=\"\" srcset=\"https:\/\/fifv.cl\/2018\/wp-content\/uploads\/2018\/10\/DialogoSUB-SantiagoEscobar-LTorchio457-1024x683.jpg 1024w, https:\/\/fifv.cl\/2018\/wp-content\/uploads\/2018\/10\/DialogoSUB-SantiagoEscobar-LTorchio457-300x200.jpg 300w, https:\/\/fifv.cl\/2018\/wp-content\/uploads\/2018\/10\/DialogoSUB-SantiagoEscobar-LTorchio457-768x512.jpg 768w, https:\/\/fifv.cl\/2018\/wp-content\/uploads\/2018\/10\/DialogoSUB-SantiagoEscobar-LTorchio457-750x500.jpg 750w, https:\/\/fifv.cl\/2018\/wp-content\/uploads\/2018\/10\/DialogoSUB-SantiagoEscobar-LTorchio457.jpg 1500w\" sizes=\"(max-width: 640px) 100vw, 640px\" \/>\t\t\t\t\t\t\t\t\t\t\t\t\t\t\t<\/div>\n\t\t\t\t<\/div>\n\t\t\t\t<div class=\"elementor-element elementor-element-0019f3c elementor-widget elementor-widget-text-editor\" data-id=\"0019f3c\" data-element_type=\"widget\" data-e-type=\"widget\" data-widget_type=\"text-editor.default\">\n\t\t\t\t<div class=\"elementor-widget-container\">\n\t\t\t\t\t\t\t\t\t<p>Cada a\u00f1o, el Festival Internacional de Fotograf\u00eda de Valpara\u00edso invita a distintas personalidades del \u00e1mbito de la fotograf\u00eda, fot\u00f3grafas y fot\u00f3grafos, curadores, investigadores, colectivos, editores a conversar con el p\u00fablico presente sobre diversos temas relacionados la fotograf\u00eda.<\/p><p>Esta iniciativa se propone como una instancia de encuentro en torno a la fotograf\u00eda\u00a0actual, en modalidad de entrevistas, conversatorios, mesas redondas, djbooks.<\/p><p><strong>Todos los Di\u00e1logos Fotogr\u00e1ficos se realizar\u00e1n en El Internado\u00a0<\/strong>(pasaje Dimalow 167, Cerro Alegre), de 18:00 a 21:30 horas.<\/p>\t\t\t\t\t\t\t\t<\/div>\n\t\t\t\t<\/div>\n\t\t\t\t<div class=\"elementor-element elementor-element-aa00cd0 elementor-widget elementor-widget-accordion\" data-id=\"aa00cd0\" data-element_type=\"widget\" data-e-type=\"widget\" data-widget_type=\"accordion.default\">\n\t\t\t\t<div class=\"elementor-widget-container\">\n\t\t\t\t\t\t\t<div class=\"elementor-accordion\">\n\t\t\t\t\t\t\t<div class=\"elementor-accordion-item\">\n\t\t\t\t\t<div id=\"elementor-tab-title-1781\" class=\"elementor-tab-title\" data-tab=\"1\" role=\"button\" aria-controls=\"elementor-tab-content-1781\" aria-expanded=\"false\">\n\t\t\t\t\t\t\t\t\t\t\t\t\t<span class=\"elementor-accordion-icon elementor-accordion-icon-left\" aria-hidden=\"true\">\n\t\t\t\t\t\t\t\t\t\t\t\t\t\t\t<i class=\"elementor-accordion-icon-closed \"><\/i>\n\t\t\t\t\t\t\t\t<i class=\"elementor-accordion-icon-opened \"><\/i>\n\t\t\t\t\t\t\t\t\t\t\t\t\t\t<\/span>\n\t\t\t\t\t\t\t\t\t\t\t\t<a class=\"elementor-accordion-title\" tabindex=\"0\">Domingo 28<\/a>\n\t\t\t\t\t<\/div>\n\t\t\t\t\t<div id=\"elementor-tab-content-1781\" class=\"elementor-tab-content elementor-clearfix\" data-tab=\"1\" role=\"region\" aria-labelledby=\"elementor-tab-title-1781\"><p><span style=\"font-weight: 400;\">18:00<\/span><span style=\"font-weight: 400;\"><br \/><\/span><span style=\"font-weight: 400;\">El Internado<\/span><span style=\"font-weight: 400;\"><br \/><\/span><span style=\"font-weight: 400;\">Inauguraci\u00f3n Di\u00e1logos Fotogr\u00e1ficos<\/span><span style=\"font-weight: 400;\"><br \/><\/span><span style=\"font-weight: 400;\"><br \/><\/span><span style=\"font-weight: 400;\">\u00bfEl tiempo es una ilusi\u00f3n? conversaci\u00f3n con Andr\u00e9s Gomberoff, Director de F\u00edsica, Facultad de Ingenier\u00eda y Ciencias en Universidad Adolfo Ib\u00e1\u00f1ez, columnista y escritor e investigador del Centro de Estudios Cient\u00edficos. \u00a0Catalina Mena, cr\u00edtica de arte y Rodrigo G\u00f3mez Rovira, director art\u00edstico del FIFV.<\/span><span style=\"font-weight: 400;\"><br \/><\/span><span style=\"font-weight: 400;\"><br \/><\/span><span style=\"font-weight: 400;\">Mesa redonda con los autores de la exposici\u00f3n central, residencias 2018: <\/span><span style=\"font-weight: 400;\"><br \/><\/span><span style=\"font-weight: 400;\">\u00bfEl tiempo es una Ilusi\u00f3n?<\/span><span style=\"font-weight: 400;\"><br \/><\/span><span style=\"font-weight: 400;\">Presentan: Manu Castillo \/ Sergio Dom\u00ednguez \/ Paula L\u00f3pez Droguett \/ Julia Toro \/ Mauricio Valenzuela<\/span><\/p><\/div>\n\t\t\t\t<\/div>\n\t\t\t\t\t\t\t<div class=\"elementor-accordion-item\">\n\t\t\t\t\t<div id=\"elementor-tab-title-1782\" class=\"elementor-tab-title\" data-tab=\"2\" role=\"button\" aria-controls=\"elementor-tab-content-1782\" aria-expanded=\"false\">\n\t\t\t\t\t\t\t\t\t\t\t\t\t<span class=\"elementor-accordion-icon elementor-accordion-icon-left\" aria-hidden=\"true\">\n\t\t\t\t\t\t\t\t\t\t\t\t\t\t\t<i class=\"elementor-accordion-icon-closed \"><\/i>\n\t\t\t\t\t\t\t\t<i class=\"elementor-accordion-icon-opened \"><\/i>\n\t\t\t\t\t\t\t\t\t\t\t\t\t\t<\/span>\n\t\t\t\t\t\t\t\t\t\t\t\t<a class=\"elementor-accordion-title\" tabindex=\"0\">Lunes 29<\/a>\n\t\t\t\t\t<\/div>\n\t\t\t\t\t<div id=\"elementor-tab-content-1782\" class=\"elementor-tab-content elementor-clearfix\" data-tab=\"2\" role=\"region\" aria-labelledby=\"elementor-tab-title-1782\"><p><span style=\"font-weight: 400;\">18:00 a 21:30 H.<\/span><span style=\"font-weight: 400;\"><br \/><\/span><span style=\"font-weight: 400;\">El Internado<\/span><span style=\"font-weight: 400;\"><br \/><\/span><span style=\"font-weight: 400;\">Di\u00e1logos Fotogr\u00e1ficos<\/span><span style=\"font-weight: 400;\"><br \/><\/span><span style=\"font-weight: 400;\">Dagmara Wyskiel, (Polonia) doctor en artes visuales radicada en el norte de Chile, compartir\u00e1 su presentaci\u00f3n entre dos trabajos perform\u00e1ticos y objetuales propios dedicados al fen\u00f3meno del tiempo y SACO, Festival Internacional de Arte Contempor\u00e1neo, con sus siete ediciones realizadas en la regi\u00f3n de Antofagasta.<\/span><span style=\"font-weight: 400;\"><br \/><\/span><span style=\"font-weight: 400;\"><br \/><\/span><span style=\"font-weight: 400;\">Colectivo fotogr\u00e1fico FIRC de la regi\u00f3n de Coquimbo. Presentan La Flota realizado en conjunto con Editorial La Visita. La Flota, es un proyecto de nueve fotofanzines de autores de la regi\u00f3n de Coquimbo.<\/span><span style=\"font-weight: 400;\"><br \/><\/span><span style=\"font-weight: 400;\"><br \/><\/span><span style=\"font-weight: 400;\">Editorial y colectivo Arique\u00f1o &#8220;Challa Ediciones&#8221; presentar\u00e1 el Encuentro Internacional de Fotograf\u00eda Ind\u00edgena &#8220;AYNI&#8221;, espacio de creatividad visual, referente de la reflexi\u00f3n y di\u00e1logo sobre la producci\u00f3n fotogr\u00e1fica ind\u00edgena local, nacional e internacional.<\/span><span style=\"font-weight: 400;\"><br \/><\/span><span style=\"font-weight: 400;\"><br \/><\/span><span style=\"font-weight: 400;\">Ros Boisier (Temuco), Co-directora de Muga, un sello editorial independiente que publica fotolibros, libros y revistas de teor\u00eda de la fotograf\u00eda.<\/span><span style=\"font-weight: 400;\"><br \/><\/span><span style=\"font-weight: 400;\">Realizar\u00e1 una videoconferencia donde contar\u00e1 sobre su proyecto Fotolibros: narrar con fotograf\u00edas.<\/span><span style=\"font-weight: 400;\"><br \/><\/span><span style=\"font-weight: 400;\"><br \/><\/span><span style=\"font-weight: 400;\">DJ Book \u00a0con Justin Graham,(Francia \/ EEUU)<\/span><span style=\"font-weight: 400;\"><br \/><\/span><span style=\"font-weight: 400;\">Fundadora y directora del laboratorio creativo YAPO Project y profesora asociada de fotograf\u00eda en la Escuela de Dise\u00f1o de la Universidad Cat\u00f3lica de Chile. Presentar\u00e1 una selecci\u00f3n de sus publicaciones.<\/span><span style=\"font-weight: 400;\"><br \/><\/span><\/p><\/div>\n\t\t\t\t<\/div>\n\t\t\t\t\t\t\t<div class=\"elementor-accordion-item\">\n\t\t\t\t\t<div id=\"elementor-tab-title-1783\" class=\"elementor-tab-title\" data-tab=\"3\" role=\"button\" aria-controls=\"elementor-tab-content-1783\" aria-expanded=\"false\">\n\t\t\t\t\t\t\t\t\t\t\t\t\t<span class=\"elementor-accordion-icon elementor-accordion-icon-left\" aria-hidden=\"true\">\n\t\t\t\t\t\t\t\t\t\t\t\t\t\t\t<i class=\"elementor-accordion-icon-closed \"><\/i>\n\t\t\t\t\t\t\t\t<i class=\"elementor-accordion-icon-opened \"><\/i>\n\t\t\t\t\t\t\t\t\t\t\t\t\t\t<\/span>\n\t\t\t\t\t\t\t\t\t\t\t\t<a class=\"elementor-accordion-title\" tabindex=\"0\">Martes 30<\/a>\n\t\t\t\t\t<\/div>\n\t\t\t\t\t<div id=\"elementor-tab-content-1783\" class=\"elementor-tab-content elementor-clearfix\" data-tab=\"3\" role=\"region\" aria-labelledby=\"elementor-tab-title-1783\"><p><span style=\"font-weight: 400;\">18:00 a 21:30 H.<\/span><span style=\"font-weight: 400;\"><br \/><\/span><span style=\"font-weight: 400;\">El Internado<\/span><span style=\"font-weight: 400;\"><br \/><\/span><span style=\"font-weight: 400;\">Di\u00e1logos Fotogr\u00e1ficos<\/span><span style=\"font-weight: 400;\"><br \/><\/span><span style=\"font-weight: 400;\">Guillermo Franco, (Argentina) fot\u00f3grafo. Realizar\u00e1 una video presentaci\u00f3n de sus obras.<\/span><span style=\"font-weight: 400;\"><br \/><\/span><\/p><p><span style=\"font-weight: 400;\">Clara Salina, (Italia) fot\u00f3grafa y artista visual residente en Chile desde el 2006, presentar\u00e1 Genesis, mirada y desarrollo de su proyecto Cielos y anunciar\u00e1 su nuevo trabajo en realizaci\u00f3n sobre Valpara\u00edso.<\/span><\/p><p><span style=\"font-weight: 400;\">Catalina de la Cruz,(Santiago) Fot\u00f3grafa y Mag\u00edster en Arte de la Universidad de Chile, conversara sobre fotograf\u00eda qu\u00edmica y mostrar\u00e1 parte de su proceso de trabajo en esta \u00e1rea, a trav\u00e9s de fotograf\u00edas y su \u00faltimo Libro FotoQu\u00edmico.<\/span><\/p><p><span style=\"font-weight: 400;\">Presentaci\u00f3n libro Oscurana , libro de Antoine d\u2019Agata, es un proyecto editorial colaborativo editado por 6 editoriales sobre un mismo cuerpo de obra. Se realiza simult\u00e1neamente en M\u00e9xico, Per\u00fa, Argentina, Chile, Brasil, Grecia y Francia. <\/span><\/p><\/div>\n\t\t\t\t<\/div>\n\t\t\t\t\t\t\t<div class=\"elementor-accordion-item\">\n\t\t\t\t\t<div id=\"elementor-tab-title-1784\" class=\"elementor-tab-title\" data-tab=\"4\" role=\"button\" aria-controls=\"elementor-tab-content-1784\" aria-expanded=\"false\">\n\t\t\t\t\t\t\t\t\t\t\t\t\t<span class=\"elementor-accordion-icon elementor-accordion-icon-left\" aria-hidden=\"true\">\n\t\t\t\t\t\t\t\t\t\t\t\t\t\t\t<i class=\"elementor-accordion-icon-closed \"><\/i>\n\t\t\t\t\t\t\t\t<i class=\"elementor-accordion-icon-opened \"><\/i>\n\t\t\t\t\t\t\t\t\t\t\t\t\t\t<\/span>\n\t\t\t\t\t\t\t\t\t\t\t\t<a class=\"elementor-accordion-title\" tabindex=\"0\">Mi\u00e9rcoles 31<\/a>\n\t\t\t\t\t<\/div>\n\t\t\t\t\t<div id=\"elementor-tab-content-1784\" class=\"elementor-tab-content elementor-clearfix\" data-tab=\"4\" role=\"region\" aria-labelledby=\"elementor-tab-title-1784\"><p><span style=\"font-weight: 400;\">18:00 a 21:30 H.<\/span><\/p><p><span style=\"font-weight: 400;\">El Internado<\/span><\/p><p><span style=\"font-weight: 400;\">Di\u00e1logos Fotogr\u00e1ficos<\/span><\/p><p><span style=\"font-weight: 400;\">Romina Resuche (Argentina), curadora, presentar\u00e1 Wabi Sabi, su proyecto de residencias en el Delta de Tigre, Buenos Aires.<\/span><\/p><p><span style=\"font-weight: 400;\">DJ Book con An\u00edbal Mangoni (Argentina) Director de CEF Cordoba, qui\u00e9n mostrar\u00e1 una selecci\u00f3n de libros escogidos de la Biblioteca FIFV.<\/span><\/p><p><span style=\"font-weight: 400;\">Conversaci\u00f3n con Fernanda Larra\u00edn (Santiago) e Isabel Fern\u00e1ndez (Santiago), sobre su experiencia en fotograf\u00eda qu\u00edmica y su pr\u00f3ximo proyecto de Taller Fugaz.<\/span><\/p><p><span style=\"font-weight: 400;\">Gilles Favier (Francia), fot\u00f3grafo franc\u00e9s, director del Festival ImageSinguli\u00e8res SETE, mostrar\u00e1 el archivo del diario France Soir y un film in\u00e9dito sobre Mayo 68 en Francia.<\/span><\/p><\/div>\n\t\t\t\t<\/div>\n\t\t\t\t\t\t\t<div class=\"elementor-accordion-item\">\n\t\t\t\t\t<div id=\"elementor-tab-title-1785\" class=\"elementor-tab-title\" data-tab=\"5\" role=\"button\" aria-controls=\"elementor-tab-content-1785\" aria-expanded=\"false\">\n\t\t\t\t\t\t\t\t\t\t\t\t\t<span class=\"elementor-accordion-icon elementor-accordion-icon-left\" aria-hidden=\"true\">\n\t\t\t\t\t\t\t\t\t\t\t\t\t\t\t<i class=\"elementor-accordion-icon-closed \"><\/i>\n\t\t\t\t\t\t\t\t<i class=\"elementor-accordion-icon-opened \"><\/i>\n\t\t\t\t\t\t\t\t\t\t\t\t\t\t<\/span>\n\t\t\t\t\t\t\t\t\t\t\t\t<a class=\"elementor-accordion-title\" tabindex=\"0\">Jueves 01<\/a>\n\t\t\t\t\t<\/div>\n\t\t\t\t\t<div id=\"elementor-tab-content-1785\" class=\"elementor-tab-content elementor-clearfix\" data-tab=\"5\" role=\"region\" aria-labelledby=\"elementor-tab-title-1785\"><p><span style=\"font-weight: 400;\">16:30 a 20:00 H.<\/span><\/p><p><span style=\"font-weight: 400;\">El Internado<\/span><\/p><p><span style=\"font-weight: 400;\">Colectivo Migrar Photo \/ Plataforma de fotograf\u00eda documental, presentan libro \u201cAlturas Tomadas\u201d y ediciones Migrar Photo.<\/span><span style=\"font-weight: 400;\"><br \/><br \/><\/span><\/p><p><span style=\"font-weight: 400;\">Presentaci\u00f3n del colectivo Rect\u00e1ngulo, compuesto por el fot\u00f3grafo y realizador Richard Salgado (Santiago) y por el realizador Miguel Luna (Santiago), que mostrar\u00e1 su webdoc Rect\u00e1ngulo en el Ojo y su serie de cortometrajes multimedia sobre fot\u00f3grafos y fot\u00f3grafas nacionales.<\/span><\/p><p>\u00a0<\/p><p><span style=\"font-weight: 400;\">DJ Book con Mat\u00edas Recart (Santiago), fot\u00f3grafo muestra trabajo in\u00e9dito sobre Valpara\u00edso.<\/span><\/p><p><span style=\"font-weight: 400;\">Conversaci\u00f3n con Laura Henno (Francia), fot\u00f3grafa y realizadora audiovisual. Su trabajo fotogr\u00e1fico y f\u00edlmico se enfoca principalmente en el tema de la migraci\u00f3n clandestina. <\/span><\/p><\/div>\n\t\t\t\t<\/div>\n\t\t\t\t\t\t\t<div class=\"elementor-accordion-item\">\n\t\t\t\t\t<div id=\"elementor-tab-title-1786\" class=\"elementor-tab-title\" data-tab=\"6\" role=\"button\" aria-controls=\"elementor-tab-content-1786\" aria-expanded=\"false\">\n\t\t\t\t\t\t\t\t\t\t\t\t\t<span class=\"elementor-accordion-icon elementor-accordion-icon-left\" aria-hidden=\"true\">\n\t\t\t\t\t\t\t\t\t\t\t\t\t\t\t<i class=\"elementor-accordion-icon-closed \"><\/i>\n\t\t\t\t\t\t\t\t<i class=\"elementor-accordion-icon-opened \"><\/i>\n\t\t\t\t\t\t\t\t\t\t\t\t\t\t<\/span>\n\t\t\t\t\t\t\t\t\t\t\t\t<a class=\"elementor-accordion-title\" tabindex=\"0\">Viernes 02<\/a>\n\t\t\t\t\t<\/div>\n\t\t\t\t\t<div id=\"elementor-tab-content-1786\" class=\"elementor-tab-content elementor-clearfix\" data-tab=\"6\" role=\"region\" aria-labelledby=\"elementor-tab-title-1786\"><p><span style=\"font-weight: 400;\">16:30 a 20:00 H.<\/span><span style=\"font-weight: 400;\"><br \/><\/span><span style=\"font-weight: 400;\">El Internado<\/span><span style=\"font-weight: 400;\"><br \/><\/span><span style=\"font-weight: 400;\"><br \/><\/span><span style=\"font-weight: 400;\">Celeste Rojas (Santiago) (Ganadora Premio Rodrigo Rojas de Negri 2017) presentar\u00e1 su proceso de obra 2018.<\/span><span style=\"font-weight: 400;\"><br \/><\/span><span style=\"font-weight: 400;\"><br \/><\/span><span style=\"font-weight: 400;\">Teo Chambi (Per\u00fa) y Samuel Salgado (Santiago) (CENFOFO) presentar\u00e1n la exposici\u00f3n Mart\u00edn Chambi: \u201cTiempo libre en Chile: 1936\u201d.<\/span><span style=\"font-weight: 400;\"><br \/><\/span><\/p><p><span style=\"font-weight: 400;\">Conversaci\u00f3n con M\u00f3nica Allende (Espa\u00f1a), curadora independiente, productora creativa, consultora y educadora. Es la Directora Art\u00edstica de GetxoPhoto Photo Festival y colabora con WeTransfer. <\/span><span style=\"font-weight: 400;\"><br \/><\/span><span style=\"font-weight: 400;\"><br \/><\/span><span style=\"font-weight: 400;\">Conversaci\u00f3n con Arno Brignon (Francia) sobre su trabajo que se enfoca principalmente en la fotograf\u00eda documental, buscando retratar los m\u00e1rgenes de la realidad.<\/span><\/p><\/div>\n\t\t\t\t<\/div>\n\t\t\t\t\t\t\t\t<\/div>\n\t\t\t\t\t\t<\/div>\n\t\t\t\t<\/div>\n\t\t\t\t\t<\/div>\n\t\t<\/div>\n\t\t\t\t\t<\/div>\n\t\t<\/section>\n\t\t\t\t<section class=\"elementor-section elementor-top-section elementor-element elementor-element-60835a0c elementor-section-boxed elementor-section-height-default elementor-section-height-default\" data-id=\"60835a0c\" data-element_type=\"section\" data-e-type=\"section\" data-settings=\"{&quot;background_background&quot;:&quot;classic&quot;}\">\n\t\t\t\t\t\t<div class=\"elementor-container elementor-column-gap-default\">\n\t\t\t\t\t<div class=\"elementor-column elementor-col-33 elementor-top-column elementor-element elementor-element-3a19bc3a\" data-id=\"3a19bc3a\" data-element_type=\"column\" data-e-type=\"column\">\n\t\t\t<div class=\"elementor-widget-wrap elementor-element-populated\">\n\t\t\t\t\t\t<div class=\"elementor-element elementor-element-780cff20 elementor-widget-divider--view-line elementor-widget elementor-widget-divider\" data-id=\"780cff20\" data-element_type=\"widget\" data-e-type=\"widget\" data-widget_type=\"divider.default\">\n\t\t\t\t<div class=\"elementor-widget-container\">\n\t\t\t\t\t\t\t<div class=\"elementor-divider\">\n\t\t\t<span class=\"elementor-divider-separator\">\n\t\t\t\t\t\t<\/span>\n\t\t<\/div>\n\t\t\t\t\t\t<\/div>\n\t\t\t\t<\/div>\n\t\t\t\t\t<\/div>\n\t\t<\/div>\n\t\t\t\t<div class=\"elementor-column elementor-col-33 elementor-top-column elementor-element elementor-element-4e6efc13\" data-id=\"4e6efc13\" data-element_type=\"column\" data-e-type=\"column\">\n\t\t\t<div class=\"elementor-widget-wrap elementor-element-populated\">\n\t\t\t\t\t\t<div class=\"elementor-element elementor-element-6b481f0 equipo-tituloGrupo elementor-widget elementor-widget-heading\" data-id=\"6b481f0\" data-element_type=\"widget\" data-e-type=\"widget\" data-widget_type=\"heading.default\">\n\t\t\t\t<div class=\"elementor-widget-container\">\n\t\t\t\t\t<h2 class=\"elementor-heading-title elementor-size-default\">VERSIONES ANTERIORES<\/h2>\t\t\t\t<\/div>\n\t\t\t\t<\/div>\n\t\t\t\t\t<\/div>\n\t\t<\/div>\n\t\t\t\t<div class=\"elementor-column elementor-col-33 elementor-top-column elementor-element elementor-element-6895613b\" data-id=\"6895613b\" data-element_type=\"column\" data-e-type=\"column\">\n\t\t\t<div class=\"elementor-widget-wrap elementor-element-populated\">\n\t\t\t\t\t\t<div class=\"elementor-element elementor-element-79122a14 elementor-widget-divider--view-line elementor-widget elementor-widget-divider\" data-id=\"79122a14\" data-element_type=\"widget\" data-e-type=\"widget\" data-widget_type=\"divider.default\">\n\t\t\t\t<div class=\"elementor-widget-container\">\n\t\t\t\t\t\t\t<div class=\"elementor-divider\">\n\t\t\t<span class=\"elementor-divider-separator\">\n\t\t\t\t\t\t<\/span>\n\t\t<\/div>\n\t\t\t\t\t\t<\/div>\n\t\t\t\t<\/div>\n\t\t\t\t\t<\/div>\n\t\t<\/div>\n\t\t\t\t\t<\/div>\n\t\t<\/section>\n\t\t\t\t<section class=\"elementor-section elementor-top-section elementor-element elementor-element-76791f7a elementor-section-boxed elementor-section-height-default elementor-section-height-default\" data-id=\"76791f7a\" data-element_type=\"section\" data-e-type=\"section\" data-settings=\"{&quot;background_background&quot;:&quot;classic&quot;}\">\n\t\t\t\t\t\t<div class=\"elementor-container elementor-column-gap-default\">\n\t\t\t\t\t<div class=\"elementor-column elementor-col-12 elementor-top-column elementor-element elementor-element-20dafc79\" data-id=\"20dafc79\" data-element_type=\"column\" data-e-type=\"column\">\n\t\t\t<div class=\"elementor-widget-wrap elementor-element-populated\">\n\t\t\t\t\t\t<div class=\"elementor-element elementor-element-5b81e28a elementor-widget elementor-widget-heading\" data-id=\"5b81e28a\" data-element_type=\"widget\" data-e-type=\"widget\" data-widget_type=\"heading.default\">\n\t\t\t\t<div class=\"elementor-widget-container\">\n\t\t\t\t\t<h2 class=\"elementor-heading-title elementor-size-default\"><a href=\"http:\/\/www.fifv.cl\/2010\">2010<\/a><\/h2>\t\t\t\t<\/div>\n\t\t\t\t<\/div>\n\t\t\t\t\t<\/div>\n\t\t<\/div>\n\t\t\t\t<div class=\"elementor-column elementor-col-12 elementor-top-column elementor-element elementor-element-4d34ea3f\" data-id=\"4d34ea3f\" data-element_type=\"column\" data-e-type=\"column\">\n\t\t\t<div class=\"elementor-widget-wrap elementor-element-populated\">\n\t\t\t\t\t\t<div class=\"elementor-element elementor-element-7d8cca3b elementor-widget elementor-widget-heading\" data-id=\"7d8cca3b\" data-element_type=\"widget\" data-e-type=\"widget\" data-widget_type=\"heading.default\">\n\t\t\t\t<div class=\"elementor-widget-container\">\n\t\t\t\t\t<h2 class=\"elementor-heading-title elementor-size-default\"><a href=\"http:\/\/www.fifv.cl\/2011\">2011<\/a><\/h2>\t\t\t\t<\/div>\n\t\t\t\t<\/div>\n\t\t\t\t\t<\/div>\n\t\t<\/div>\n\t\t\t\t<div class=\"elementor-column elementor-col-12 elementor-top-column elementor-element elementor-element-18041b47\" data-id=\"18041b47\" data-element_type=\"column\" data-e-type=\"column\">\n\t\t\t<div class=\"elementor-widget-wrap elementor-element-populated\">\n\t\t\t\t\t\t<div class=\"elementor-element elementor-element-4c35155e elementor-widget elementor-widget-heading\" data-id=\"4c35155e\" data-element_type=\"widget\" data-e-type=\"widget\" data-widget_type=\"heading.default\">\n\t\t\t\t<div class=\"elementor-widget-container\">\n\t\t\t\t\t<h2 class=\"elementor-heading-title elementor-size-default\"><a href=\"http:\/\/www.fifv.cl\/2012\">2012<\/a><\/h2>\t\t\t\t<\/div>\n\t\t\t\t<\/div>\n\t\t\t\t\t<\/div>\n\t\t<\/div>\n\t\t\t\t<div class=\"elementor-column elementor-col-12 elementor-top-column elementor-element elementor-element-41a97762\" data-id=\"41a97762\" data-element_type=\"column\" data-e-type=\"column\">\n\t\t\t<div class=\"elementor-widget-wrap elementor-element-populated\">\n\t\t\t\t\t\t<div class=\"elementor-element elementor-element-2f6deec elementor-widget elementor-widget-heading\" data-id=\"2f6deec\" data-element_type=\"widget\" data-e-type=\"widget\" data-widget_type=\"heading.default\">\n\t\t\t\t<div class=\"elementor-widget-container\">\n\t\t\t\t\t<h2 class=\"elementor-heading-title elementor-size-default\"><a href=\"http:\/\/www.fifv.cl\/2013\">2013<\/a><\/h2>\t\t\t\t<\/div>\n\t\t\t\t<\/div>\n\t\t\t\t\t<\/div>\n\t\t<\/div>\n\t\t\t\t<div class=\"elementor-column elementor-col-12 elementor-top-column elementor-element elementor-element-2b8b5b22\" data-id=\"2b8b5b22\" data-element_type=\"column\" data-e-type=\"column\">\n\t\t\t<div class=\"elementor-widget-wrap elementor-element-populated\">\n\t\t\t\t\t\t<div class=\"elementor-element elementor-element-29b03d9c elementor-widget elementor-widget-heading\" data-id=\"29b03d9c\" data-element_type=\"widget\" data-e-type=\"widget\" data-widget_type=\"heading.default\">\n\t\t\t\t<div class=\"elementor-widget-container\">\n\t\t\t\t\t<h2 class=\"elementor-heading-title elementor-size-default\"><a href=\"http:\/\/www.fifv.cl\/2014\">2014<\/a><\/h2>\t\t\t\t<\/div>\n\t\t\t\t<\/div>\n\t\t\t\t\t<\/div>\n\t\t<\/div>\n\t\t\t\t<div class=\"elementor-column elementor-col-12 elementor-top-column elementor-element elementor-element-3e84bee1\" data-id=\"3e84bee1\" data-element_type=\"column\" data-e-type=\"column\">\n\t\t\t<div class=\"elementor-widget-wrap elementor-element-populated\">\n\t\t\t\t\t\t<div class=\"elementor-element elementor-element-4df6064f elementor-widget elementor-widget-heading\" data-id=\"4df6064f\" data-element_type=\"widget\" data-e-type=\"widget\" data-widget_type=\"heading.default\">\n\t\t\t\t<div class=\"elementor-widget-container\">\n\t\t\t\t\t<h2 class=\"elementor-heading-title elementor-size-default\"><a href=\"http:\/\/www.fifv.cl\/2015\">2015<\/a><\/h2>\t\t\t\t<\/div>\n\t\t\t\t<\/div>\n\t\t\t\t\t<\/div>\n\t\t<\/div>\n\t\t\t\t<div class=\"elementor-column elementor-col-12 elementor-top-column elementor-element elementor-element-26b27531\" data-id=\"26b27531\" data-element_type=\"column\" data-e-type=\"column\">\n\t\t\t<div class=\"elementor-widget-wrap elementor-element-populated\">\n\t\t\t\t\t\t<div class=\"elementor-element elementor-element-4e8f355c elementor-widget elementor-widget-heading\" data-id=\"4e8f355c\" data-element_type=\"widget\" data-e-type=\"widget\" data-widget_type=\"heading.default\">\n\t\t\t\t<div class=\"elementor-widget-container\">\n\t\t\t\t\t<h2 class=\"elementor-heading-title elementor-size-default\"><a href=\"http:\/\/www.fifv.cl\/2016\">2016<\/a><\/h2>\t\t\t\t<\/div>\n\t\t\t\t<\/div>\n\t\t\t\t\t<\/div>\n\t\t<\/div>\n\t\t\t\t<div class=\"elementor-column elementor-col-12 elementor-top-column elementor-element elementor-element-53df7a87\" data-id=\"53df7a87\" data-element_type=\"column\" data-e-type=\"column\">\n\t\t\t<div class=\"elementor-widget-wrap elementor-element-populated\">\n\t\t\t\t\t\t<div class=\"elementor-element elementor-element-3f714151 elementor-widget elementor-widget-heading\" data-id=\"3f714151\" data-element_type=\"widget\" data-e-type=\"widget\" data-widget_type=\"heading.default\">\n\t\t\t\t<div class=\"elementor-widget-container\">\n\t\t\t\t\t<h2 class=\"elementor-heading-title elementor-size-default\"><a href=\"http:\/\/www.fifv.cl\/2017\">2017<\/a><\/h2>\t\t\t\t<\/div>\n\t\t\t\t<\/div>\n\t\t\t\t\t<\/div>\n\t\t<\/div>\n\t\t\t\t\t<\/div>\n\t\t<\/section>\n\t\t\t\t<section class=\"elementor-section elementor-top-section elementor-element elementor-element-9cad2da elementor-section-boxed elementor-section-height-default elementor-section-height-default\" data-id=\"9cad2da\" data-element_type=\"section\" data-e-type=\"section\" data-settings=\"{&quot;background_background&quot;:&quot;classic&quot;}\">\n\t\t\t\t\t\t<div class=\"elementor-container elementor-column-gap-default\">\n\t\t\t\t\t<div class=\"elementor-column elementor-col-100 elementor-top-column elementor-element elementor-element-c493502\" data-id=\"c493502\" data-element_type=\"column\" data-e-type=\"column\">\n\t\t\t<div class=\"elementor-widget-wrap elementor-element-populated\">\n\t\t\t\t\t\t<div class=\"elementor-element elementor-element-1262224 elementor-widget elementor-widget-image\" data-id=\"1262224\" data-element_type=\"widget\" data-e-type=\"widget\" data-widget_type=\"image.default\">\n\t\t\t\t<div class=\"elementor-widget-container\">\n\t\t\t\t\t\t\t\t\t\t\t\t\t\t\t<img decoding=\"async\" width=\"1221\" height=\"163\" src=\"https:\/\/fifv.cl\/2018\/wp-content\/uploads\/2018\/10\/logos-fifv.png\" class=\"attachment-full size-full wp-image-300\" alt=\"\" srcset=\"https:\/\/fifv.cl\/2018\/wp-content\/uploads\/2018\/10\/logos-fifv.png 1221w, https:\/\/fifv.cl\/2018\/wp-content\/uploads\/2018\/10\/logos-fifv-300x40.png 300w, https:\/\/fifv.cl\/2018\/wp-content\/uploads\/2018\/10\/logos-fifv-768x103.png 768w, https:\/\/fifv.cl\/2018\/wp-content\/uploads\/2018\/10\/logos-fifv-1024x137.png 1024w, https:\/\/fifv.cl\/2018\/wp-content\/uploads\/2018\/10\/logos-fifv-750x100.png 750w\" sizes=\"(max-width: 1221px) 100vw, 1221px\" \/>\t\t\t\t\t\t\t\t\t\t\t\t\t\t\t<\/div>\n\t\t\t\t<\/div>\n\t\t\t\t\t<\/div>\n\t\t<\/div>\n\t\t\t\t\t<\/div>\n\t\t<\/section>\n\t\t\t\t<\/div>\n\t\t","protected":false},"excerpt":{"rendered":"<p>Smart Slider with ID: 1 Di\u00e1logos fotogr\u00e1ficos Cada a\u00f1o, el Festival Internacional de Fotograf\u00eda de Valpara\u00edso invita a distintas personalidades del \u00e1mbito de la fotograf\u00eda, fot\u00f3grafas y fot\u00f3grafos, curadores, investigadores, [&hellip;]<\/p>\n","protected":false},"author":1,"featured_media":120,"parent":0,"menu_order":0,"comment_status":"closed","ping_status":"closed","template":"elementor_header_footer","meta":{"footnotes":""},"class_list":["post-136","page","type-page","status-publish","has-post-thumbnail","hentry"],"_links":{"self":[{"href":"https:\/\/fifv.cl\/2018\/wp-json\/wp\/v2\/pages\/136","targetHints":{"allow":["GET"]}}],"collection":[{"href":"https:\/\/fifv.cl\/2018\/wp-json\/wp\/v2\/pages"}],"about":[{"href":"https:\/\/fifv.cl\/2018\/wp-json\/wp\/v2\/types\/page"}],"author":[{"embeddable":true,"href":"https:\/\/fifv.cl\/2018\/wp-json\/wp\/v2\/users\/1"}],"replies":[{"embeddable":true,"href":"https:\/\/fifv.cl\/2018\/wp-json\/wp\/v2\/comments?post=136"}],"version-history":[{"count":13,"href":"https:\/\/fifv.cl\/2018\/wp-json\/wp\/v2\/pages\/136\/revisions"}],"predecessor-version":[{"id":603,"href":"https:\/\/fifv.cl\/2018\/wp-json\/wp\/v2\/pages\/136\/revisions\/603"}],"wp:featuredmedia":[{"embeddable":true,"href":"https:\/\/fifv.cl\/2018\/wp-json\/wp\/v2\/media\/120"}],"wp:attachment":[{"href":"https:\/\/fifv.cl\/2018\/wp-json\/wp\/v2\/media?parent=136"}],"curies":[{"name":"wp","href":"https:\/\/api.w.org\/{rel}","templated":true}]}}